{"id":3124,"date":"2018-08-23T10:28:28","date_gmt":"2018-08-23T14:28:28","guid":{"rendered":"http:\/\/reinadelcielo.cl\/radio\/?page_id=3124"},"modified":"2019-10-17T12:34:34","modified_gmt":"2019-10-17T16:34:34","slug":"amar-es-una-decision","status":"publish","type":"page","link":"https:\/\/reinadelcielo.cl\/radio\/amar-es-una-decision\/","title":{"rendered":"Amar es una decisi\u00f3n"},"content":{"rendered":"<p><img loading=\"lazy\" decoding=\"async\" class=\"size-medium wp-image-2260 alignleft\" src=\"http:\/\/reinadelcielo.cl\/radio\/wp-content\/uploads\/2018\/04\/EMM-300x157.png\" alt=\"\" width=\"300\" height=\"157\" \/>Amar es una decisi\u00f3n es un programa del Movimiento Internacional Encuentro Matrimonial, se transmite todos los martes a las 21:00 horas por Regina Coeli radio.<\/p>\n<p>&nbsp;<\/p>\n<p>&nbsp;<\/p>\n<p>&nbsp;<\/p>\n<h2 style=\"text-align: center;\">\u00daltima Edici\u00f3n<\/h2>\n<audio class=\"wp-audio-shortcode\" id=\"audio-3124-1\" preload=\"none\" style=\"width: 100%;\" controls=\"controls\"><source type=\"audio\/mpeg\" src=\"http:\/\/reinadelcielo.cl\/radio\/wp-content\/uploads\/2019\/10\/Amar-es-una-decisi\u00f3n-\u2013-Martes-8-octubre-2019.mp3?_=1\" \/><a href=\"http:\/\/reinadelcielo.cl\/radio\/wp-content\/uploads\/2019\/10\/Amar-es-una-decisi\u00f3n-\u2013-Martes-8-octubre-2019.mp3\">http:\/\/reinadelcielo.cl\/radio\/wp-content\/uploads\/2019\/10\/Amar-es-una-decisi\u00f3n-\u2013-Martes-8-octubre-2019.mp3<\/a><\/audio>\n<p><a href=\"http:\/\/reinadelcielo.cl\/radio\/wp-content\/uploads\/2019\/10\/Amar-es-una-decisi\u00f3n-\u2013-Martes-8-octubre-2019.mp3\">Amar es una decisi\u00f3n \u2013 Martes 15 octubre 2019<\/a><\/p>\n<h2>Ediciones Anteriores<\/h2>\n<audio class=\"wp-audio-shortcode\" id=\"audio-3124-2\" preload=\"none\" style=\"width: 100%;\" controls=\"controls\"><source type=\"audio\/mpeg\" src=\"http:\/\/reinadelcielo.cl\/radio\/wp-content\/uploads\/2019\/10\/Amar-es-una-decisi\u00f3n-\u2013-Martes-1-octubre-2019.mp3?_=2\" \/><a href=\"http:\/\/reinadelcielo.cl\/radio\/wp-content\/uploads\/2019\/10\/Amar-es-una-decisi\u00f3n-\u2013-Martes-1-octubre-2019.mp3\">http:\/\/reinadelcielo.cl\/radio\/wp-content\/uploads\/2019\/10\/Amar-es-una-decisi\u00f3n-\u2013-Martes-1-octubre-2019.mp3<\/a><\/audio>\n<p><a href=\"http:\/\/reinadelcielo.cl\/radio\/wp-content\/uploads\/2019\/10\/Amar-es-una-decisi\u00f3n-\u2013-Martes-1-octubre-2019.mp3\">Amar es una decisi\u00f3n \u2013 Martes 1 octubre 2019<\/a><\/p>\n<audio class=\"wp-audio-shortcode\" id=\"audio-3124-3\" preload=\"none\" style=\"width: 100%;\" controls=\"controls\"><source type=\"audio\/mpeg\" src=\"http:\/\/reinadelcielo.cl\/radio\/wp-content\/uploads\/2019\/09\/Amar-es-una-decisi\u00f3n-\u2013-Martes-24-septiembre-2019.mp3?_=3\" \/><a href=\"http:\/\/reinadelcielo.cl\/radio\/wp-content\/uploads\/2019\/09\/Amar-es-una-decisi\u00f3n-\u2013-Martes-24-septiembre-2019.mp3\">http:\/\/reinadelcielo.cl\/radio\/wp-content\/uploads\/2019\/09\/Amar-es-una-decisi\u00f3n-\u2013-Martes-24-septiembre-2019.mp3<\/a><\/audio>\n<p><a href=\"http:\/\/reinadelcielo.cl\/radio\/wp-content\/uploads\/2019\/09\/Amar-es-una-decisi\u00f3n-\u2013-Martes-24-septiembre-2019.mp3\">Amar es una decisi\u00f3n \u2013 Martes 24 septiembre 2019<\/a><\/p>\n<audio class=\"wp-audio-shortcode\" id=\"audio-3124-4\" preload=\"none\" style=\"width: 100%;\" controls=\"controls\"><source type=\"audio\/mpeg\" src=\"http:\/\/reinadelcielo.cl\/radio\/wp-content\/uploads\/2019\/09\/Amar-es-una-decisi\u00f3n-\u2013-Martes-10-septiembre-2019.mp3?_=4\" \/><a href=\"http:\/\/reinadelcielo.cl\/radio\/wp-content\/uploads\/2019\/09\/Amar-es-una-decisi\u00f3n-\u2013-Martes-10-septiembre-2019.mp3\">http:\/\/reinadelcielo.cl\/radio\/wp-content\/uploads\/2019\/09\/Amar-es-una-decisi\u00f3n-\u2013-Martes-10-septiembre-2019.mp3<\/a><\/audio>\n<p><a href=\"http:\/\/reinadelcielo.cl\/radio\/wp-content\/uploads\/2019\/09\/Amar-es-una-decisi\u00f3n-\u2013-Martes-10-septiembre-2019.mp3\">Amar es una decisi\u00f3n \u2013 Martes 10 septiembre 2019<\/a><\/p>\n<audio class=\"wp-audio-shortcode\" id=\"audio-3124-5\" preload=\"none\" style=\"width: 100%;\" controls=\"controls\"><source type=\"audio\/mpeg\" src=\"http:\/\/reinadelcielo.cl\/radio\/wp-content\/uploads\/2019\/09\/Amar-es-una-decisi\u00f3n-\u2013-Martes-3-septiembre-2019.mp3?_=5\" \/><a href=\"http:\/\/reinadelcielo.cl\/radio\/wp-content\/uploads\/2019\/09\/Amar-es-una-decisi\u00f3n-\u2013-Martes-3-septiembre-2019.mp3\">http:\/\/reinadelcielo.cl\/radio\/wp-content\/uploads\/2019\/09\/Amar-es-una-decisi\u00f3n-\u2013-Martes-3-septiembre-2019.mp3<\/a><\/audio>\n<p><a href=\"http:\/\/reinadelcielo.cl\/radio\/wp-content\/uploads\/2019\/09\/Amar-es-una-decisi\u00f3n-\u2013-Martes-3-septiembre-2019.mp3\">Amar es una decisi\u00f3n \u2013 Martes 3 septiembre 2019<\/a><\/p>\n<audio class=\"wp-audio-shortcode\" id=\"audio-3124-6\" preload=\"none\" style=\"width: 100%;\" controls=\"controls\"><source type=\"audio\/mpeg\" src=\"http:\/\/reinadelcielo.cl\/radio\/wp-content\/uploads\/2019\/09\/Amar-es-una-decisi\u00f3n-\u2013-Martes-27-agosto-2019.mp3?_=6\" \/><a href=\"http:\/\/reinadelcielo.cl\/radio\/wp-content\/uploads\/2019\/09\/Amar-es-una-decisi\u00f3n-\u2013-Martes-27-agosto-2019.mp3\">http:\/\/reinadelcielo.cl\/radio\/wp-content\/uploads\/2019\/09\/Amar-es-una-decisi\u00f3n-\u2013-Martes-27-agosto-2019.mp3<\/a><\/audio>\n<p><a href=\"http:\/\/reinadelcielo.cl\/radio\/wp-content\/uploads\/2019\/09\/Amar-es-una-decisi\u00f3n-\u2013-Martes-27-agosto-2019.mp3\">Amar es una decisi\u00f3n \u2013 Martes 27 agosto 2019<\/a><\/p>\n<audio class=\"wp-audio-shortcode\" id=\"audio-3124-7\" preload=\"none\" style=\"width: 100%;\" controls=\"controls\"><source type=\"audio\/mpeg\" src=\"http:\/\/reinadelcielo.cl\/radio\/wp-content\/uploads\/2019\/08\/Amar-es-una-decisi\u00f3n-\u2013-Martes-20-agosto-2019.mp3?_=7\" \/><a href=\"http:\/\/reinadelcielo.cl\/radio\/wp-content\/uploads\/2019\/08\/Amar-es-una-decisi\u00f3n-\u2013-Martes-20-agosto-2019.mp3\">http:\/\/reinadelcielo.cl\/radio\/wp-content\/uploads\/2019\/08\/Amar-es-una-decisi\u00f3n-\u2013-Martes-20-agosto-2019.mp3<\/a><\/audio>\n<p><a href=\"http:\/\/reinadelcielo.cl\/radio\/wp-content\/uploads\/2019\/08\/Amar-es-una-decisi\u00f3n-\u2013-Martes-20-agosto-2019.mp3\">Amar es una decisi\u00f3n \u2013 Martes 20 agosto 2019<\/a><\/p>\n<audio class=\"wp-audio-shortcode\" id=\"audio-3124-8\" preload=\"none\" style=\"width: 100%;\" controls=\"controls\"><source type=\"audio\/mpeg\" src=\"http:\/\/reinadelcielo.cl\/radio\/wp-content\/uploads\/2019\/08\/Amar-es-una-decisi\u00f3n-\u2013-Martes-13-agosto-2019.mp3?_=8\" \/><a href=\"http:\/\/reinadelcielo.cl\/radio\/wp-content\/uploads\/2019\/08\/Amar-es-una-decisi\u00f3n-\u2013-Martes-13-agosto-2019.mp3\">http:\/\/reinadelcielo.cl\/radio\/wp-content\/uploads\/2019\/08\/Amar-es-una-decisi\u00f3n-\u2013-Martes-13-agosto-2019.mp3<\/a><\/audio>\n<p><a href=\"http:\/\/reinadelcielo.cl\/radio\/wp-content\/uploads\/2019\/08\/Amar-es-una-decisi\u00f3n-\u2013-Martes-13-agosto-2019.mp3\">Amar es una decisi\u00f3n \u2013 Martes 13 agosto 2019<\/a><\/p>\n<audio class=\"wp-audio-shortcode\" id=\"audio-3124-9\" preload=\"none\" style=\"width: 100%;\" controls=\"controls\"><source type=\"audio\/mpeg\" src=\"http:\/\/reinadelcielo.cl\/radio\/wp-content\/uploads\/2019\/08\/Amar-es-una-decisi\u00f3n-\u2013-Martes-6-agosto-2019.mp3?_=9\" \/><a href=\"http:\/\/reinadelcielo.cl\/radio\/wp-content\/uploads\/2019\/08\/Amar-es-una-decisi\u00f3n-\u2013-Martes-6-agosto-2019.mp3\">http:\/\/reinadelcielo.cl\/radio\/wp-content\/uploads\/2019\/08\/Amar-es-una-decisi\u00f3n-\u2013-Martes-6-agosto-2019.mp3<\/a><\/audio>\n<p><a href=\"http:\/\/reinadelcielo.cl\/radio\/wp-content\/uploads\/2019\/08\/Amar-es-una-decisi\u00f3n-\u2013-Martes-6-agosto-2019.mp3\">Amar es una decisi\u00f3n \u2013 Martes 6 agosto 2019<\/a><\/p>\n<h2>Programas 2018<\/h2>\n<audio class=\"wp-audio-shortcode\" id=\"audio-3124-10\" preload=\"none\" style=\"width: 100%;\" controls=\"controls\"><source type=\"audio\/mpeg\" src=\"http:\/\/reinadelcielo.cl\/radio\/wp-content\/uploads\/2018\/12\/Amar-es-una-desicion-Miercoles-19-diciembre-2018.mp3?_=10\" \/><a href=\"http:\/\/reinadelcielo.cl\/radio\/wp-content\/uploads\/2018\/12\/Amar-es-una-desicion-Miercoles-19-diciembre-2018.mp3\">http:\/\/reinadelcielo.cl\/radio\/wp-content\/uploads\/2018\/12\/Amar-es-una-desicion-Miercoles-19-diciembre-2018.mp3<\/a><\/audio>\n<p><a href=\"http:\/\/reinadelcielo.cl\/radio\/wp-content\/uploads\/2018\/12\/Amar-es-una-desicion-Miercoles-19-diciembre-2018.mp3\">Amar es una decisi\u00f3n &#8211; Mi\u00e9rcoles 19 diciembre 2018<\/a><\/p>\n<audio class=\"wp-audio-shortcode\" id=\"audio-3124-11\" preload=\"none\" style=\"width: 100%;\" controls=\"controls\"><source type=\"audio\/mpeg\" src=\"http:\/\/reinadelcielo.cl\/radio\/wp-content\/uploads\/2018\/12\/Amar-es-una-desicion-Miercoles-12-diciembre-2018.mp3?_=11\" \/><a href=\"http:\/\/reinadelcielo.cl\/radio\/wp-content\/uploads\/2018\/12\/Amar-es-una-desicion-Miercoles-12-diciembre-2018.mp3\">http:\/\/reinadelcielo.cl\/radio\/wp-content\/uploads\/2018\/12\/Amar-es-una-desicion-Miercoles-12-diciembre-2018.mp3<\/a><\/audio>\n<p><a href=\"http:\/\/reinadelcielo.cl\/radio\/wp-content\/uploads\/2018\/12\/Amar-es-una-desicion-Miercoles-12-diciembre-2018.mp3\">Amar es una decisi\u00f3n &#8211; Mi\u00e9rcoles 12 diciembre 2018<\/a><\/p>\n<audio class=\"wp-audio-shortcode\" id=\"audio-3124-12\" preload=\"none\" style=\"width: 100%;\" controls=\"controls\"><source type=\"audio\/mpeg\" src=\"http:\/\/reinadelcielo.cl\/radio\/wp-content\/uploads\/2018\/12\/Amar-es-una-desicion-Miercoles-5-diciembre-2018.mp3?_=12\" \/><a href=\"http:\/\/reinadelcielo.cl\/radio\/wp-content\/uploads\/2018\/12\/Amar-es-una-desicion-Miercoles-5-diciembre-2018.mp3\">http:\/\/reinadelcielo.cl\/radio\/wp-content\/uploads\/2018\/12\/Amar-es-una-desicion-Miercoles-5-diciembre-2018.mp3<\/a><\/audio>\n<p><a href=\"http:\/\/reinadelcielo.cl\/radio\/wp-content\/uploads\/2018\/12\/Amar-es-una-desicion-Miercoles-5-diciembre-2018.mp3\">Amar es una decisi\u00f3n &#8211; Mi\u00e9rcoles 5 diciembre 2018<\/a><\/p>\n<audio class=\"wp-audio-shortcode\" id=\"audio-3124-13\" preload=\"none\" style=\"width: 100%;\" controls=\"controls\"><source type=\"audio\/mpeg\" src=\"http:\/\/reinadelcielo.cl\/radio\/wp-content\/uploads\/2018\/11\/Amar-es-una-desicion-Miercoles-14-noviembre-2018.mp3?_=13\" \/><a href=\"http:\/\/reinadelcielo.cl\/radio\/wp-content\/uploads\/2018\/11\/Amar-es-una-desicion-Miercoles-14-noviembre-2018.mp3\">http:\/\/reinadelcielo.cl\/radio\/wp-content\/uploads\/2018\/11\/Amar-es-una-desicion-Miercoles-14-noviembre-2018.mp3<\/a><\/audio>\n<p><a href=\"http:\/\/reinadelcielo.cl\/radio\/wp-content\/uploads\/2018\/11\/Amar-es-una-desicion-Miercoles-14-noviembre-2018.mp3\">Amar es una decisi\u00f3n &#8211; Mi\u00e9rcoles 14 noviembre 2018<\/a><\/p>\n<audio class=\"wp-audio-shortcode\" id=\"audio-3124-14\" preload=\"none\" style=\"width: 100%;\" controls=\"controls\"><source type=\"audio\/mpeg\" src=\"http:\/\/reinadelcielo.cl\/radio\/wp-content\/uploads\/2018\/11\/Amar-es-una-desicion-Miercoles-7-noviembre-2018.mp3?_=14\" \/><a href=\"http:\/\/reinadelcielo.cl\/radio\/wp-content\/uploads\/2018\/11\/Amar-es-una-desicion-Miercoles-7-noviembre-2018.mp3\">http:\/\/reinadelcielo.cl\/radio\/wp-content\/uploads\/2018\/11\/Amar-es-una-desicion-Miercoles-7-noviembre-2018.mp3<\/a><\/audio>\n<p><a href=\"http:\/\/reinadelcielo.cl\/radio\/wp-content\/uploads\/2018\/11\/Amar-es-una-desicion-Miercoles-7-noviembre-2018.mp3\">Amar es una decisi\u00f3n &#8211; Mi\u00e9rcoles 7 noviembre 2018<\/a><\/p>\n<audio class=\"wp-audio-shortcode\" id=\"audio-3124-15\" preload=\"none\" style=\"width: 100%;\" controls=\"controls\"><source type=\"audio\/mpeg\" src=\"http:\/\/reinadelcielo.cl\/radio\/wp-content\/uploads\/2018\/11\/Amar-es-una-desicion-Miercoles-31-octubre-2018.mp3?_=15\" \/><a href=\"http:\/\/reinadelcielo.cl\/radio\/wp-content\/uploads\/2018\/11\/Amar-es-una-desicion-Miercoles-31-octubre-2018.mp3\">http:\/\/reinadelcielo.cl\/radio\/wp-content\/uploads\/2018\/11\/Amar-es-una-desicion-Miercoles-31-octubre-2018.mp3<\/a><\/audio>\n<p><a href=\"http:\/\/reinadelcielo.cl\/radio\/wp-content\/uploads\/2018\/11\/Amar-es-una-desicion-Miercoles-31-octubre-2018.mp3\">Amar es una decisi\u00f3n &#8211; Mi\u00e9rcoles 31 octubre 2018<\/a><\/p>\n<audio class=\"wp-audio-shortcode\" id=\"audio-3124-16\" preload=\"none\" style=\"width: 100%;\" controls=\"controls\"><source type=\"audio\/mpeg\" src=\"http:\/\/reinadelcielo.cl\/radio\/wp-content\/uploads\/2018\/10\/Amar-es-una-decision-Miercoles-26-septiembre-de-2018.mp3?_=16\" \/><a href=\"http:\/\/reinadelcielo.cl\/radio\/wp-content\/uploads\/2018\/10\/Amar-es-una-decision-Miercoles-26-septiembre-de-2018.mp3\">http:\/\/reinadelcielo.cl\/radio\/wp-content\/uploads\/2018\/10\/Amar-es-una-decision-Miercoles-26-septiembre-de-2018.mp3<\/a><\/audio>\n<p><a href=\"http:\/\/reinadelcielo.cl\/radio\/wp-content\/uploads\/2018\/10\/Amar-es-una-decision-Miercoles-26-septiembre-de-2018.mp3\">Amar es una decisi\u00f3n &#8211; Mi\u00e9rcoles 26 septiembre de 2018<\/a><\/p>\n<audio class=\"wp-audio-shortcode\" id=\"audio-3124-17\" preload=\"none\" style=\"width: 100%;\" controls=\"controls\"><source type=\"audio\/mpeg\" src=\"http:\/\/reinadelcielo.cl\/radio\/wp-content\/uploads\/2018\/09\/Amar-es-una-decision-Miercoles-12-septiembre-de-2018.mp3?_=17\" \/><a href=\"http:\/\/reinadelcielo.cl\/radio\/wp-content\/uploads\/2018\/09\/Amar-es-una-decision-Miercoles-12-septiembre-de-2018.mp3\">http:\/\/reinadelcielo.cl\/radio\/wp-content\/uploads\/2018\/09\/Amar-es-una-decision-Miercoles-12-septiembre-de-2018.mp3<\/a><\/audio>\n<p><a href=\"http:\/\/reinadelcielo.cl\/radio\/wp-content\/uploads\/2018\/09\/Amar-es-una-decision-Miercoles-12-septiembre-de-2018.mp3\">Amar es una decisi\u00f3n &#8211; Mi\u00e9rcoles 12 septiembre de 2018<\/a><\/p>\n<audio class=\"wp-audio-shortcode\" id=\"audio-3124-18\" preload=\"none\" style=\"width: 100%;\" controls=\"controls\"><source type=\"audio\/mpeg\" src=\"http:\/\/reinadelcielo.cl\/radio\/wp-content\/uploads\/2018\/09\/Amar-es-una-decision-Miercoles-5-septiembre-de-2018.mp3?_=18\" \/><a href=\"http:\/\/reinadelcielo.cl\/radio\/wp-content\/uploads\/2018\/09\/Amar-es-una-decision-Miercoles-5-septiembre-de-2018.mp3\">http:\/\/reinadelcielo.cl\/radio\/wp-content\/uploads\/2018\/09\/Amar-es-una-decision-Miercoles-5-septiembre-de-2018.mp3<\/a><\/audio>\n<p><a href=\"http:\/\/reinadelcielo.cl\/radio\/wp-content\/uploads\/2018\/09\/Amar-es-una-decision-Miercoles-5-septiembre-de-2018.mp3\">Amar es una decisi\u00f3n &#8211; Mi\u00e9rcoles 5 septiembre de 2018<\/a><\/p>\n<audio class=\"wp-audio-shortcode\" id=\"audio-3124-19\" preload=\"none\" style=\"width: 100%;\" controls=\"controls\"><source type=\"audio\/mpeg\" src=\"http:\/\/reinadelcielo.cl\/radio\/wp-content\/uploads\/2018\/08\/Amar-es-una-decision-Miercoles-29-de-agosto-de-2018.mp3?_=19\" \/><a href=\"http:\/\/reinadelcielo.cl\/radio\/wp-content\/uploads\/2018\/08\/Amar-es-una-decision-Miercoles-29-de-agosto-de-2018.mp3\">http:\/\/reinadelcielo.cl\/radio\/wp-content\/uploads\/2018\/08\/Amar-es-una-decision-Miercoles-29-de-agosto-de-2018.mp3<\/a><\/audio>\n<p><a href=\"http:\/\/reinadelcielo.cl\/radio\/wp-content\/uploads\/2018\/08\/Amar-es-una-decision-Miercoles-29-de-agosto-de-2018.mp3\">Amar es una decisi\u00f3n &#8211; Mi\u00e9rcoles 29 de agosto de 2018<\/a><\/p>\n<audio class=\"wp-audio-shortcode\" id=\"audio-3124-20\" preload=\"none\" style=\"width: 100%;\" controls=\"controls\"><source type=\"audio\/mpeg\" src=\"http:\/\/reinadelcielo.cl\/radio\/wp-content\/uploads\/2018\/08\/Amar-es-una-decision-Miercoles-22-de-agosto-de-2018.mp3?_=20\" \/><a href=\"http:\/\/reinadelcielo.cl\/radio\/wp-content\/uploads\/2018\/08\/Amar-es-una-decision-Miercoles-22-de-agosto-de-2018.mp3\">http:\/\/reinadelcielo.cl\/radio\/wp-content\/uploads\/2018\/08\/Amar-es-una-decision-Miercoles-22-de-agosto-de-2018.mp3<\/a><\/audio>\n<p><a href=\"http:\/\/reinadelcielo.cl\/radio\/wp-content\/uploads\/2018\/08\/Amar-es-una-decision-Miercoles-22-de-agosto-de-2018.mp3\">Amar es una decisi\u00f3n &#8211; Mi\u00e9rcoles 22 de agosto de 2018<\/a><\/p>\n","protected":false},"excerpt":{"rendered":"<p>Amar es una decisi\u00f3n es un programa del Movimiento Internacional Encuentro Matrimonial, se transmite todos los martes a las 21:00 horas por Regina Coeli radio. &nbsp; &nbsp; &nbsp; \u00daltima Edici\u00f3n Amar es una decisi\u00f3n \u2013 Martes 15 octubre 2019 Ediciones Anteriores Amar es una decisi\u00f3n \u2013 Martes 1 octubre 2019 Amar es una decisi\u00f3n \u2013 &hellip;<\/p>\n","protected":false},"author":2,"featured_media":0,"parent":0,"menu_order":0,"comment_status":"closed","ping_status":"closed","template":"","meta":{"footnotes":""},"class_list":["post-3124","page","type-page","status-publish",""],"_links":{"self":[{"href":"https:\/\/reinadelcielo.cl\/radio\/wp-json\/wp\/v2\/pages\/3124","targetHints":{"allow":["GET"]}}],"collection":[{"href":"https:\/\/reinadelcielo.cl\/radio\/wp-json\/wp\/v2\/pages"}],"about":[{"href":"https:\/\/reinadelcielo.cl\/radio\/wp-json\/wp\/v2\/types\/page"}],"author":[{"embeddable":true,"href":"https:\/\/reinadelcielo.cl\/radio\/wp-json\/wp\/v2\/users\/2"}],"replies":[{"embeddable":true,"href":"https:\/\/reinadelcielo.cl\/radio\/wp-json\/wp\/v2\/comments?post=3124"}],"version-history":[{"count":26,"href":"https:\/\/reinadelcielo.cl\/radio\/wp-json\/wp\/v2\/pages\/3124\/revisions"}],"predecessor-version":[{"id":5366,"href":"https:\/\/reinadelcielo.cl\/radio\/wp-json\/wp\/v2\/pages\/3124\/revisions\/5366"}],"wp:attachment":[{"href":"https:\/\/reinadelcielo.cl\/radio\/wp-json\/wp\/v2\/media?parent=3124"}],"curies":[{"name":"wp","href":"https:\/\/api.w.org\/{rel}","templated":true}]}}