{"id":2373,"date":"2018-05-09T13:00:27","date_gmt":"2018-05-09T16:00:27","guid":{"rendered":"http:\/\/reinadelcielo.cl\/radio\/?page_id=2373"},"modified":"2026-04-30T18:46:36","modified_gmt":"2026-04-30T22:46:36","slug":"muevete-espiritu-santo","status":"publish","type":"page","link":"https:\/\/reinadelcielo.cl\/radio\/muevete-espiritu-santo\/","title":{"rendered":"Mu\u00e9vete Esp\u00edritu Santo"},"content":{"rendered":"<h3><img loading=\"lazy\" decoding=\"async\" class=\"size-medium wp-image-11277 alignleft\" src=\"http:\/\/reinadelcielo.cl\/radio\/wp-content\/uploads\/2025\/03\/WhatsApp-Image-2025-03-05-at-12.35.37-212x300.jpeg\" alt=\"\" width=\"212\" height=\"300\" srcset=\"https:\/\/reinadelcielo.cl\/radio\/wp-content\/uploads\/2025\/03\/WhatsApp-Image-2025-03-05-at-12.35.37-212x300.jpeg 212w, https:\/\/reinadelcielo.cl\/radio\/wp-content\/uploads\/2025\/03\/WhatsApp-Image-2025-03-05-at-12.35.37-724x1024.jpeg 724w, https:\/\/reinadelcielo.cl\/radio\/wp-content\/uploads\/2025\/03\/WhatsApp-Image-2025-03-05-at-12.35.37-768x1086.jpeg 768w, https:\/\/reinadelcielo.cl\/radio\/wp-content\/uploads\/2025\/03\/WhatsApp-Image-2025-03-05-at-12.35.37-1086x1536.jpeg 1086w, https:\/\/reinadelcielo.cl\/radio\/wp-content\/uploads\/2025\/03\/WhatsApp-Image-2025-03-05-at-12.35.37.jpeg 1131w\" sizes=\"auto, (max-width: 212px) 100vw, 212px\" \/>\u00abMu\u00e9vete Esp\u00edritu Santo\u00bb Programa de la Renovaci\u00f3n Carism\u00e1tica Cat\u00f3lica de la Di\u00f3cesis de Santa Mar\u00eda de Los \u00c1ngeles que se transmite todos los mi\u00e9rcoles a las 19:30 horas.<\/h3>\n<h2><\/h2>\n<h1><\/h1>\n<h1><\/h1>\n<h1 style=\"text-align: center;\">Programas 2026<\/h1>\n<audio class=\"wp-audio-shortcode\" id=\"audio-2373-1\" preload=\"none\" style=\"width: 100%;\" controls=\"controls\"><source type=\"audio\/mpeg\" src=\"http:\/\/reinadelcielo.cl\/radio\/wp-content\/uploads\/2026\/04\/Muevete-Espiritu-Santo-Miercoles-29-de-Abril-de-2026.mp3?_=1\" \/><a href=\"http:\/\/reinadelcielo.cl\/radio\/wp-content\/uploads\/2026\/04\/Muevete-Espiritu-Santo-Miercoles-29-de-Abril-de-2026.mp3\">http:\/\/reinadelcielo.cl\/radio\/wp-content\/uploads\/2026\/04\/Muevete-Espiritu-Santo-Miercoles-29-de-Abril-de-2026.mp3<\/a><\/audio>\n<p><a href=\"http:\/\/reinadelcielo.cl\/radio\/wp-content\/uploads\/2026\/04\/Muevete-Espiritu-Santo-Miercoles-29-de-Abril-de-2026.mp3\">Mu\u00e9vete Esp\u00edritu Santo &#8211; Mi\u00e9rcoles 29 de Abril de 2026<\/a><\/p>\n<audio class=\"wp-audio-shortcode\" id=\"audio-2373-2\" preload=\"none\" style=\"width: 100%;\" controls=\"controls\"><source type=\"audio\/mpeg\" src=\"http:\/\/reinadelcielo.cl\/radio\/wp-content\/uploads\/2026\/04\/Muevete-Espiritu-Santo-Miercoles-22-de-Abril-de-2026.mp3?_=2\" \/><a href=\"http:\/\/reinadelcielo.cl\/radio\/wp-content\/uploads\/2026\/04\/Muevete-Espiritu-Santo-Miercoles-22-de-Abril-de-2026.mp3\">http:\/\/reinadelcielo.cl\/radio\/wp-content\/uploads\/2026\/04\/Muevete-Espiritu-Santo-Miercoles-22-de-Abril-de-2026.mp3<\/a><\/audio>\n<p><a href=\"http:\/\/reinadelcielo.cl\/radio\/wp-content\/uploads\/2026\/04\/Muevete-Espiritu-Santo-Miercoles-22-de-Abril-de-2026.mp3\">Mu\u00e9vete Esp\u00edritu Santo &#8211; Mi\u00e9rcoles 22 de Abril de 2026<\/a><\/p>\n<audio class=\"wp-audio-shortcode\" id=\"audio-2373-3\" preload=\"none\" style=\"width: 100%;\" controls=\"controls\"><source type=\"audio\/mpeg\" src=\"http:\/\/reinadelcielo.cl\/radio\/wp-content\/uploads\/2026\/04\/Muevete-Espiritu-Santo-Miercoles-08-de-Abril-de-2026.mp3?_=3\" \/><a href=\"http:\/\/reinadelcielo.cl\/radio\/wp-content\/uploads\/2026\/04\/Muevete-Espiritu-Santo-Miercoles-08-de-Abril-de-2026.mp3\">http:\/\/reinadelcielo.cl\/radio\/wp-content\/uploads\/2026\/04\/Muevete-Espiritu-Santo-Miercoles-08-de-Abril-de-2026.mp3<\/a><\/audio>\n<p><a href=\"http:\/\/reinadelcielo.cl\/radio\/wp-content\/uploads\/2026\/04\/Muevete-Espiritu-Santo-Miercoles-08-de-Abril-de-2026.mp3\">Mu\u00e9vete Esp\u00edritu Santo &#8211; Mi\u00e9rcoles 08 de Abril de 2026<\/a><\/p>\n<h1 style=\"text-align: center;\">Programas 2025<\/h1>\n<audio class=\"wp-audio-shortcode\" id=\"audio-2373-4\" preload=\"none\" style=\"width: 100%;\" controls=\"controls\"><source type=\"audio\/mpeg\" src=\"http:\/\/reinadelcielo.cl\/radio\/wp-content\/uploads\/2025\/12\/Muevete-Espiritu-Santo-Miercoles-17-de-Diciembre-de-2025.mp3?_=4\" \/><a href=\"http:\/\/reinadelcielo.cl\/radio\/wp-content\/uploads\/2025\/12\/Muevete-Espiritu-Santo-Miercoles-17-de-Diciembre-de-2025.mp3\">http:\/\/reinadelcielo.cl\/radio\/wp-content\/uploads\/2025\/12\/Muevete-Espiritu-Santo-Miercoles-17-de-Diciembre-de-2025.mp3<\/a><\/audio>\n<p><a href=\"http:\/\/reinadelcielo.cl\/radio\/wp-content\/uploads\/2025\/12\/Muevete-Espiritu-Santo-Miercoles-17-de-Diciembre-de-2025.mp3\">Mu\u00e9vete Esp\u00edritu Santo &#8211; Mi\u00e9rcoles 17 de Diciembre de 2025<\/a><\/p>\n<audio class=\"wp-audio-shortcode\" id=\"audio-2373-5\" preload=\"none\" style=\"width: 100%;\" controls=\"controls\"><source type=\"audio\/mpeg\" src=\"http:\/\/reinadelcielo.cl\/radio\/wp-content\/uploads\/2025\/12\/Muevete-Espiritu-Santo-Miercoles-10-de-Diciembre-de-2025.mp3?_=5\" \/><a href=\"http:\/\/reinadelcielo.cl\/radio\/wp-content\/uploads\/2025\/12\/Muevete-Espiritu-Santo-Miercoles-10-de-Diciembre-de-2025.mp3\">http:\/\/reinadelcielo.cl\/radio\/wp-content\/uploads\/2025\/12\/Muevete-Espiritu-Santo-Miercoles-10-de-Diciembre-de-2025.mp3<\/a><\/audio>\n<p><a href=\"http:\/\/reinadelcielo.cl\/radio\/wp-content\/uploads\/2025\/12\/Muevete-Espiritu-Santo-Miercoles-10-de-Diciembre-de-2025.mp3\">Mu\u00e9vete Esp\u00edritu Santo &#8211; Mi\u00e9rcoles 10 de Diciembre de 2025<\/a><\/p>\n<audio class=\"wp-audio-shortcode\" id=\"audio-2373-6\" preload=\"none\" style=\"width: 100%;\" controls=\"controls\"><source type=\"audio\/mpeg\" src=\"http:\/\/reinadelcielo.cl\/radio\/wp-content\/uploads\/2025\/12\/Muevete-Espiritu-Santo-Miercoles-03-de-Diciembre-de-2025.mp3?_=6\" \/><a href=\"http:\/\/reinadelcielo.cl\/radio\/wp-content\/uploads\/2025\/12\/Muevete-Espiritu-Santo-Miercoles-03-de-Diciembre-de-2025.mp3\">http:\/\/reinadelcielo.cl\/radio\/wp-content\/uploads\/2025\/12\/Muevete-Espiritu-Santo-Miercoles-03-de-Diciembre-de-2025.mp3<\/a><\/audio>\n<p><a href=\"http:\/\/reinadelcielo.cl\/radio\/wp-content\/uploads\/2025\/12\/Muevete-Espiritu-Santo-Miercoles-03-de-Diciembre-de-2025.mp3\">Mu\u00e9vete Esp\u00edritu Santo &#8211; Mi\u00e9rcoles 03 de Diciembre de 2025<\/a><\/p>\n<audio class=\"wp-audio-shortcode\" id=\"audio-2373-7\" preload=\"none\" style=\"width: 100%;\" controls=\"controls\"><source type=\"audio\/mpeg\" src=\"http:\/\/reinadelcielo.cl\/radio\/wp-content\/uploads\/2025\/11\/Muevete-Espiritu-Santo-Miercoles-26-de-Noviembre-de-2025.mp3?_=7\" \/><a href=\"http:\/\/reinadelcielo.cl\/radio\/wp-content\/uploads\/2025\/11\/Muevete-Espiritu-Santo-Miercoles-26-de-Noviembre-de-2025.mp3\">http:\/\/reinadelcielo.cl\/radio\/wp-content\/uploads\/2025\/11\/Muevete-Espiritu-Santo-Miercoles-26-de-Noviembre-de-2025.mp3<\/a><\/audio>\n<p><a href=\"http:\/\/reinadelcielo.cl\/radio\/wp-content\/uploads\/2025\/11\/Muevete-Espiritu-Santo-Miercoles-26-de-Noviembre-de-2025.mp3\">Mu\u00e9vete Esp\u00edritu Santo &#8211; Mi\u00e9rcoles 26 de Noviembre de 2025<\/a><\/p>\n<audio class=\"wp-audio-shortcode\" id=\"audio-2373-8\" preload=\"none\" style=\"width: 100%;\" controls=\"controls\"><source type=\"audio\/mpeg\" src=\"http:\/\/reinadelcielo.cl\/radio\/wp-content\/uploads\/2025\/11\/Muevete-Espiritu-Santo-Miercoles-17-de-Diciembre-de-2025.mp3?_=8\" \/><a href=\"http:\/\/reinadelcielo.cl\/radio\/wp-content\/uploads\/2025\/11\/Muevete-Espiritu-Santo-Miercoles-17-de-Diciembre-de-2025.mp3\">http:\/\/reinadelcielo.cl\/radio\/wp-content\/uploads\/2025\/11\/Muevete-Espiritu-Santo-Miercoles-17-de-Diciembre-de-2025.mp3<\/a><\/audio>\n<p><a href=\"http:\/\/reinadelcielo.cl\/radio\/wp-content\/uploads\/2025\/11\/Muevete-Espiritu-Santo-Miercoles-17-de-Diciembre-de-2025.mp3\">Mu\u00e9vete Esp\u00edritu Santo &#8211; Mi\u00e9rcoles 19 de Noviembre de 2025<\/a><\/p>\n<audio class=\"wp-audio-shortcode\" id=\"audio-2373-9\" preload=\"none\" style=\"width: 100%;\" controls=\"controls\"><source type=\"audio\/mpeg\" src=\"http:\/\/reinadelcielo.cl\/radio\/wp-content\/uploads\/2025\/11\/Muevete-Espiritu-Santo-Miercoles-12-de-Noviembre-de-2025.mp3?_=9\" \/><a href=\"http:\/\/reinadelcielo.cl\/radio\/wp-content\/uploads\/2025\/11\/Muevete-Espiritu-Santo-Miercoles-12-de-Noviembre-de-2025.mp3\">http:\/\/reinadelcielo.cl\/radio\/wp-content\/uploads\/2025\/11\/Muevete-Espiritu-Santo-Miercoles-12-de-Noviembre-de-2025.mp3<\/a><\/audio>\n<p><a href=\"http:\/\/reinadelcielo.cl\/radio\/wp-content\/uploads\/2025\/11\/Muevete-Espiritu-Santo-Miercoles-12-de-Noviembre-de-2025.mp3\">Mu\u00e9vete Esp\u00edritu Santo &#8211; Mi\u00e9rcoles 12 de Noviembre de 2025<\/a><\/p>\n<audio class=\"wp-audio-shortcode\" id=\"audio-2373-10\" preload=\"none\" style=\"width: 100%;\" controls=\"controls\"><source type=\"audio\/mpeg\" src=\"http:\/\/reinadelcielo.cl\/radio\/wp-content\/uploads\/2025\/10\/Muevete-Espiritu-Santo-Miercoles-29-de-Octubre-de-2025.mp3?_=10\" \/><a href=\"http:\/\/reinadelcielo.cl\/radio\/wp-content\/uploads\/2025\/10\/Muevete-Espiritu-Santo-Miercoles-29-de-Octubre-de-2025.mp3\">http:\/\/reinadelcielo.cl\/radio\/wp-content\/uploads\/2025\/10\/Muevete-Espiritu-Santo-Miercoles-29-de-Octubre-de-2025.mp3<\/a><\/audio>\n<p><a href=\"http:\/\/reinadelcielo.cl\/radio\/wp-content\/uploads\/2025\/10\/Muevete-Espiritu-Santo-Miercoles-29-de-Octubre-de-2025.mp3\">Mu\u00e9vete Esp\u00edritu Santo &#8211; Mi\u00e9rcoles 29 de Octubre de 2025<\/a><\/p>\n<audio class=\"wp-audio-shortcode\" id=\"audio-2373-11\" preload=\"none\" style=\"width: 100%;\" controls=\"controls\"><source type=\"audio\/mpeg\" src=\"http:\/\/reinadelcielo.cl\/radio\/wp-content\/uploads\/2025\/10\/Muevete-Espiritu-Santo-Miercoles-08-de-Octubre-de-2025.mp3?_=11\" \/><a href=\"http:\/\/reinadelcielo.cl\/radio\/wp-content\/uploads\/2025\/10\/Muevete-Espiritu-Santo-Miercoles-08-de-Octubre-de-2025.mp3\">http:\/\/reinadelcielo.cl\/radio\/wp-content\/uploads\/2025\/10\/Muevete-Espiritu-Santo-Miercoles-08-de-Octubre-de-2025.mp3<\/a><\/audio>\n<p><a href=\"http:\/\/reinadelcielo.cl\/radio\/wp-content\/uploads\/2025\/10\/Muevete-Espiritu-Santo-Miercoles-08-de-Octubre-de-2025.mp3\">Mu\u00e9vete Esp\u00edritu Santo &#8211; Mi\u00e9rcoles 08 de Octubre de 2025<\/a><\/p>\n<audio class=\"wp-audio-shortcode\" id=\"audio-2373-12\" preload=\"none\" style=\"width: 100%;\" controls=\"controls\"><source type=\"audio\/mpeg\" src=\"http:\/\/reinadelcielo.cl\/radio\/wp-content\/uploads\/2025\/10\/Muevete-Espiritu-Santo-Miercoles-01-de-Octubre-de-2025.mp3?_=12\" \/><a href=\"http:\/\/reinadelcielo.cl\/radio\/wp-content\/uploads\/2025\/10\/Muevete-Espiritu-Santo-Miercoles-01-de-Octubre-de-2025.mp3\">http:\/\/reinadelcielo.cl\/radio\/wp-content\/uploads\/2025\/10\/Muevete-Espiritu-Santo-Miercoles-01-de-Octubre-de-2025.mp3<\/a><\/audio>\n<p><a href=\"http:\/\/reinadelcielo.cl\/radio\/wp-content\/uploads\/2025\/10\/Muevete-Espiritu-Santo-Miercoles-01-de-Octubre-de-2025.mp3\">Mu\u00e9vete Esp\u00edritu Santo &#8211; Mi\u00e9rcoles 01 de Octubre de 2025<\/a><\/p>\n<audio class=\"wp-audio-shortcode\" id=\"audio-2373-13\" preload=\"none\" style=\"width: 100%;\" controls=\"controls\"><source type=\"audio\/mpeg\" src=\"http:\/\/reinadelcielo.cl\/radio\/wp-content\/uploads\/2025\/09\/Muevete-Espiritu-Santo-Miercoles-10-de-Septiembre-de-2025.mp3?_=13\" \/><a href=\"http:\/\/reinadelcielo.cl\/radio\/wp-content\/uploads\/2025\/09\/Muevete-Espiritu-Santo-Miercoles-10-de-Septiembre-de-2025.mp3\">http:\/\/reinadelcielo.cl\/radio\/wp-content\/uploads\/2025\/09\/Muevete-Espiritu-Santo-Miercoles-10-de-Septiembre-de-2025.mp3<\/a><\/audio>\n<p><a href=\"http:\/\/reinadelcielo.cl\/radio\/wp-content\/uploads\/2025\/09\/Muevete-Espiritu-Santo-Miercoles-10-de-Septiembre-de-2025.mp3\">Mu\u00e9vete Esp\u00edritu Santo &#8211; Mi\u00e9rcoles 10 de Septiembre de 2025<\/a><\/p>\n<audio class=\"wp-audio-shortcode\" id=\"audio-2373-14\" preload=\"none\" style=\"width: 100%;\" controls=\"controls\"><source type=\"audio\/mpeg\" src=\"http:\/\/reinadelcielo.cl\/radio\/wp-content\/uploads\/2025\/08\/Muevete-Espiritu-Santo-Miercoles-27-de-Agosto-de-2025.mp3?_=14\" \/><a href=\"http:\/\/reinadelcielo.cl\/radio\/wp-content\/uploads\/2025\/08\/Muevete-Espiritu-Santo-Miercoles-27-de-Agosto-de-2025.mp3\">http:\/\/reinadelcielo.cl\/radio\/wp-content\/uploads\/2025\/08\/Muevete-Espiritu-Santo-Miercoles-27-de-Agosto-de-2025.mp3<\/a><\/audio>\n<p><a href=\"http:\/\/reinadelcielo.cl\/radio\/wp-content\/uploads\/2025\/08\/Muevete-Espiritu-Santo-Miercoles-27-de-Agosto-de-2025.mp3\">Mu\u00e9vete Esp\u00edritu Santo &#8211; Mi\u00e9rcoles 27 de Agosto de 2025<\/a><\/p>\n<audio class=\"wp-audio-shortcode\" id=\"audio-2373-15\" preload=\"none\" style=\"width: 100%;\" controls=\"controls\"><source type=\"audio\/mpeg\" src=\"http:\/\/reinadelcielo.cl\/radio\/wp-content\/uploads\/2025\/08\/Muevete-Espiritu-Santo-Miercoles-20-de-Agosto-de-2025.mp3?_=15\" \/><a href=\"http:\/\/reinadelcielo.cl\/radio\/wp-content\/uploads\/2025\/08\/Muevete-Espiritu-Santo-Miercoles-20-de-Agosto-de-2025.mp3\">http:\/\/reinadelcielo.cl\/radio\/wp-content\/uploads\/2025\/08\/Muevete-Espiritu-Santo-Miercoles-20-de-Agosto-de-2025.mp3<\/a><\/audio>\n<p><a href=\"http:\/\/reinadelcielo.cl\/radio\/wp-content\/uploads\/2025\/08\/Muevete-Espiritu-Santo-Miercoles-20-de-Agosto-de-2025.mp3\">Mu\u00e9vete Esp\u00edritu Santo &#8211; Mi\u00e9rcoles 20 de Agosto de 2025<\/a><\/p>\n<audio class=\"wp-audio-shortcode\" id=\"audio-2373-16\" preload=\"none\" style=\"width: 100%;\" controls=\"controls\"><source type=\"audio\/mpeg\" src=\"http:\/\/reinadelcielo.cl\/radio\/wp-content\/uploads\/2025\/08\/Muevete-Espiritu-Santo-Miercoles-13-de-Agosto-de-2025.mp3?_=16\" \/><a href=\"http:\/\/reinadelcielo.cl\/radio\/wp-content\/uploads\/2025\/08\/Muevete-Espiritu-Santo-Miercoles-13-de-Agosto-de-2025.mp3\">http:\/\/reinadelcielo.cl\/radio\/wp-content\/uploads\/2025\/08\/Muevete-Espiritu-Santo-Miercoles-13-de-Agosto-de-2025.mp3<\/a><\/audio>\n<p><a href=\"http:\/\/reinadelcielo.cl\/radio\/wp-content\/uploads\/2025\/08\/Muevete-Espiritu-Santo-Miercoles-13-de-Agosto-de-2025.mp3\">Mu\u00e9vete Esp\u00edritu Santo &#8211; Mi\u00e9rcoles 13 de Agosto de 2025<\/a><\/p>\n<audio class=\"wp-audio-shortcode\" id=\"audio-2373-17\" preload=\"none\" style=\"width: 100%;\" controls=\"controls\"><source type=\"audio\/mpeg\" src=\"http:\/\/reinadelcielo.cl\/radio\/wp-content\/uploads\/2025\/08\/Muevete-Espiritu-Santo-Miercoles-06-de-Agosto-de-2025.mp3?_=17\" \/><a href=\"http:\/\/reinadelcielo.cl\/radio\/wp-content\/uploads\/2025\/08\/Muevete-Espiritu-Santo-Miercoles-06-de-Agosto-de-2025.mp3\">http:\/\/reinadelcielo.cl\/radio\/wp-content\/uploads\/2025\/08\/Muevete-Espiritu-Santo-Miercoles-06-de-Agosto-de-2025.mp3<\/a><\/audio>\n<p><a href=\"http:\/\/reinadelcielo.cl\/radio\/wp-content\/uploads\/2025\/08\/Muevete-Espiritu-Santo-Miercoles-06-de-Agosto-de-2025.mp3\">Mu\u00e9vete Esp\u00edritu Santo &#8211; Mi\u00e9rcoles 06 de Agosto de 2025<\/a><\/p>\n<audio class=\"wp-audio-shortcode\" id=\"audio-2373-18\" preload=\"none\" style=\"width: 100%;\" controls=\"controls\"><source type=\"audio\/mpeg\" src=\"http:\/\/reinadelcielo.cl\/radio\/wp-content\/uploads\/2025\/08\/Muevete-Espiritu-Santo-Miercoles-30-julio-de-2025.mp3?_=18\" \/><a href=\"http:\/\/reinadelcielo.cl\/radio\/wp-content\/uploads\/2025\/08\/Muevete-Espiritu-Santo-Miercoles-30-julio-de-2025.mp3\">http:\/\/reinadelcielo.cl\/radio\/wp-content\/uploads\/2025\/08\/Muevete-Espiritu-Santo-Miercoles-30-julio-de-2025.mp3<\/a><\/audio>\n<p><a href=\"http:\/\/reinadelcielo.cl\/radio\/wp-content\/uploads\/2025\/08\/Muevete-Espiritu-Santo-Miercoles-30-julio-de-2025.mp3\">Mu\u00e9vete Esp\u00edritu Santo &#8211; Mi\u00e9rcoles 30 julio de 2025<\/a><\/p>\n<audio class=\"wp-audio-shortcode\" id=\"audio-2373-19\" preload=\"none\" style=\"width: 100%;\" controls=\"controls\"><source type=\"audio\/mpeg\" src=\"http:\/\/reinadelcielo.cl\/radio\/wp-content\/uploads\/2025\/07\/Muevete-Espiritu-Santo-Miercoles-23-julio-de-2025.mp3?_=19\" \/><a href=\"http:\/\/reinadelcielo.cl\/radio\/wp-content\/uploads\/2025\/07\/Muevete-Espiritu-Santo-Miercoles-23-julio-de-2025.mp3\">http:\/\/reinadelcielo.cl\/radio\/wp-content\/uploads\/2025\/07\/Muevete-Espiritu-Santo-Miercoles-23-julio-de-2025.mp3<\/a><\/audio>\n<p><a href=\"http:\/\/reinadelcielo.cl\/radio\/wp-content\/uploads\/2025\/07\/Muevete-Espiritu-Santo-Miercoles-23-julio-de-2025.mp3\">Mu\u00e9vete Esp\u00edritu Santo &#8211; Mi\u00e9rcoles 23 julio de 2025<\/a><\/p>\n<audio class=\"wp-audio-shortcode\" id=\"audio-2373-20\" preload=\"none\" style=\"width: 100%;\" controls=\"controls\"><source type=\"audio\/mpeg\" src=\"http:\/\/reinadelcielo.cl\/radio\/wp-content\/uploads\/2025\/07\/Muevete-Espiritu-Santo-Miercoles-09-julio-de-2025.mp3?_=20\" \/><a href=\"http:\/\/reinadelcielo.cl\/radio\/wp-content\/uploads\/2025\/07\/Muevete-Espiritu-Santo-Miercoles-09-julio-de-2025.mp3\">http:\/\/reinadelcielo.cl\/radio\/wp-content\/uploads\/2025\/07\/Muevete-Espiritu-Santo-Miercoles-09-julio-de-2025.mp3<\/a><\/audio>\n<p><a href=\"http:\/\/reinadelcielo.cl\/radio\/wp-content\/uploads\/2025\/07\/Muevete-Espiritu-Santo-Miercoles-09-julio-de-2025.mp3\">Mu\u00e9vete Esp\u00edritu Santo &#8211; Mi\u00e9rcoles 09 julio de 2025<\/a><\/p>\n<audio class=\"wp-audio-shortcode\" id=\"audio-2373-21\" preload=\"none\" style=\"width: 100%;\" controls=\"controls\"><source type=\"audio\/mpeg\" src=\"http:\/\/reinadelcielo.cl\/radio\/wp-content\/uploads\/2025\/07\/Muevete-Espiritu-Santo-Martes-01-julio-de-2025.mp3?_=21\" \/><a href=\"http:\/\/reinadelcielo.cl\/radio\/wp-content\/uploads\/2025\/07\/Muevete-Espiritu-Santo-Martes-01-julio-de-2025.mp3\">http:\/\/reinadelcielo.cl\/radio\/wp-content\/uploads\/2025\/07\/Muevete-Espiritu-Santo-Martes-01-julio-de-2025.mp3<\/a><\/audio>\n<p><a href=\"http:\/\/reinadelcielo.cl\/radio\/wp-content\/uploads\/2025\/07\/Muevete-Espiritu-Santo-Martes-01-julio-de-2025.mp3\">Mu\u00e9vete Esp\u00edritu Santo &#8211; Martes 01 julio de 2025<\/a><\/p>\n<audio class=\"wp-audio-shortcode\" id=\"audio-2373-22\" preload=\"none\" style=\"width: 100%;\" controls=\"controls\"><source type=\"audio\/mpeg\" src=\"http:\/\/reinadelcielo.cl\/radio\/wp-content\/uploads\/2025\/06\/Muevete-Espiritu-Santo-Martes-24-junio-de-2025.mp3?_=22\" \/><a href=\"http:\/\/reinadelcielo.cl\/radio\/wp-content\/uploads\/2025\/06\/Muevete-Espiritu-Santo-Martes-24-junio-de-2025.mp3\">http:\/\/reinadelcielo.cl\/radio\/wp-content\/uploads\/2025\/06\/Muevete-Espiritu-Santo-Martes-24-junio-de-2025.mp3<\/a><\/audio>\n<p><a href=\"http:\/\/reinadelcielo.cl\/radio\/wp-content\/uploads\/2025\/06\/Muevete-Espiritu-Santo-Martes-24-junio-de-2025.mp3\">Mu\u00e9vete Esp\u00edritu Santo &#8211; Martes 24 junio de 2025<\/a><\/p>\n<audio class=\"wp-audio-shortcode\" id=\"audio-2373-23\" preload=\"none\" style=\"width: 100%;\" controls=\"controls\"><source type=\"audio\/mpeg\" src=\"http:\/\/reinadelcielo.cl\/radio\/wp-content\/uploads\/2025\/06\/Muevete-Espiritu-Santo-Martes-10-junio-de-2025.mp3?_=23\" \/><a href=\"http:\/\/reinadelcielo.cl\/radio\/wp-content\/uploads\/2025\/06\/Muevete-Espiritu-Santo-Martes-10-junio-de-2025.mp3\">http:\/\/reinadelcielo.cl\/radio\/wp-content\/uploads\/2025\/06\/Muevete-Espiritu-Santo-Martes-10-junio-de-2025.mp3<\/a><\/audio>\n<p><a href=\"http:\/\/reinadelcielo.cl\/radio\/wp-content\/uploads\/2025\/06\/Muevete-Espiritu-Santo-Martes-10-junio-de-2025.mp3\">Mu\u00e9vete Esp\u00edritu Santo &#8211; Martes 10 junio de 2025<\/a><\/p>\n<audio class=\"wp-audio-shortcode\" id=\"audio-2373-24\" preload=\"none\" style=\"width: 100%;\" controls=\"controls\"><source type=\"audio\/mpeg\" src=\"http:\/\/reinadelcielo.cl\/radio\/wp-content\/uploads\/2025\/06\/Muevete-Espiritu-Santo-Martes-03-junio-de-2025.mp3?_=24\" \/><a href=\"http:\/\/reinadelcielo.cl\/radio\/wp-content\/uploads\/2025\/06\/Muevete-Espiritu-Santo-Martes-03-junio-de-2025.mp3\">http:\/\/reinadelcielo.cl\/radio\/wp-content\/uploads\/2025\/06\/Muevete-Espiritu-Santo-Martes-03-junio-de-2025.mp3<\/a><\/audio>\n<p><a href=\"http:\/\/reinadelcielo.cl\/radio\/wp-content\/uploads\/2025\/06\/Muevete-Espiritu-Santo-Martes-03-junio-de-2025.mp3\">Mu\u00e9vete Esp\u00edritu Santo &#8211; Martes 03 junio de 2025<\/a><\/p>\n<audio class=\"wp-audio-shortcode\" id=\"audio-2373-25\" preload=\"none\" style=\"width: 100%;\" controls=\"controls\"><source type=\"audio\/mpeg\" src=\"http:\/\/reinadelcielo.cl\/radio\/wp-content\/uploads\/2025\/05\/Muevete-Espiritu-Santo-Martes-27-de-Mayo-de-2025.mp3?_=25\" \/><a href=\"http:\/\/reinadelcielo.cl\/radio\/wp-content\/uploads\/2025\/05\/Muevete-Espiritu-Santo-Martes-27-de-Mayo-de-2025.mp3\">http:\/\/reinadelcielo.cl\/radio\/wp-content\/uploads\/2025\/05\/Muevete-Espiritu-Santo-Martes-27-de-Mayo-de-2025.mp3<\/a><\/audio>\n<p><a href=\"http:\/\/reinadelcielo.cl\/radio\/wp-content\/uploads\/2025\/05\/Muevete-Espiritu-Santo-Martes-27-de-Mayo-de-2025.mp3\">Mu\u00e9vete Esp\u00edritu Santo &#8211; Martes 27 de Mayo de 2025<\/a><\/p>\n<audio class=\"wp-audio-shortcode\" id=\"audio-2373-26\" preload=\"none\" style=\"width: 100%;\" controls=\"controls\"><source type=\"audio\/mpeg\" src=\"http:\/\/reinadelcielo.cl\/radio\/wp-content\/uploads\/2025\/05\/Muevete-Espiritu-Santo-Martes-20-de-Mayo-de-2025.mp3?_=26\" \/><a href=\"http:\/\/reinadelcielo.cl\/radio\/wp-content\/uploads\/2025\/05\/Muevete-Espiritu-Santo-Martes-20-de-Mayo-de-2025.mp3\">http:\/\/reinadelcielo.cl\/radio\/wp-content\/uploads\/2025\/05\/Muevete-Espiritu-Santo-Martes-20-de-Mayo-de-2025.mp3<\/a><\/audio>\n<p><a href=\"http:\/\/reinadelcielo.cl\/radio\/wp-content\/uploads\/2025\/05\/Muevete-Espiritu-Santo-Martes-20-de-Mayo-de-2025.mp3\">Mu\u00e9vete Esp\u00edritu Santo &#8211; Martes 20 de Mayo de 2025<\/a><\/p>\n<audio class=\"wp-audio-shortcode\" id=\"audio-2373-27\" preload=\"none\" style=\"width: 100%;\" controls=\"controls\"><source type=\"audio\/mpeg\" src=\"http:\/\/reinadelcielo.cl\/radio\/wp-content\/uploads\/2025\/05\/Muevete-Espiritu-Santo-Martes-13-de-Mayo-de-2025.mp3?_=27\" \/><a href=\"http:\/\/reinadelcielo.cl\/radio\/wp-content\/uploads\/2025\/05\/Muevete-Espiritu-Santo-Martes-13-de-Mayo-de-2025.mp3\">http:\/\/reinadelcielo.cl\/radio\/wp-content\/uploads\/2025\/05\/Muevete-Espiritu-Santo-Martes-13-de-Mayo-de-2025.mp3<\/a><\/audio>\n<p><a href=\"http:\/\/reinadelcielo.cl\/radio\/wp-content\/uploads\/2025\/05\/Muevete-Espiritu-Santo-Martes-13-de-Mayo-de-2025.mp3\">Mu\u00e9vete Esp\u00edritu Santo &#8211; Martes 13 de Mayo de 2025<\/a><\/p>\n<audio class=\"wp-audio-shortcode\" id=\"audio-2373-28\" preload=\"none\" style=\"width: 100%;\" controls=\"controls\"><source type=\"audio\/mpeg\" src=\"http:\/\/reinadelcielo.cl\/radio\/wp-content\/uploads\/2025\/04\/Muevete-Espiritu-Santo-Martes-29-de-Abril-de-2025.mp3?_=28\" \/><a href=\"http:\/\/reinadelcielo.cl\/radio\/wp-content\/uploads\/2025\/04\/Muevete-Espiritu-Santo-Martes-29-de-Abril-de-2025.mp3\">http:\/\/reinadelcielo.cl\/radio\/wp-content\/uploads\/2025\/04\/Muevete-Espiritu-Santo-Martes-29-de-Abril-de-2025.mp3<\/a><\/audio>\n<p><a href=\"http:\/\/reinadelcielo.cl\/radio\/wp-content\/uploads\/2025\/04\/Muevete-Espiritu-Santo-Martes-29-de-Abril-de-2025.mp3\">Mu\u00e9vete Esp\u00edritu Santo &#8211; Martes 29 de Abril de 2025<\/a><\/p>\n<audio class=\"wp-audio-shortcode\" id=\"audio-2373-29\" preload=\"none\" style=\"width: 100%;\" controls=\"controls\"><source type=\"audio\/mpeg\" src=\"http:\/\/reinadelcielo.cl\/radio\/wp-content\/uploads\/2025\/04\/Muevete-Espiritu-Santo-Martes-22-de-Abril-de-2025.mp3?_=29\" \/><a href=\"http:\/\/reinadelcielo.cl\/radio\/wp-content\/uploads\/2025\/04\/Muevete-Espiritu-Santo-Martes-22-de-Abril-de-2025.mp3\">http:\/\/reinadelcielo.cl\/radio\/wp-content\/uploads\/2025\/04\/Muevete-Espiritu-Santo-Martes-22-de-Abril-de-2025.mp3<\/a><\/audio>\n<p><a href=\"http:\/\/reinadelcielo.cl\/radio\/wp-content\/uploads\/2025\/04\/Muevete-Espiritu-Santo-Martes-22-de-Abril-de-2025.mp3\">Mu\u00e9vete Esp\u00edritu Santo &#8211; Martes 22 de Abril de 2025<\/a><\/p>\n<audio class=\"wp-audio-shortcode\" id=\"audio-2373-30\" preload=\"none\" style=\"width: 100%;\" controls=\"controls\"><source type=\"audio\/mpeg\" src=\"http:\/\/reinadelcielo.cl\/radio\/wp-content\/uploads\/2025\/04\/Muevete-Espiritu-Santo-Martes-08-de-Abril-de-2025.mp3?_=30\" \/><a href=\"http:\/\/reinadelcielo.cl\/radio\/wp-content\/uploads\/2025\/04\/Muevete-Espiritu-Santo-Martes-08-de-Abril-de-2025.mp3\">http:\/\/reinadelcielo.cl\/radio\/wp-content\/uploads\/2025\/04\/Muevete-Espiritu-Santo-Martes-08-de-Abril-de-2025.mp3<\/a><\/audio>\n<p><a href=\"http:\/\/reinadelcielo.cl\/radio\/wp-content\/uploads\/2025\/04\/Muevete-Espiritu-Santo-Martes-08-de-Abril-de-2025.mp3\">Mu\u00e9vete Esp\u00edritu Santo &#8211; Martes 08 de Abril de 2025<\/a><\/p>\n<audio class=\"wp-audio-shortcode\" id=\"audio-2373-31\" preload=\"none\" style=\"width: 100%;\" controls=\"controls\"><source type=\"audio\/mpeg\" src=\"http:\/\/reinadelcielo.cl\/radio\/wp-content\/uploads\/2025\/04\/Muevete-Espiritu-Santo-Martes-01-de-Abril-de-2025.mp3?_=31\" \/><a href=\"http:\/\/reinadelcielo.cl\/radio\/wp-content\/uploads\/2025\/04\/Muevete-Espiritu-Santo-Martes-01-de-Abril-de-2025.mp3\">http:\/\/reinadelcielo.cl\/radio\/wp-content\/uploads\/2025\/04\/Muevete-Espiritu-Santo-Martes-01-de-Abril-de-2025.mp3<\/a><\/audio>\n<p><a href=\"http:\/\/reinadelcielo.cl\/radio\/wp-content\/uploads\/2025\/04\/Muevete-Espiritu-Santo-Martes-01-de-Abril-de-2025.mp3\">Mu\u00e9vete Esp\u00edritu Santo &#8211; Martes 01 de Abril de 2025<\/a><\/p>\n<audio class=\"wp-audio-shortcode\" id=\"audio-2373-32\" preload=\"none\" style=\"width: 100%;\" controls=\"controls\"><source type=\"audio\/mpeg\" src=\"http:\/\/reinadelcielo.cl\/radio\/wp-content\/uploads\/2025\/03\/Muevete-Espiritu-Santo-Martes-25-de-Marzo-de-2025.mp3?_=32\" \/><a href=\"http:\/\/reinadelcielo.cl\/radio\/wp-content\/uploads\/2025\/03\/Muevete-Espiritu-Santo-Martes-25-de-Marzo-de-2025.mp3\">http:\/\/reinadelcielo.cl\/radio\/wp-content\/uploads\/2025\/03\/Muevete-Espiritu-Santo-Martes-25-de-Marzo-de-2025.mp3<\/a><\/audio>\n<p><a href=\"http:\/\/reinadelcielo.cl\/radio\/wp-content\/uploads\/2025\/03\/Muevete-Espiritu-Santo-Martes-25-de-Marzo-de-2025.mp3\">Mu\u00e9vete Esp\u00edritu Santo &#8211; Martes 25 de Marzo de 2025<\/a><\/p>\n<audio class=\"wp-audio-shortcode\" id=\"audio-2373-33\" preload=\"none\" style=\"width: 100%;\" controls=\"controls\"><source type=\"audio\/mpeg\" src=\"http:\/\/reinadelcielo.cl\/radio\/wp-content\/uploads\/2025\/03\/Muevete-Espiritu-Santo-Martes-18-de-Marzo-de-2025.mp3?_=33\" \/><a href=\"http:\/\/reinadelcielo.cl\/radio\/wp-content\/uploads\/2025\/03\/Muevete-Espiritu-Santo-Martes-18-de-Marzo-de-2025.mp3\">http:\/\/reinadelcielo.cl\/radio\/wp-content\/uploads\/2025\/03\/Muevete-Espiritu-Santo-Martes-18-de-Marzo-de-2025.mp3<\/a><\/audio>\n<p><a href=\"http:\/\/reinadelcielo.cl\/radio\/wp-content\/uploads\/2025\/03\/Muevete-Espiritu-Santo-Martes-18-de-Marzo-de-2025.mp3\">Mu\u00e9vete Esp\u00edritu Santo &#8211; Martes 18 de Marzo de 2025<\/a><\/p>\n<audio class=\"wp-audio-shortcode\" id=\"audio-2373-34\" preload=\"none\" style=\"width: 100%;\" controls=\"controls\"><source type=\"audio\/mpeg\" src=\"http:\/\/reinadelcielo.cl\/radio\/wp-content\/uploads\/2025\/03\/Muevete-Espiritu-Santo-Martes-11-de-Marzo-de-2025.mp3?_=34\" \/><a href=\"http:\/\/reinadelcielo.cl\/radio\/wp-content\/uploads\/2025\/03\/Muevete-Espiritu-Santo-Martes-11-de-Marzo-de-2025.mp3\">http:\/\/reinadelcielo.cl\/radio\/wp-content\/uploads\/2025\/03\/Muevete-Espiritu-Santo-Martes-11-de-Marzo-de-2025.mp3<\/a><\/audio>\n<p><a href=\"http:\/\/reinadelcielo.cl\/radio\/wp-content\/uploads\/2025\/03\/Muevete-Espiritu-Santo-Martes-11-de-Marzo-de-2025.mp3\">Mu\u00e9vete Esp\u00edritu Santo &#8211; Martes 11 de Marzo de 2025<\/a><\/p>\n<h1>Programas 2024<\/h1>\n<audio class=\"wp-audio-shortcode\" id=\"audio-2373-35\" preload=\"none\" style=\"width: 100%;\" controls=\"controls\"><source type=\"audio\/mpeg\" src=\"http:\/\/reinadelcielo.cl\/radio\/wp-content\/uploads\/2024\/12\/Muevete-Espiritu-Santo-Miercoles-11-de-Diciembre-de-2024.mp3?_=35\" \/><a href=\"http:\/\/reinadelcielo.cl\/radio\/wp-content\/uploads\/2024\/12\/Muevete-Espiritu-Santo-Miercoles-11-de-Diciembre-de-2024.mp3\">http:\/\/reinadelcielo.cl\/radio\/wp-content\/uploads\/2024\/12\/Muevete-Espiritu-Santo-Miercoles-11-de-Diciembre-de-2024.mp3<\/a><\/audio>\n<p><a href=\"http:\/\/reinadelcielo.cl\/radio\/wp-content\/uploads\/2024\/12\/Muevete-Espiritu-Santo-Miercoles-11-de-Diciembre-de-2024.mp3\">Mu\u00e9vete Esp\u00edritu Santo &#8211; Mi\u00e9rcoles 11 de Diciembre de 2024<\/a><\/p>\n<audio class=\"wp-audio-shortcode\" id=\"audio-2373-36\" preload=\"none\" style=\"width: 100%;\" controls=\"controls\"><source type=\"audio\/mpeg\" src=\"http:\/\/reinadelcielo.cl\/radio\/wp-content\/uploads\/2024\/12\/Muevete-Espiritu-Santo-Miercoles-04-de-Diciembre-de-2024.mp3?_=36\" \/><a href=\"http:\/\/reinadelcielo.cl\/radio\/wp-content\/uploads\/2024\/12\/Muevete-Espiritu-Santo-Miercoles-04-de-Diciembre-de-2024.mp3\">http:\/\/reinadelcielo.cl\/radio\/wp-content\/uploads\/2024\/12\/Muevete-Espiritu-Santo-Miercoles-04-de-Diciembre-de-2024.mp3<\/a><\/audio>\n<p><a href=\"http:\/\/reinadelcielo.cl\/radio\/wp-content\/uploads\/2024\/12\/Muevete-Espiritu-Santo-Miercoles-04-de-Diciembre-de-2024.mp3\">Mu\u00e9vete Esp\u00edritu Santo &#8211; Mi\u00e9rcoles 04 de Diciembre de 2024<\/a><\/p>\n<audio class=\"wp-audio-shortcode\" id=\"audio-2373-37\" preload=\"none\" style=\"width: 100%;\" controls=\"controls\"><source type=\"audio\/mpeg\" src=\"http:\/\/reinadelcielo.cl\/radio\/wp-content\/uploads\/2024\/11\/Muevete-Espiritu-Santo-Miercoles-27-de-Noviembre-de-2024.mp3?_=37\" \/><a href=\"http:\/\/reinadelcielo.cl\/radio\/wp-content\/uploads\/2024\/11\/Muevete-Espiritu-Santo-Miercoles-27-de-Noviembre-de-2024.mp3\">http:\/\/reinadelcielo.cl\/radio\/wp-content\/uploads\/2024\/11\/Muevete-Espiritu-Santo-Miercoles-27-de-Noviembre-de-2024.mp3<\/a><\/audio>\n<p><a href=\"http:\/\/reinadelcielo.cl\/radio\/wp-content\/uploads\/2024\/11\/Muevete-Espiritu-Santo-Miercoles-27-de-Noviembre-de-2024.mp3\">Mu\u00e9vete Esp\u00edritu Santo &#8211; Mi\u00e9rcoles 27 de Noviembre de 2024<\/a><\/p>\n<audio class=\"wp-audio-shortcode\" id=\"audio-2373-38\" preload=\"none\" style=\"width: 100%;\" controls=\"controls\"><source type=\"audio\/mpeg\" src=\"http:\/\/reinadelcielo.cl\/radio\/wp-content\/uploads\/2024\/11\/Muevete-Espiritu-Santo-Miercoles-13-de-Noviembre-de-2024-1.mp3?_=38\" \/><a href=\"http:\/\/reinadelcielo.cl\/radio\/wp-content\/uploads\/2024\/11\/Muevete-Espiritu-Santo-Miercoles-13-de-Noviembre-de-2024-1.mp3\">http:\/\/reinadelcielo.cl\/radio\/wp-content\/uploads\/2024\/11\/Muevete-Espiritu-Santo-Miercoles-13-de-Noviembre-de-2024-1.mp3<\/a><\/audio>\n<p><a href=\"http:\/\/reinadelcielo.cl\/radio\/wp-content\/uploads\/2024\/11\/Muevete-Espiritu-Santo-Miercoles-13-de-Noviembre-de-2024-1.mp3\">Mu\u00e9vete Esp\u00edritu Santo &#8211; Mi\u00e9rcoles 20 de Noviembre de 2024<\/a><\/p>\n<audio class=\"wp-audio-shortcode\" id=\"audio-2373-39\" preload=\"none\" style=\"width: 100%;\" controls=\"controls\"><source type=\"audio\/mpeg\" src=\"http:\/\/reinadelcielo.cl\/radio\/wp-content\/uploads\/2024\/11\/Muevete-Espiritu-Santo-Miercoles-13-de-Noviembre-de-2024.mp3?_=39\" \/><a href=\"http:\/\/reinadelcielo.cl\/radio\/wp-content\/uploads\/2024\/11\/Muevete-Espiritu-Santo-Miercoles-13-de-Noviembre-de-2024.mp3\">http:\/\/reinadelcielo.cl\/radio\/wp-content\/uploads\/2024\/11\/Muevete-Espiritu-Santo-Miercoles-13-de-Noviembre-de-2024.mp3<\/a><\/audio>\n<p><a href=\"http:\/\/reinadelcielo.cl\/radio\/wp-content\/uploads\/2024\/11\/Muevete-Espiritu-Santo-Miercoles-13-de-Noviembre-de-2024.mp3\">Mu\u00e9vete Esp\u00edritu Santo &#8211; Mi\u00e9rcoles 13 de Noviembre de 2024<\/a><\/p>\n<audio class=\"wp-audio-shortcode\" id=\"audio-2373-40\" preload=\"none\" style=\"width: 100%;\" controls=\"controls\"><source type=\"audio\/mpeg\" src=\"http:\/\/reinadelcielo.cl\/radio\/wp-content\/uploads\/2024\/10\/Muevete-Espiritu-Santo-Miercoles-23-de-Octubre-de-2024.mp3?_=40\" \/><a href=\"http:\/\/reinadelcielo.cl\/radio\/wp-content\/uploads\/2024\/10\/Muevete-Espiritu-Santo-Miercoles-23-de-Octubre-de-2024.mp3\">http:\/\/reinadelcielo.cl\/radio\/wp-content\/uploads\/2024\/10\/Muevete-Espiritu-Santo-Miercoles-23-de-Octubre-de-2024.mp3<\/a><\/audio>\n<p><a href=\"http:\/\/reinadelcielo.cl\/radio\/wp-content\/uploads\/2024\/10\/Muevete-Espiritu-Santo-Miercoles-23-de-Octubre-de-2024.mp3\">Mu\u00e9vete Esp\u00edritu Santo &#8211; Mi\u00e9rcoles 23 de Octubre de 2024<\/a><\/p>\n<audio class=\"wp-audio-shortcode\" id=\"audio-2373-41\" preload=\"none\" style=\"width: 100%;\" controls=\"controls\"><source type=\"audio\/mpeg\" src=\"http:\/\/reinadelcielo.cl\/radio\/wp-content\/uploads\/2024\/10\/Muevete-Espiritu-Santo-Miercoles-16-de-Octubre-de-2024.mp3?_=41\" \/><a href=\"http:\/\/reinadelcielo.cl\/radio\/wp-content\/uploads\/2024\/10\/Muevete-Espiritu-Santo-Miercoles-16-de-Octubre-de-2024.mp3\">http:\/\/reinadelcielo.cl\/radio\/wp-content\/uploads\/2024\/10\/Muevete-Espiritu-Santo-Miercoles-16-de-Octubre-de-2024.mp3<\/a><\/audio>\n<p><a href=\"http:\/\/reinadelcielo.cl\/radio\/wp-content\/uploads\/2024\/10\/Muevete-Espiritu-Santo-Miercoles-16-de-Octubre-de-2024.mp3\">Mu\u00e9vete Esp\u00edritu Santo &#8211; Mi\u00e9rcoles 16 de Octubre de 2024<\/a><\/p>\n<audio class=\"wp-audio-shortcode\" id=\"audio-2373-42\" preload=\"none\" style=\"width: 100%;\" controls=\"controls\"><source type=\"audio\/mpeg\" src=\"http:\/\/reinadelcielo.cl\/radio\/wp-content\/uploads\/2024\/10\/Muevete-Espiritu-Santo-Miercoles-09-de-Octubre-de-2024.mp3?_=42\" \/><a href=\"http:\/\/reinadelcielo.cl\/radio\/wp-content\/uploads\/2024\/10\/Muevete-Espiritu-Santo-Miercoles-09-de-Octubre-de-2024.mp3\">http:\/\/reinadelcielo.cl\/radio\/wp-content\/uploads\/2024\/10\/Muevete-Espiritu-Santo-Miercoles-09-de-Octubre-de-2024.mp3<\/a><\/audio>\n<p><a href=\"http:\/\/reinadelcielo.cl\/radio\/wp-content\/uploads\/2024\/10\/Muevete-Espiritu-Santo-Miercoles-09-de-Octubre-de-2024.mp3\">Mu\u00e9vete Esp\u00edritu Santo &#8211; Mi\u00e9rcoles 09 de Octubre de 2024<\/a><\/p>\n<audio class=\"wp-audio-shortcode\" id=\"audio-2373-43\" preload=\"none\" style=\"width: 100%;\" controls=\"controls\"><source type=\"audio\/mpeg\" src=\"http:\/\/reinadelcielo.cl\/radio\/wp-content\/uploads\/2024\/09\/Muevete-Espiritu-Santo-Miercoles-25-de-Septiembre-de-2024.mp3?_=43\" \/><a href=\"http:\/\/reinadelcielo.cl\/radio\/wp-content\/uploads\/2024\/09\/Muevete-Espiritu-Santo-Miercoles-25-de-Septiembre-de-2024.mp3\">http:\/\/reinadelcielo.cl\/radio\/wp-content\/uploads\/2024\/09\/Muevete-Espiritu-Santo-Miercoles-25-de-Septiembre-de-2024.mp3<\/a><\/audio>\n<p><a href=\"http:\/\/reinadelcielo.cl\/radio\/wp-content\/uploads\/2024\/09\/Muevete-Espiritu-Santo-Miercoles-25-de-Septiembre-de-2024.mp3\">Mu\u00e9vete Esp\u00edritu Santo &#8211; Mi\u00e9rcoles 25 de Septiembre de 2024<\/a><\/p>\n<audio class=\"wp-audio-shortcode\" id=\"audio-2373-44\" preload=\"none\" style=\"width: 100%;\" controls=\"controls\"><source type=\"audio\/mpeg\" src=\"http:\/\/reinadelcielo.cl\/radio\/wp-content\/uploads\/2024\/09\/Muevete-Espiritu-Santo-Miercoles-04-de-Septiembre-de-2024.mp3?_=44\" \/><a href=\"http:\/\/reinadelcielo.cl\/radio\/wp-content\/uploads\/2024\/09\/Muevete-Espiritu-Santo-Miercoles-04-de-Septiembre-de-2024.mp3\">http:\/\/reinadelcielo.cl\/radio\/wp-content\/uploads\/2024\/09\/Muevete-Espiritu-Santo-Miercoles-04-de-Septiembre-de-2024.mp3<\/a><\/audio>\n<p><a href=\"http:\/\/reinadelcielo.cl\/radio\/wp-content\/uploads\/2024\/09\/Muevete-Espiritu-Santo-Miercoles-04-de-Septiembre-de-2024.mp3\">Mu\u00e9vete Esp\u00edritu Santo &#8211; Mi\u00e9rcoles 04 de Septiembre de 2024<\/a><\/p>\n<audio class=\"wp-audio-shortcode\" id=\"audio-2373-45\" preload=\"none\" style=\"width: 100%;\" controls=\"controls\"><source type=\"audio\/mpeg\" src=\"http:\/\/reinadelcielo.cl\/radio\/wp-content\/uploads\/2024\/08\/Muevete-Espiritu-Santo-Miercoles-28-de-Agosto-de-2024.mp3?_=45\" \/><a href=\"http:\/\/reinadelcielo.cl\/radio\/wp-content\/uploads\/2024\/08\/Muevete-Espiritu-Santo-Miercoles-28-de-Agosto-de-2024.mp3\">http:\/\/reinadelcielo.cl\/radio\/wp-content\/uploads\/2024\/08\/Muevete-Espiritu-Santo-Miercoles-28-de-Agosto-de-2024.mp3<\/a><\/audio>\n<p><a href=\"http:\/\/reinadelcielo.cl\/radio\/wp-content\/uploads\/2024\/08\/Muevete-Espiritu-Santo-Miercoles-28-de-Agosto-de-2024.mp3\">Mu\u00e9vete Esp\u00edritu Santo &#8211; Mi\u00e9rcoles 28 de Agosto de 2024<\/a><\/p>\n<audio class=\"wp-audio-shortcode\" id=\"audio-2373-46\" preload=\"none\" style=\"width: 100%;\" controls=\"controls\"><source type=\"audio\/mpeg\" src=\"http:\/\/reinadelcielo.cl\/radio\/wp-content\/uploads\/2024\/08\/Muevete-Espiritu-Santo-Miercoles-21-de-Agosto-de-2024.mp3?_=46\" \/><a href=\"http:\/\/reinadelcielo.cl\/radio\/wp-content\/uploads\/2024\/08\/Muevete-Espiritu-Santo-Miercoles-21-de-Agosto-de-2024.mp3\">http:\/\/reinadelcielo.cl\/radio\/wp-content\/uploads\/2024\/08\/Muevete-Espiritu-Santo-Miercoles-21-de-Agosto-de-2024.mp3<\/a><\/audio>\n<p><a href=\"http:\/\/reinadelcielo.cl\/radio\/wp-content\/uploads\/2024\/08\/Muevete-Espiritu-Santo-Miercoles-21-de-Agosto-de-2024.mp3\">Mu\u00e9vete Esp\u00edritu Santo &#8211; Mi\u00e9rcoles 21 de Agosto de 2024<\/a><\/p>\n<audio class=\"wp-audio-shortcode\" id=\"audio-2373-47\" preload=\"none\" style=\"width: 100%;\" controls=\"controls\"><source type=\"audio\/mpeg\" src=\"http:\/\/reinadelcielo.cl\/radio\/wp-content\/uploads\/2024\/08\/Muevete-Espiritu-Santo-Miercoles-14-de-Agosto-de-2024.mp3?_=47\" \/><a href=\"http:\/\/reinadelcielo.cl\/radio\/wp-content\/uploads\/2024\/08\/Muevete-Espiritu-Santo-Miercoles-14-de-Agosto-de-2024.mp3\">http:\/\/reinadelcielo.cl\/radio\/wp-content\/uploads\/2024\/08\/Muevete-Espiritu-Santo-Miercoles-14-de-Agosto-de-2024.mp3<\/a><\/audio>\n<p><a href=\"http:\/\/reinadelcielo.cl\/radio\/wp-content\/uploads\/2024\/08\/Muevete-Espiritu-Santo-Miercoles-14-de-Agosto-de-2024.mp3\">Mu\u00e9vete Esp\u00edritu Santo &#8211; Mi\u00e9rcoles 14 de Agosto de 2024<\/a><\/p>\n<audio class=\"wp-audio-shortcode\" id=\"audio-2373-48\" preload=\"none\" style=\"width: 100%;\" controls=\"controls\"><source type=\"audio\/mpeg\" src=\"http:\/\/reinadelcielo.cl\/radio\/wp-content\/uploads\/2024\/08\/Muevete-Espiritu-Santo-Miercoles-07-de-Agosto-de-2024.mp3?_=48\" \/><a href=\"http:\/\/reinadelcielo.cl\/radio\/wp-content\/uploads\/2024\/08\/Muevete-Espiritu-Santo-Miercoles-07-de-Agosto-de-2024.mp3\">http:\/\/reinadelcielo.cl\/radio\/wp-content\/uploads\/2024\/08\/Muevete-Espiritu-Santo-Miercoles-07-de-Agosto-de-2024.mp3<\/a><\/audio>\n<p><a href=\"http:\/\/reinadelcielo.cl\/radio\/wp-content\/uploads\/2024\/08\/Muevete-Espiritu-Santo-Miercoles-07-de-Agosto-de-2024.mp3\">Mu\u00e9vete Esp\u00edritu Santo &#8211; Mi\u00e9rcoles 07 de Agosto de 2024<\/a><\/p>\n<audio class=\"wp-audio-shortcode\" id=\"audio-2373-49\" preload=\"none\" style=\"width: 100%;\" controls=\"controls\"><source type=\"audio\/mpeg\" src=\"http:\/\/reinadelcielo.cl\/radio\/wp-content\/uploads\/2024\/08\/Muevete-Espiritu-Santo-Miercoles-31-de-julio-de-2024.mp3?_=49\" \/><a href=\"http:\/\/reinadelcielo.cl\/radio\/wp-content\/uploads\/2024\/08\/Muevete-Espiritu-Santo-Miercoles-31-de-julio-de-2024.mp3\">http:\/\/reinadelcielo.cl\/radio\/wp-content\/uploads\/2024\/08\/Muevete-Espiritu-Santo-Miercoles-31-de-julio-de-2024.mp3<\/a><\/audio>\n<p><a href=\"http:\/\/reinadelcielo.cl\/radio\/wp-content\/uploads\/2024\/08\/Muevete-Espiritu-Santo-Miercoles-31-de-julio-de-2024.mp3\">Mu\u00e9vete Esp\u00edritu Santo &#8211; Mi\u00e9rcoles 31 de julio de 2024<\/a><\/p>\n<audio class=\"wp-audio-shortcode\" id=\"audio-2373-50\" preload=\"none\" style=\"width: 100%;\" controls=\"controls\"><source type=\"audio\/mpeg\" src=\"http:\/\/reinadelcielo.cl\/radio\/wp-content\/uploads\/2024\/07\/Muevete-Espiritu-Santo-Miercoles-24-de-julio-de-2024.mp3?_=50\" \/><a href=\"http:\/\/reinadelcielo.cl\/radio\/wp-content\/uploads\/2024\/07\/Muevete-Espiritu-Santo-Miercoles-24-de-julio-de-2024.mp3\">http:\/\/reinadelcielo.cl\/radio\/wp-content\/uploads\/2024\/07\/Muevete-Espiritu-Santo-Miercoles-24-de-julio-de-2024.mp3<\/a><\/audio>\n<p><a href=\"http:\/\/reinadelcielo.cl\/radio\/wp-content\/uploads\/2024\/07\/Muevete-Espiritu-Santo-Miercoles-24-de-julio-de-2024.mp3\">Mu\u00e9vete Esp\u00edritu Santo &#8211; Mi\u00e9rcoles 24 de julio de 2024<\/a><\/p>\n<audio class=\"wp-audio-shortcode\" id=\"audio-2373-51\" preload=\"none\" style=\"width: 100%;\" controls=\"controls\"><source type=\"audio\/mpeg\" src=\"http:\/\/reinadelcielo.cl\/radio\/wp-content\/uploads\/2024\/07\/Muevete-Espiritu-Santo-Miercoles-10-de-julio-de-2024.mp3?_=51\" \/><a href=\"http:\/\/reinadelcielo.cl\/radio\/wp-content\/uploads\/2024\/07\/Muevete-Espiritu-Santo-Miercoles-10-de-julio-de-2024.mp3\">http:\/\/reinadelcielo.cl\/radio\/wp-content\/uploads\/2024\/07\/Muevete-Espiritu-Santo-Miercoles-10-de-julio-de-2024.mp3<\/a><\/audio>\n<p><a href=\"http:\/\/reinadelcielo.cl\/radio\/wp-content\/uploads\/2024\/07\/Muevete-Espiritu-Santo-Miercoles-10-de-julio-de-2024.mp3\">Mu\u00e9vete Esp\u00edritu Santo &#8211; Mi\u00e9rcoles 10 de julio de 2024<\/a><\/p>\n<audio class=\"wp-audio-shortcode\" id=\"audio-2373-52\" preload=\"none\" style=\"width: 100%;\" controls=\"controls\"><source type=\"audio\/mpeg\" src=\"http:\/\/reinadelcielo.cl\/radio\/wp-content\/uploads\/2024\/06\/Muevete-Espiritu-Santo-Miercoles-05-de-junio-de-2024.mp3?_=52\" \/><a href=\"http:\/\/reinadelcielo.cl\/radio\/wp-content\/uploads\/2024\/06\/Muevete-Espiritu-Santo-Miercoles-05-de-junio-de-2024.mp3\">http:\/\/reinadelcielo.cl\/radio\/wp-content\/uploads\/2024\/06\/Muevete-Espiritu-Santo-Miercoles-05-de-junio-de-2024.mp3<\/a><\/audio>\n<p><a href=\"http:\/\/reinadelcielo.cl\/radio\/wp-content\/uploads\/2024\/06\/Muevete-Espiritu-Santo-Miercoles-05-de-junio-de-2024.mp3\">Mu\u00e9vete Esp\u00edritu Santo &#8211; Mi\u00e9rcoles 05 de junio de 2024<\/a><\/p>\n<audio class=\"wp-audio-shortcode\" id=\"audio-2373-53\" preload=\"none\" style=\"width: 100%;\" controls=\"controls\"><source type=\"audio\/mpeg\" src=\"http:\/\/reinadelcielo.cl\/radio\/wp-content\/uploads\/2024\/05\/Muevete-Espiritu-Santo-Miercoles-29-de-Mayo-de-2024.mp3?_=53\" \/><a href=\"http:\/\/reinadelcielo.cl\/radio\/wp-content\/uploads\/2024\/05\/Muevete-Espiritu-Santo-Miercoles-29-de-Mayo-de-2024.mp3\">http:\/\/reinadelcielo.cl\/radio\/wp-content\/uploads\/2024\/05\/Muevete-Espiritu-Santo-Miercoles-29-de-Mayo-de-2024.mp3<\/a><\/audio>\n<p><a href=\"http:\/\/reinadelcielo.cl\/radio\/wp-content\/uploads\/2024\/05\/Muevete-Espiritu-Santo-Miercoles-29-de-Mayo-de-2024.mp3\">Mu\u00e9vete Esp\u00edritu Santo &#8211; Mi\u00e9rcoles 29 de Mayo de 2024<\/a><\/p>\n<audio class=\"wp-audio-shortcode\" id=\"audio-2373-54\" preload=\"none\" style=\"width: 100%;\" controls=\"controls\"><source type=\"audio\/mpeg\" src=\"http:\/\/reinadelcielo.cl\/radio\/wp-content\/uploads\/2024\/05\/Muevete-Espiritu-Santo-Miercoles-22-de-Mayo-de-2024.mp3?_=54\" \/><a href=\"http:\/\/reinadelcielo.cl\/radio\/wp-content\/uploads\/2024\/05\/Muevete-Espiritu-Santo-Miercoles-22-de-Mayo-de-2024.mp3\">http:\/\/reinadelcielo.cl\/radio\/wp-content\/uploads\/2024\/05\/Muevete-Espiritu-Santo-Miercoles-22-de-Mayo-de-2024.mp3<\/a><\/audio>\n<p><a href=\"http:\/\/reinadelcielo.cl\/radio\/wp-content\/uploads\/2024\/05\/Muevete-Espiritu-Santo-Miercoles-22-de-Mayo-de-2024.mp3\">Mu\u00e9vete Esp\u00edritu Santo &#8211; Mi\u00e9rcoles 22 de Mayo de 2024<\/a><\/p>\n<audio class=\"wp-audio-shortcode\" id=\"audio-2373-55\" preload=\"none\" style=\"width: 100%;\" controls=\"controls\"><source type=\"audio\/mpeg\" src=\"http:\/\/reinadelcielo.cl\/radio\/wp-content\/uploads\/2024\/05\/Muevete-Espiritu-Santo-Miercoles-15-de-Mayo-de-2024.mp3?_=55\" \/><a href=\"http:\/\/reinadelcielo.cl\/radio\/wp-content\/uploads\/2024\/05\/Muevete-Espiritu-Santo-Miercoles-15-de-Mayo-de-2024.mp3\">http:\/\/reinadelcielo.cl\/radio\/wp-content\/uploads\/2024\/05\/Muevete-Espiritu-Santo-Miercoles-15-de-Mayo-de-2024.mp3<\/a><\/audio>\n<p><a href=\"http:\/\/reinadelcielo.cl\/radio\/wp-content\/uploads\/2024\/05\/Muevete-Espiritu-Santo-Miercoles-15-de-Mayo-de-2024.mp3\">Mu\u00e9vete Esp\u00edritu Santo &#8211; Mi\u00e9rcoles 15 de Mayo de 2024<\/a><\/p>\n<audio class=\"wp-audio-shortcode\" id=\"audio-2373-56\" preload=\"none\" style=\"width: 100%;\" controls=\"controls\"><source type=\"audio\/mpeg\" src=\"http:\/\/reinadelcielo.cl\/radio\/wp-content\/uploads\/2024\/04\/Muevete-Espiritu-Santo-Miercoles-24-de-Abril-de-2024.mp3?_=56\" \/><a href=\"http:\/\/reinadelcielo.cl\/radio\/wp-content\/uploads\/2024\/04\/Muevete-Espiritu-Santo-Miercoles-24-de-Abril-de-2024.mp3\">http:\/\/reinadelcielo.cl\/radio\/wp-content\/uploads\/2024\/04\/Muevete-Espiritu-Santo-Miercoles-24-de-Abril-de-2024.mp3<\/a><\/audio>\n<p><a href=\"http:\/\/reinadelcielo.cl\/radio\/wp-content\/uploads\/2024\/04\/Muevete-Espiritu-Santo-Miercoles-24-de-Abril-de-2024.mp3\">Mu\u00e9vete Esp\u00edritu Santo &#8211; Mi\u00e9rcoles 24 de Abril de 2024<\/a><\/p>\n<audio class=\"wp-audio-shortcode\" id=\"audio-2373-57\" preload=\"none\" style=\"width: 100%;\" controls=\"controls\"><source type=\"audio\/mpeg\" src=\"http:\/\/reinadelcielo.cl\/radio\/wp-content\/uploads\/2024\/04\/Muevete-Espiritu-Santo-Miercoles-17-de-Abril-de-2024.mp3?_=57\" \/><a href=\"http:\/\/reinadelcielo.cl\/radio\/wp-content\/uploads\/2024\/04\/Muevete-Espiritu-Santo-Miercoles-17-de-Abril-de-2024.mp3\">http:\/\/reinadelcielo.cl\/radio\/wp-content\/uploads\/2024\/04\/Muevete-Espiritu-Santo-Miercoles-17-de-Abril-de-2024.mp3<\/a><\/audio>\n<p><a href=\"http:\/\/reinadelcielo.cl\/radio\/wp-content\/uploads\/2024\/04\/Muevete-Espiritu-Santo-Miercoles-17-de-Abril-de-2024.mp3\">Mu\u00e9vete Esp\u00edritu Santo &#8211; Mi\u00e9rcoles 17 de Abril de 2024<\/a><\/p>\n<audio class=\"wp-audio-shortcode\" id=\"audio-2373-58\" preload=\"none\" style=\"width: 100%;\" controls=\"controls\"><source type=\"audio\/mpeg\" src=\"http:\/\/reinadelcielo.cl\/radio\/wp-content\/uploads\/2024\/04\/Muevete-Espiritu-Santo-Miercoles-10-de-Abril-de-2024.mp3?_=58\" \/><a href=\"http:\/\/reinadelcielo.cl\/radio\/wp-content\/uploads\/2024\/04\/Muevete-Espiritu-Santo-Miercoles-10-de-Abril-de-2024.mp3\">http:\/\/reinadelcielo.cl\/radio\/wp-content\/uploads\/2024\/04\/Muevete-Espiritu-Santo-Miercoles-10-de-Abril-de-2024.mp3<\/a><\/audio>\n<p><a href=\"http:\/\/reinadelcielo.cl\/radio\/wp-content\/uploads\/2024\/04\/Muevete-Espiritu-Santo-Miercoles-10-de-Abril-de-2024.mp3\">Mu\u00e9vete Esp\u00edritu Santo &#8211; Mi\u00e9rcoles 10 de Abril de 2024<\/a><\/p>\n<h1 style=\"text-align: center;\">Programas 2023<\/h1>\n<audio class=\"wp-audio-shortcode\" id=\"audio-2373-59\" preload=\"none\" style=\"width: 100%;\" controls=\"controls\"><source type=\"audio\/mpeg\" src=\"http:\/\/reinadelcielo.cl\/radio\/wp-content\/uploads\/2024\/08\/Muevete-Espiritu-Santo-Miercoles-14-de-Agosto-de-2024.mp3?_=59\" \/><a href=\"http:\/\/reinadelcielo.cl\/radio\/wp-content\/uploads\/2024\/08\/Muevete-Espiritu-Santo-Miercoles-14-de-Agosto-de-2024.mp3\">http:\/\/reinadelcielo.cl\/radio\/wp-content\/uploads\/2024\/08\/Muevete-Espiritu-Santo-Miercoles-14-de-Agosto-de-2024.mp3<\/a><\/audio>\n<p><a href=\"http:\/\/reinadelcielo.cl\/radio\/wp-content\/uploads\/2024\/08\/Muevete-Espiritu-Santo-Miercoles-14-de-Agosto-de-2024.mp3\">Mu\u00e9vete Esp\u00edritu Santo &#8211; Mi\u00e9rcoles 14 de Agosto de 2024<\/a><\/p>\n<audio class=\"wp-audio-shortcode\" id=\"audio-2373-60\" preload=\"none\" style=\"width: 100%;\" controls=\"controls\"><source type=\"audio\/mpeg\" src=\"http:\/\/reinadelcielo.cl\/radio\/wp-content\/uploads\/2023\/12\/Muevete-Espiritu-Santo-Miercoles-13-de-Diciembre-de-2023.mp3?_=60\" \/><a href=\"http:\/\/reinadelcielo.cl\/radio\/wp-content\/uploads\/2023\/12\/Muevete-Espiritu-Santo-Miercoles-13-de-Diciembre-de-2023.mp3\">http:\/\/reinadelcielo.cl\/radio\/wp-content\/uploads\/2023\/12\/Muevete-Espiritu-Santo-Miercoles-13-de-Diciembre-de-2023.mp3<\/a><\/audio>\n<p><a href=\"http:\/\/reinadelcielo.cl\/radio\/wp-content\/uploads\/2023\/12\/Muevete-Espiritu-Santo-Miercoles-13-de-Diciembre-de-2023.mp3\">Mu\u00e9vete Esp\u00edritu Santo &#8211; Mi\u00e9rcoles 13 de Diciembre de 2023<\/a><\/p>\n<audio class=\"wp-audio-shortcode\" id=\"audio-2373-61\" preload=\"none\" style=\"width: 100%;\" controls=\"controls\"><source type=\"audio\/mpeg\" src=\"http:\/\/reinadelcielo.cl\/radio\/wp-content\/uploads\/2023\/11\/Muevete-Espiritu-Santo-Miercoles-22-de-Noviembre-de-2023.mp3?_=61\" \/><a href=\"http:\/\/reinadelcielo.cl\/radio\/wp-content\/uploads\/2023\/11\/Muevete-Espiritu-Santo-Miercoles-22-de-Noviembre-de-2023.mp3\">http:\/\/reinadelcielo.cl\/radio\/wp-content\/uploads\/2023\/11\/Muevete-Espiritu-Santo-Miercoles-22-de-Noviembre-de-2023.mp3<\/a><\/audio>\n<p><a href=\"http:\/\/reinadelcielo.cl\/radio\/wp-content\/uploads\/2023\/11\/Muevete-Espiritu-Santo-Miercoles-22-de-Noviembre-de-2023.mp3\">Mu\u00e9vete Esp\u00edritu Santo &#8211; Mi\u00e9rcoles 22 de Noviembre de 2023<\/a><\/p>\n<audio class=\"wp-audio-shortcode\" id=\"audio-2373-62\" preload=\"none\" style=\"width: 100%;\" controls=\"controls\"><source type=\"audio\/mpeg\" src=\"http:\/\/reinadelcielo.cl\/radio\/wp-content\/uploads\/2023\/11\/Muevete-Espiritu-Santo-Miercoles-15-de-Noviembre-de-2023.mp3?_=62\" \/><a href=\"http:\/\/reinadelcielo.cl\/radio\/wp-content\/uploads\/2023\/11\/Muevete-Espiritu-Santo-Miercoles-15-de-Noviembre-de-2023.mp3\">http:\/\/reinadelcielo.cl\/radio\/wp-content\/uploads\/2023\/11\/Muevete-Espiritu-Santo-Miercoles-15-de-Noviembre-de-2023.mp3<\/a><\/audio>\n<p><a href=\"http:\/\/reinadelcielo.cl\/radio\/wp-content\/uploads\/2023\/11\/Muevete-Espiritu-Santo-Miercoles-15-de-Noviembre-de-2023.mp3\">Mu\u00e9vete Esp\u00edritu Santo &#8211; Mi\u00e9rcoles 15 de Noviembre de 2023<\/a><\/p>\n<audio class=\"wp-audio-shortcode\" id=\"audio-2373-63\" preload=\"none\" style=\"width: 100%;\" controls=\"controls\"><source type=\"audio\/mpeg\" src=\"http:\/\/reinadelcielo.cl\/radio\/wp-content\/uploads\/2023\/11\/Muevete-Espiritu-Santo-Miercoles-08-de-Noviembre-de-2023.mp3?_=63\" \/><a href=\"http:\/\/reinadelcielo.cl\/radio\/wp-content\/uploads\/2023\/11\/Muevete-Espiritu-Santo-Miercoles-08-de-Noviembre-de-2023.mp3\">http:\/\/reinadelcielo.cl\/radio\/wp-content\/uploads\/2023\/11\/Muevete-Espiritu-Santo-Miercoles-08-de-Noviembre-de-2023.mp3<\/a><\/audio>\n<p><a href=\"http:\/\/reinadelcielo.cl\/radio\/wp-content\/uploads\/2023\/11\/Muevete-Espiritu-Santo-Miercoles-08-de-Noviembre-de-2023.mp3\">Mu\u00e9vete Esp\u00edritu Santo &#8211; Mi\u00e9rcoles 08 de Noviembre de 2023<\/a><\/p>\n<audio class=\"wp-audio-shortcode\" id=\"audio-2373-64\" preload=\"none\" style=\"width: 100%;\" controls=\"controls\"><source type=\"audio\/mpeg\" src=\"http:\/\/reinadelcielo.cl\/radio\/wp-content\/uploads\/2023\/10\/Muevete-Espiritu-Santo-Miercoles-18-de-Octubre-de-2023.mp3?_=64\" \/><a href=\"http:\/\/reinadelcielo.cl\/radio\/wp-content\/uploads\/2023\/10\/Muevete-Espiritu-Santo-Miercoles-18-de-Octubre-de-2023.mp3\">http:\/\/reinadelcielo.cl\/radio\/wp-content\/uploads\/2023\/10\/Muevete-Espiritu-Santo-Miercoles-18-de-Octubre-de-2023.mp3<\/a><\/audio>\n<p><a href=\"http:\/\/reinadelcielo.cl\/radio\/wp-content\/uploads\/2023\/10\/Muevete-Espiritu-Santo-Miercoles-18-de-Octubre-de-2023.mp3\">Mu\u00e9vete Esp\u00edritu Santo &#8211; Mi\u00e9rcoles 18 de Octubre de 2023<\/a><\/p>\n<audio class=\"wp-audio-shortcode\" id=\"audio-2373-65\" preload=\"none\" style=\"width: 100%;\" controls=\"controls\"><source type=\"audio\/mpeg\" src=\"http:\/\/reinadelcielo.cl\/radio\/wp-content\/uploads\/2023\/10\/Muevete-Espiritu-Santo-Miercoles-11-de-Octubre-de-2023.mp3?_=65\" \/><a href=\"http:\/\/reinadelcielo.cl\/radio\/wp-content\/uploads\/2023\/10\/Muevete-Espiritu-Santo-Miercoles-11-de-Octubre-de-2023.mp3\">http:\/\/reinadelcielo.cl\/radio\/wp-content\/uploads\/2023\/10\/Muevete-Espiritu-Santo-Miercoles-11-de-Octubre-de-2023.mp3<\/a><\/audio>\n<p><a href=\"http:\/\/reinadelcielo.cl\/radio\/wp-content\/uploads\/2023\/10\/Muevete-Espiritu-Santo-Miercoles-11-de-Octubre-de-2023.mp3\">Mu\u00e9vete Esp\u00edritu Santo &#8211; Mi\u00e9rcoles 11 de Octubre de 2023<\/a><\/p>\n<audio class=\"wp-audio-shortcode\" id=\"audio-2373-66\" preload=\"none\" style=\"width: 100%;\" controls=\"controls\"><source type=\"audio\/mpeg\" src=\"http:\/\/reinadelcielo.cl\/radio\/wp-content\/uploads\/2023\/10\/Muevete-Espiritu-Santo-Miercoles-04-de-Octubre-de-2023.mp3?_=66\" \/><a href=\"http:\/\/reinadelcielo.cl\/radio\/wp-content\/uploads\/2023\/10\/Muevete-Espiritu-Santo-Miercoles-04-de-Octubre-de-2023.mp3\">http:\/\/reinadelcielo.cl\/radio\/wp-content\/uploads\/2023\/10\/Muevete-Espiritu-Santo-Miercoles-04-de-Octubre-de-2023.mp3<\/a><\/audio>\n<p><a href=\"http:\/\/reinadelcielo.cl\/radio\/wp-content\/uploads\/2023\/10\/Muevete-Espiritu-Santo-Miercoles-04-de-Octubre-de-2023.mp3\">Mu\u00e9vete Esp\u00edritu Santo &#8211; Mi\u00e9rcoles 04 de Octubre de 2023<\/a><\/p>\n<audio class=\"wp-audio-shortcode\" id=\"audio-2373-67\" preload=\"none\" style=\"width: 100%;\" controls=\"controls\"><source type=\"audio\/mpeg\" src=\"http:\/\/reinadelcielo.cl\/radio\/wp-content\/uploads\/2023\/10\/Muevete-Espiritu-Santo-Miercoles-27-de-Septiembre-de-2023.mp3?_=67\" \/><a href=\"http:\/\/reinadelcielo.cl\/radio\/wp-content\/uploads\/2023\/10\/Muevete-Espiritu-Santo-Miercoles-27-de-Septiembre-de-2023.mp3\">http:\/\/reinadelcielo.cl\/radio\/wp-content\/uploads\/2023\/10\/Muevete-Espiritu-Santo-Miercoles-27-de-Septiembre-de-2023.mp3<\/a><\/audio>\n<p><a href=\"http:\/\/reinadelcielo.cl\/radio\/wp-content\/uploads\/2023\/10\/Muevete-Espiritu-Santo-Miercoles-27-de-Septiembre-de-2023.mp3\">Mu\u00e9vete Esp\u00edritu Santo &#8211; Mi\u00e9rcoles 27 de Septiembre de 2023<\/a><\/p>\n<audio class=\"wp-audio-shortcode\" id=\"audio-2373-68\" preload=\"none\" style=\"width: 100%;\" controls=\"controls\"><source type=\"audio\/mpeg\" src=\"http:\/\/reinadelcielo.cl\/radio\/wp-content\/uploads\/2023\/09\/Muevete-Espiritu-Santo-Miercoles-13-de-Septiembre-de-2023.mp3?_=68\" \/><a href=\"http:\/\/reinadelcielo.cl\/radio\/wp-content\/uploads\/2023\/09\/Muevete-Espiritu-Santo-Miercoles-13-de-Septiembre-de-2023.mp3\">http:\/\/reinadelcielo.cl\/radio\/wp-content\/uploads\/2023\/09\/Muevete-Espiritu-Santo-Miercoles-13-de-Septiembre-de-2023.mp3<\/a><\/audio>\n<p><a href=\"http:\/\/reinadelcielo.cl\/radio\/wp-content\/uploads\/2023\/09\/Muevete-Espiritu-Santo-Miercoles-13-de-Septiembre-de-2023.mp3\">Mu\u00e9vete Esp\u00edritu Santo &#8211; Mi\u00e9rcoles 13 de Septiembre de 2023<\/a><\/p>\n<audio class=\"wp-audio-shortcode\" id=\"audio-2373-69\" preload=\"none\" style=\"width: 100%;\" controls=\"controls\"><source type=\"audio\/mpeg\" src=\"http:\/\/reinadelcielo.cl\/radio\/wp-content\/uploads\/2023\/08\/Muevete-Espiritu-Santo-Miercoles-23-de-Agosto-de-2023.mp3?_=69\" \/><a href=\"http:\/\/reinadelcielo.cl\/radio\/wp-content\/uploads\/2023\/08\/Muevete-Espiritu-Santo-Miercoles-23-de-Agosto-de-2023.mp3\">http:\/\/reinadelcielo.cl\/radio\/wp-content\/uploads\/2023\/08\/Muevete-Espiritu-Santo-Miercoles-23-de-Agosto-de-2023.mp3<\/a><\/audio>\n<p><a href=\"http:\/\/reinadelcielo.cl\/radio\/wp-content\/uploads\/2023\/08\/Muevete-Espiritu-Santo-Miercoles-23-de-Agosto-de-2023.mp3\">Mu\u00e9vete Esp\u00edritu Santo &#8211; Mi\u00e9rcoles 23 de Agosto de 2023<\/a><\/p>\n<audio class=\"wp-audio-shortcode\" id=\"audio-2373-70\" preload=\"none\" style=\"width: 100%;\" controls=\"controls\"><source type=\"audio\/mpeg\" src=\"http:\/\/reinadelcielo.cl\/radio\/wp-content\/uploads\/2023\/08\/Muevete-Espiritu-Santo-Miercoles-16-de-Agosto-de-2023.mp3?_=70\" \/><a href=\"http:\/\/reinadelcielo.cl\/radio\/wp-content\/uploads\/2023\/08\/Muevete-Espiritu-Santo-Miercoles-16-de-Agosto-de-2023.mp3\">http:\/\/reinadelcielo.cl\/radio\/wp-content\/uploads\/2023\/08\/Muevete-Espiritu-Santo-Miercoles-16-de-Agosto-de-2023.mp3<\/a><\/audio>\n<p><a href=\"http:\/\/reinadelcielo.cl\/radio\/wp-content\/uploads\/2023\/08\/Muevete-Espiritu-Santo-Miercoles-16-de-Agosto-de-2023.mp3\">Mu\u00e9vete Esp\u00edritu Santo &#8211; Mi\u00e9rcoles 16 de Agosto de 2023<\/a><\/p>\n<audio class=\"wp-audio-shortcode\" id=\"audio-2373-71\" preload=\"none\" style=\"width: 100%;\" controls=\"controls\"><source type=\"audio\/mpeg\" src=\"http:\/\/reinadelcielo.cl\/radio\/wp-content\/uploads\/2023\/08\/Muevete-Espiritu-Santo-Miercoles-9-de-Agosto-de-2023.mp3?_=71\" \/><a href=\"http:\/\/reinadelcielo.cl\/radio\/wp-content\/uploads\/2023\/08\/Muevete-Espiritu-Santo-Miercoles-9-de-Agosto-de-2023.mp3\">http:\/\/reinadelcielo.cl\/radio\/wp-content\/uploads\/2023\/08\/Muevete-Espiritu-Santo-Miercoles-9-de-Agosto-de-2023.mp3<\/a><\/audio>\n<p><a href=\"http:\/\/reinadelcielo.cl\/radio\/wp-content\/uploads\/2023\/08\/Muevete-Espiritu-Santo-Miercoles-9-de-Agosto-de-2023.mp3\">Mu\u00e9vete Esp\u00edritu Santo &#8211; Mi\u00e9rcoles 9 de Agosto de 2023<\/a><\/p>\n<audio class=\"wp-audio-shortcode\" id=\"audio-2373-72\" preload=\"none\" style=\"width: 100%;\" controls=\"controls\"><source type=\"audio\/mpeg\" src=\"http:\/\/reinadelcielo.cl\/radio\/wp-content\/uploads\/2023\/08\/Muevete-Espiritu-Santo-Miercoles-2-de-Agosto-de-2023.mp3?_=72\" \/><a href=\"http:\/\/reinadelcielo.cl\/radio\/wp-content\/uploads\/2023\/08\/Muevete-Espiritu-Santo-Miercoles-2-de-Agosto-de-2023.mp3\">http:\/\/reinadelcielo.cl\/radio\/wp-content\/uploads\/2023\/08\/Muevete-Espiritu-Santo-Miercoles-2-de-Agosto-de-2023.mp3<\/a><\/audio>\n<p><a href=\"http:\/\/reinadelcielo.cl\/radio\/wp-content\/uploads\/2023\/08\/Muevete-Espiritu-Santo-Miercoles-2-de-Agosto-de-2023.mp3\">Mu\u00e9vete Esp\u00edritu Santo &#8211; Mi\u00e9rcoles 2 de Agosto de 2023<\/a><\/p>\n<audio class=\"wp-audio-shortcode\" id=\"audio-2373-73\" preload=\"none\" style=\"width: 100%;\" controls=\"controls\"><source type=\"audio\/mpeg\" src=\"http:\/\/reinadelcielo.cl\/radio\/wp-content\/uploads\/2023\/07\/Muevete-Espiritu-Santo-Miercoles-19-de-Julio-de-2023.mp3?_=73\" \/><a href=\"http:\/\/reinadelcielo.cl\/radio\/wp-content\/uploads\/2023\/07\/Muevete-Espiritu-Santo-Miercoles-19-de-Julio-de-2023.mp3\">http:\/\/reinadelcielo.cl\/radio\/wp-content\/uploads\/2023\/07\/Muevete-Espiritu-Santo-Miercoles-19-de-Julio-de-2023.mp3<\/a><\/audio>\n<p><a href=\"http:\/\/reinadelcielo.cl\/radio\/wp-content\/uploads\/2023\/07\/Muevete-Espiritu-Santo-Miercoles-19-de-Julio-de-2023.mp3\">Mu\u00e9vete Esp\u00edritu Santo &#8211; Mi\u00e9rcoles 19 de Julio de 2023<\/a><\/p>\n<audio class=\"wp-audio-shortcode\" id=\"audio-2373-74\" preload=\"none\" style=\"width: 100%;\" controls=\"controls\"><source type=\"audio\/mpeg\" src=\"http:\/\/reinadelcielo.cl\/radio\/wp-content\/uploads\/2023\/07\/Muevete-Espiritu-Santo-Miercoles-12-de-Julio-de-2023.mp3?_=74\" \/><a href=\"http:\/\/reinadelcielo.cl\/radio\/wp-content\/uploads\/2023\/07\/Muevete-Espiritu-Santo-Miercoles-12-de-Julio-de-2023.mp3\">http:\/\/reinadelcielo.cl\/radio\/wp-content\/uploads\/2023\/07\/Muevete-Espiritu-Santo-Miercoles-12-de-Julio-de-2023.mp3<\/a><\/audio>\n<p><a href=\"http:\/\/reinadelcielo.cl\/radio\/wp-content\/uploads\/2023\/07\/Muevete-Espiritu-Santo-Miercoles-12-de-Julio-de-2023.mp3\">Mu\u00e9vete Esp\u00edritu Santo &#8211; Mi\u00e9rcoles 12 de Julio de 2023<\/a><\/p>\n<audio class=\"wp-audio-shortcode\" id=\"audio-2373-75\" preload=\"none\" style=\"width: 100%;\" controls=\"controls\"><source type=\"audio\/mpeg\" src=\"http:\/\/reinadelcielo.cl\/radio\/wp-content\/uploads\/2023\/07\/Muevete-Espiritu-Santo-Miercoles-5-de-Julio-de-2023.mp3?_=75\" \/><a href=\"http:\/\/reinadelcielo.cl\/radio\/wp-content\/uploads\/2023\/07\/Muevete-Espiritu-Santo-Miercoles-5-de-Julio-de-2023.mp3\">http:\/\/reinadelcielo.cl\/radio\/wp-content\/uploads\/2023\/07\/Muevete-Espiritu-Santo-Miercoles-5-de-Julio-de-2023.mp3<\/a><\/audio>\n<p><a href=\"http:\/\/reinadelcielo.cl\/radio\/wp-content\/uploads\/2023\/07\/Muevete-Espiritu-Santo-Miercoles-5-de-Julio-de-2023.mp3\">Mu\u00e9vete Esp\u00edritu Santo &#8211; Mi\u00e9rcoles 5 de Julio de 2023<\/a><\/p>\n<audio class=\"wp-audio-shortcode\" id=\"audio-2373-76\" preload=\"none\" style=\"width: 100%;\" controls=\"controls\"><source type=\"audio\/mpeg\" src=\"http:\/\/reinadelcielo.cl\/radio\/wp-content\/uploads\/2023\/07\/Muevete-Espiritu-Santo-Miercoles-28-de-junio-de-2023.mp3?_=76\" \/><a href=\"http:\/\/reinadelcielo.cl\/radio\/wp-content\/uploads\/2023\/07\/Muevete-Espiritu-Santo-Miercoles-28-de-junio-de-2023.mp3\">http:\/\/reinadelcielo.cl\/radio\/wp-content\/uploads\/2023\/07\/Muevete-Espiritu-Santo-Miercoles-28-de-junio-de-2023.mp3<\/a><\/audio>\n<p><a href=\"http:\/\/reinadelcielo.cl\/radio\/wp-content\/uploads\/2023\/07\/Muevete-Espiritu-Santo-Miercoles-28-de-junio-de-2023.mp3\">Mu\u00e9vete Esp\u00edritu Santo &#8211; Mi\u00e9rcoles 28 de junio de 2023<\/a><\/p>\n<audio class=\"wp-audio-shortcode\" id=\"audio-2373-77\" preload=\"none\" style=\"width: 100%;\" controls=\"controls\"><source type=\"audio\/mpeg\" src=\"http:\/\/reinadelcielo.cl\/radio\/wp-content\/uploads\/2023\/06\/Muevete-Espiritu-Santo-Miercoles-14-de-junio-de-2023.mp3?_=77\" \/><a href=\"http:\/\/reinadelcielo.cl\/radio\/wp-content\/uploads\/2023\/06\/Muevete-Espiritu-Santo-Miercoles-14-de-junio-de-2023.mp3\">http:\/\/reinadelcielo.cl\/radio\/wp-content\/uploads\/2023\/06\/Muevete-Espiritu-Santo-Miercoles-14-de-junio-de-2023.mp3<\/a><\/audio>\n<p><a href=\"http:\/\/reinadelcielo.cl\/radio\/wp-content\/uploads\/2023\/06\/Muevete-Espiritu-Santo-Miercoles-14-de-junio-de-2023.mp3\">Mu\u00e9vete Esp\u00edritu Santo &#8211; Mi\u00e9rcoles 14 de junio de 2023<\/a><\/p>\n<audio class=\"wp-audio-shortcode\" id=\"audio-2373-78\" preload=\"none\" style=\"width: 100%;\" controls=\"controls\"><source type=\"audio\/mpeg\" src=\"http:\/\/reinadelcielo.cl\/radio\/wp-content\/uploads\/2023\/06\/Muevete-Espiritu-Santo-Miercoles-07-de-junio-de-2023.mp3?_=78\" \/><a href=\"http:\/\/reinadelcielo.cl\/radio\/wp-content\/uploads\/2023\/06\/Muevete-Espiritu-Santo-Miercoles-07-de-junio-de-2023.mp3\">http:\/\/reinadelcielo.cl\/radio\/wp-content\/uploads\/2023\/06\/Muevete-Espiritu-Santo-Miercoles-07-de-junio-de-2023.mp3<\/a><\/audio>\n<p><a href=\"http:\/\/reinadelcielo.cl\/radio\/wp-content\/uploads\/2023\/06\/Muevete-Espiritu-Santo-Miercoles-07-de-junio-de-2023.mp3\">Mu\u00e9vete Esp\u00edritu Santo &#8211; Mi\u00e9rcoles 07 de junio de 2023<\/a><\/p>\n<audio class=\"wp-audio-shortcode\" id=\"audio-2373-79\" preload=\"none\" style=\"width: 100%;\" controls=\"controls\"><source type=\"audio\/mpeg\" src=\"http:\/\/reinadelcielo.cl\/radio\/wp-content\/uploads\/2023\/06\/Muevete-Espiritu-Santo-Martes-30-de-Mayo-de-2023.mp3?_=79\" \/><a href=\"http:\/\/reinadelcielo.cl\/radio\/wp-content\/uploads\/2023\/06\/Muevete-Espiritu-Santo-Martes-30-de-Mayo-de-2023.mp3\">http:\/\/reinadelcielo.cl\/radio\/wp-content\/uploads\/2023\/06\/Muevete-Espiritu-Santo-Martes-30-de-Mayo-de-2023.mp3<\/a><\/audio>\n<p><a href=\"http:\/\/reinadelcielo.cl\/radio\/wp-content\/uploads\/2023\/06\/Muevete-Espiritu-Santo-Martes-30-de-Mayo-de-2023.mp3\">Mu\u00e9vete Esp\u00edritu Santo &#8211; Martes 30 de Mayo de 2023<\/a><\/p>\n<audio class=\"wp-audio-shortcode\" id=\"audio-2373-80\" preload=\"none\" style=\"width: 100%;\" controls=\"controls\"><source type=\"audio\/mpeg\" src=\"http:\/\/reinadelcielo.cl\/radio\/wp-content\/uploads\/2023\/05\/Muevete-Espiritu-Santo-23-de-Mayo-de-2023.mp3?_=80\" \/><a href=\"http:\/\/reinadelcielo.cl\/radio\/wp-content\/uploads\/2023\/05\/Muevete-Espiritu-Santo-23-de-Mayo-de-2023.mp3\">http:\/\/reinadelcielo.cl\/radio\/wp-content\/uploads\/2023\/05\/Muevete-Espiritu-Santo-23-de-Mayo-de-2023.mp3<\/a><\/audio>\n<p><a href=\"http:\/\/reinadelcielo.cl\/radio\/wp-content\/uploads\/2023\/05\/Muevete-Espiritu-Santo-23-de-Mayo-de-2023.mp3\">Mu\u00e9vete Esp\u00edritu Santo &#8211; 23 de Mayo de 2023<\/a><\/p>\n<audio class=\"wp-audio-shortcode\" id=\"audio-2373-81\" preload=\"none\" style=\"width: 100%;\" controls=\"controls\"><source type=\"audio\/mpeg\" src=\"http:\/\/reinadelcielo.cl\/radio\/wp-content\/uploads\/2023\/05\/Muevete-Espiritu-Santo-16-de-Mayo-de-2023.mp3?_=81\" \/><a href=\"http:\/\/reinadelcielo.cl\/radio\/wp-content\/uploads\/2023\/05\/Muevete-Espiritu-Santo-16-de-Mayo-de-2023.mp3\">http:\/\/reinadelcielo.cl\/radio\/wp-content\/uploads\/2023\/05\/Muevete-Espiritu-Santo-16-de-Mayo-de-2023.mp3<\/a><\/audio>\n<p><a href=\"http:\/\/reinadelcielo.cl\/radio\/wp-content\/uploads\/2023\/05\/Muevete-Espiritu-Santo-16-de-Mayo-de-2023.mp3\">Mu\u00e9vete Esp\u00edritu Santo &#8211; 16 de Mayo de 2023<\/a><\/p>\n<audio class=\"wp-audio-shortcode\" id=\"audio-2373-82\" preload=\"none\" style=\"width: 100%;\" controls=\"controls\"><source type=\"audio\/mpeg\" src=\"http:\/\/reinadelcielo.cl\/radio\/wp-content\/uploads\/2023\/04\/Muevete-Espiritu-Santo-25-de-Abril-de-2023.mp3?_=82\" \/><a href=\"http:\/\/reinadelcielo.cl\/radio\/wp-content\/uploads\/2023\/04\/Muevete-Espiritu-Santo-25-de-Abril-de-2023.mp3\">http:\/\/reinadelcielo.cl\/radio\/wp-content\/uploads\/2023\/04\/Muevete-Espiritu-Santo-25-de-Abril-de-2023.mp3<\/a><\/audio>\n<p><a href=\"http:\/\/reinadelcielo.cl\/radio\/wp-content\/uploads\/2023\/04\/Muevete-Espiritu-Santo-25-de-Abril-de-2023.mp3\">Mu\u00e9vete Esp\u00edritu Santo &#8211; 25 de Abril de 2023<\/a><\/p>\n<audio class=\"wp-audio-shortcode\" id=\"audio-2373-83\" preload=\"none\" style=\"width: 100%;\" controls=\"controls\"><source type=\"audio\/mpeg\" src=\"http:\/\/reinadelcielo.cl\/radio\/wp-content\/uploads\/2023\/04\/Muevete-Espiritu-Santo-18-de-Abril-de-2023.mp3?_=83\" \/><a href=\"http:\/\/reinadelcielo.cl\/radio\/wp-content\/uploads\/2023\/04\/Muevete-Espiritu-Santo-18-de-Abril-de-2023.mp3\">http:\/\/reinadelcielo.cl\/radio\/wp-content\/uploads\/2023\/04\/Muevete-Espiritu-Santo-18-de-Abril-de-2023.mp3<\/a><\/audio>\n<p><a href=\"http:\/\/reinadelcielo.cl\/radio\/wp-content\/uploads\/2023\/04\/Muevete-Espiritu-Santo-18-de-Abril-de-2023.mp3\">Mu\u00e9vete Esp\u00edritu Santo &#8211; 18 de Abril de 2023<\/a><\/p>\n<audio class=\"wp-audio-shortcode\" id=\"audio-2373-84\" preload=\"none\" style=\"width: 100%;\" controls=\"controls\"><source type=\"audio\/mpeg\" src=\"http:\/\/reinadelcielo.cl\/radio\/wp-content\/uploads\/2023\/04\/Muevete-Espiritu-Santo-11-de-Abril-de-2023.mp3?_=84\" \/><a href=\"http:\/\/reinadelcielo.cl\/radio\/wp-content\/uploads\/2023\/04\/Muevete-Espiritu-Santo-11-de-Abril-de-2023.mp3\">http:\/\/reinadelcielo.cl\/radio\/wp-content\/uploads\/2023\/04\/Muevete-Espiritu-Santo-11-de-Abril-de-2023.mp3<\/a><\/audio>\n<p><a href=\"http:\/\/reinadelcielo.cl\/radio\/wp-content\/uploads\/2023\/04\/Muevete-Espiritu-Santo-11-de-Abril-de-2023.mp3\">Mu\u00e9vete Esp\u00edritu Santo &#8211; 11 de Abril de 2023<\/a><\/p>\n<h1 style=\"text-align: center;\">Programas 2022<\/h1>\n<audio class=\"wp-audio-shortcode\" id=\"audio-2373-85\" preload=\"none\" style=\"width: 100%;\" controls=\"controls\"><source type=\"audio\/mpeg\" src=\"http:\/\/reinadelcielo.cl\/radio\/wp-content\/uploads\/2022\/12\/Muevete-Espiritu-Santo-06-de-diciembre-de-2022.mp3?_=85\" \/><a href=\"http:\/\/reinadelcielo.cl\/radio\/wp-content\/uploads\/2022\/12\/Muevete-Espiritu-Santo-06-de-diciembre-de-2022.mp3\">http:\/\/reinadelcielo.cl\/radio\/wp-content\/uploads\/2022\/12\/Muevete-Espiritu-Santo-06-de-diciembre-de-2022.mp3<\/a><\/audio>\n<p><a href=\"http:\/\/reinadelcielo.cl\/radio\/wp-content\/uploads\/2022\/12\/Muevete-Espiritu-Santo-06-de-diciembre-de-2022.mp3\">Muevete Espiritu Santo &#8211; 06 de diciembre de 2022<\/a><\/p>\n<audio class=\"wp-audio-shortcode\" id=\"audio-2373-86\" preload=\"none\" style=\"width: 100%;\" controls=\"controls\"><source type=\"audio\/mpeg\" src=\"http:\/\/reinadelcielo.cl\/radio\/wp-content\/uploads\/2022\/11\/Muevete-Espiritu-Santo-28-de-noviembre-de-2022.mp3?_=86\" \/><a href=\"http:\/\/reinadelcielo.cl\/radio\/wp-content\/uploads\/2022\/11\/Muevete-Espiritu-Santo-28-de-noviembre-de-2022.mp3\">http:\/\/reinadelcielo.cl\/radio\/wp-content\/uploads\/2022\/11\/Muevete-Espiritu-Santo-28-de-noviembre-de-2022.mp3<\/a><\/audio>\n<p><a href=\"http:\/\/reinadelcielo.cl\/radio\/wp-content\/uploads\/2022\/11\/Muevete-Espiritu-Santo-28-de-noviembre-de-2022.mp3\">Muevete Espiritu Santo &#8211; 29 de noviembre de 2022<\/a><\/p>\n<audio class=\"wp-audio-shortcode\" id=\"audio-2373-87\" preload=\"none\" style=\"width: 100%;\" controls=\"controls\"><source type=\"audio\/mpeg\" src=\"http:\/\/reinadelcielo.cl\/radio\/wp-content\/uploads\/2022\/11\/Muevete-Espiritu-Santo-22-de-noviembre-de-2022.mp3?_=87\" \/><a href=\"http:\/\/reinadelcielo.cl\/radio\/wp-content\/uploads\/2022\/11\/Muevete-Espiritu-Santo-22-de-noviembre-de-2022.mp3\">http:\/\/reinadelcielo.cl\/radio\/wp-content\/uploads\/2022\/11\/Muevete-Espiritu-Santo-22-de-noviembre-de-2022.mp3<\/a><\/audio>\n<p><a href=\"http:\/\/reinadelcielo.cl\/radio\/wp-content\/uploads\/2022\/11\/Muevete-Espiritu-Santo-22-de-noviembre-de-2022.mp3\">Muevete Espiritu Santo &#8211; 22 de noviembre de 2022<\/a><\/p>\n<audio class=\"wp-audio-shortcode\" id=\"audio-2373-88\" preload=\"none\" style=\"width: 100%;\" controls=\"controls\"><source type=\"audio\/mpeg\" src=\"http:\/\/reinadelcielo.cl\/radio\/wp-content\/uploads\/2022\/11\/Muevete-Espiritu-Santo-15-de-noviembre-de-2022.mp3?_=88\" \/><a href=\"http:\/\/reinadelcielo.cl\/radio\/wp-content\/uploads\/2022\/11\/Muevete-Espiritu-Santo-15-de-noviembre-de-2022.mp3\">http:\/\/reinadelcielo.cl\/radio\/wp-content\/uploads\/2022\/11\/Muevete-Espiritu-Santo-15-de-noviembre-de-2022.mp3<\/a><\/audio>\n<p><a href=\"http:\/\/reinadelcielo.cl\/radio\/wp-content\/uploads\/2022\/11\/Muevete-Espiritu-Santo-15-de-noviembre-de-2022.mp3\">Muevete Espiritu Santo &#8211; 15 de noviembre de 2022<\/a><\/p>\n<audio class=\"wp-audio-shortcode\" id=\"audio-2373-89\" preload=\"none\" style=\"width: 100%;\" controls=\"controls\"><source type=\"audio\/mpeg\" src=\"http:\/\/reinadelcielo.cl\/radio\/wp-content\/uploads\/2022\/10\/Muevete-Espiritu-Santo-25-de-octubre-de-2022.mp3?_=89\" \/><a href=\"http:\/\/reinadelcielo.cl\/radio\/wp-content\/uploads\/2022\/10\/Muevete-Espiritu-Santo-25-de-octubre-de-2022.mp3\">http:\/\/reinadelcielo.cl\/radio\/wp-content\/uploads\/2022\/10\/Muevete-Espiritu-Santo-25-de-octubre-de-2022.mp3<\/a><\/audio>\n<p><a href=\"http:\/\/reinadelcielo.cl\/radio\/wp-content\/uploads\/2022\/10\/Muevete-Espiritu-Santo-25-de-octubre-de-2022.mp3\">Muevete Espiritu Santo &#8211; 25 de octubre de 2022<\/a><\/p>\n<audio class=\"wp-audio-shortcode\" id=\"audio-2373-90\" preload=\"none\" style=\"width: 100%;\" controls=\"controls\"><source type=\"audio\/mpeg\" src=\"http:\/\/reinadelcielo.cl\/radio\/wp-content\/uploads\/2022\/10\/Muevete-Espiritu-Santo-11-de-octubre-de-2022.mp3?_=90\" \/><a href=\"http:\/\/reinadelcielo.cl\/radio\/wp-content\/uploads\/2022\/10\/Muevete-Espiritu-Santo-11-de-octubre-de-2022.mp3\">http:\/\/reinadelcielo.cl\/radio\/wp-content\/uploads\/2022\/10\/Muevete-Espiritu-Santo-11-de-octubre-de-2022.mp3<\/a><\/audio>\n<p><a href=\"http:\/\/reinadelcielo.cl\/radio\/wp-content\/uploads\/2022\/10\/Muevete-Espiritu-Santo-11-de-octubre-de-2022.mp3\">Muevete Espiritu Santo &#8211; 11 de octubre de 2022<\/a><\/p>\n<audio class=\"wp-audio-shortcode\" id=\"audio-2373-91\" preload=\"none\" style=\"width: 100%;\" controls=\"controls\"><source type=\"audio\/mpeg\" src=\"http:\/\/reinadelcielo.cl\/radio\/wp-content\/uploads\/2022\/09\/Muevete-Espiritu-Santo-27-septiembre-de-2022.mp3?_=91\" \/><a href=\"http:\/\/reinadelcielo.cl\/radio\/wp-content\/uploads\/2022\/09\/Muevete-Espiritu-Santo-27-septiembre-de-2022.mp3\">http:\/\/reinadelcielo.cl\/radio\/wp-content\/uploads\/2022\/09\/Muevete-Espiritu-Santo-27-septiembre-de-2022.mp3<\/a><\/audio>\n<p><a href=\"http:\/\/reinadelcielo.cl\/radio\/wp-content\/uploads\/2022\/09\/Muevete-Espiritu-Santo-27-septiembre-de-2022.mp3\">Muevete Espiritu Santo &#8211; 27 septiembre de 2022<\/a><\/p>\n<audio class=\"wp-audio-shortcode\" id=\"audio-2373-92\" preload=\"none\" style=\"width: 100%;\" controls=\"controls\"><source type=\"audio\/mpeg\" src=\"http:\/\/reinadelcielo.cl\/radio\/wp-content\/uploads\/2022\/09\/Muevete-Espiritu-Santo-20-septiembre-de-2022.mp3?_=92\" \/><a href=\"http:\/\/reinadelcielo.cl\/radio\/wp-content\/uploads\/2022\/09\/Muevete-Espiritu-Santo-20-septiembre-de-2022.mp3\">http:\/\/reinadelcielo.cl\/radio\/wp-content\/uploads\/2022\/09\/Muevete-Espiritu-Santo-20-septiembre-de-2022.mp3<\/a><\/audio>\n<p><a href=\"http:\/\/reinadelcielo.cl\/radio\/wp-content\/uploads\/2022\/09\/Muevete-Espiritu-Santo-20-septiembre-de-2022.mp3\">Muevete Espiritu Santo &#8211; 20 septiembre de 2022<\/a><\/p>\n<audio class=\"wp-audio-shortcode\" id=\"audio-2373-93\" preload=\"none\" style=\"width: 100%;\" controls=\"controls\"><source type=\"audio\/mpeg\" src=\"http:\/\/reinadelcielo.cl\/radio\/wp-content\/uploads\/2022\/09\/Muevete-Espiritu-Santo-06-septiembre-de-2022.mp3?_=93\" \/><a href=\"http:\/\/reinadelcielo.cl\/radio\/wp-content\/uploads\/2022\/09\/Muevete-Espiritu-Santo-06-septiembre-de-2022.mp3\">http:\/\/reinadelcielo.cl\/radio\/wp-content\/uploads\/2022\/09\/Muevete-Espiritu-Santo-06-septiembre-de-2022.mp3<\/a><\/audio>\n<p><a href=\"http:\/\/reinadelcielo.cl\/radio\/wp-content\/uploads\/2022\/09\/Muevete-Espiritu-Santo-06-septiembre-de-2022.mp3\">Muevete Espiritu Santo &#8211; 06 septiembre de 2022<\/a><\/p>\n<audio class=\"wp-audio-shortcode\" id=\"audio-2373-94\" preload=\"none\" style=\"width: 100%;\" controls=\"controls\"><source type=\"audio\/mpeg\" src=\"http:\/\/reinadelcielo.cl\/radio\/wp-content\/uploads\/2022\/08\/Muevete-Espiritu-Santo-23-agosto-de-2022.mp3?_=94\" \/><a href=\"http:\/\/reinadelcielo.cl\/radio\/wp-content\/uploads\/2022\/08\/Muevete-Espiritu-Santo-23-agosto-de-2022.mp3\">http:\/\/reinadelcielo.cl\/radio\/wp-content\/uploads\/2022\/08\/Muevete-Espiritu-Santo-23-agosto-de-2022.mp3<\/a><\/audio>\n<p><a href=\"http:\/\/reinadelcielo.cl\/radio\/wp-content\/uploads\/2022\/08\/Muevete-Espiritu-Santo-23-agosto-de-2022.mp3\">Muevete Espiritu Santo &#8211; 23 agosto de 2022<\/a><\/p>\n<audio class=\"wp-audio-shortcode\" id=\"audio-2373-95\" preload=\"none\" style=\"width: 100%;\" controls=\"controls\"><source type=\"audio\/mpeg\" src=\"http:\/\/reinadelcielo.cl\/radio\/wp-content\/uploads\/2022\/08\/Muevete-Espiritu-Santo-16-agosto-de-2022.mp3?_=95\" \/><a href=\"http:\/\/reinadelcielo.cl\/radio\/wp-content\/uploads\/2022\/08\/Muevete-Espiritu-Santo-16-agosto-de-2022.mp3\">http:\/\/reinadelcielo.cl\/radio\/wp-content\/uploads\/2022\/08\/Muevete-Espiritu-Santo-16-agosto-de-2022.mp3<\/a><\/audio>\n<p><a href=\"http:\/\/reinadelcielo.cl\/radio\/wp-content\/uploads\/2022\/08\/Muevete-Espiritu-Santo-16-agosto-de-2022.mp3\">Muevete Espiritu Santo &#8211; 16 agosto de 2022<\/a><\/p>\n<audio class=\"wp-audio-shortcode\" id=\"audio-2373-96\" preload=\"none\" style=\"width: 100%;\" controls=\"controls\"><source type=\"audio\/mpeg\" src=\"http:\/\/reinadelcielo.cl\/radio\/wp-content\/uploads\/2022\/07\/Muevete-Espiritu-Santo-26-de-julio-de-2022.mp3?_=96\" \/><a href=\"http:\/\/reinadelcielo.cl\/radio\/wp-content\/uploads\/2022\/07\/Muevete-Espiritu-Santo-26-de-julio-de-2022.mp3\">http:\/\/reinadelcielo.cl\/radio\/wp-content\/uploads\/2022\/07\/Muevete-Espiritu-Santo-26-de-julio-de-2022.mp3<\/a><\/audio>\n<p><a href=\"http:\/\/reinadelcielo.cl\/radio\/wp-content\/uploads\/2022\/07\/Muevete-Espiritu-Santo-26-de-julio-de-2022.mp3\">Muevete Espiritu Santo &#8211; 26 de julio de 2022<\/a><\/p>\n<audio class=\"wp-audio-shortcode\" id=\"audio-2373-97\" preload=\"none\" style=\"width: 100%;\" controls=\"controls\"><source type=\"audio\/mpeg\" src=\"http:\/\/reinadelcielo.cl\/radio\/wp-content\/uploads\/2022\/07\/Muevete-Espiritu-Santo-5-de-julio-de-2022.mp3?_=97\" \/><a href=\"http:\/\/reinadelcielo.cl\/radio\/wp-content\/uploads\/2022\/07\/Muevete-Espiritu-Santo-5-de-julio-de-2022.mp3\">http:\/\/reinadelcielo.cl\/radio\/wp-content\/uploads\/2022\/07\/Muevete-Espiritu-Santo-5-de-julio-de-2022.mp3<\/a><\/audio>\n<p><a href=\"http:\/\/reinadelcielo.cl\/radio\/muevete-espiritu-santo\/muevete-espiritu-santo-5-de-julio-de-2022\/\">Muevete Espiritu Santo &#8211; 5 de julio de 2022<\/a><\/p>\n<audio class=\"wp-audio-shortcode\" id=\"audio-2373-98\" preload=\"none\" style=\"width: 100%;\" controls=\"controls\"><source type=\"audio\/mpeg\" src=\"http:\/\/reinadelcielo.cl\/radio\/wp-content\/uploads\/2022\/05\/Muevete-Espiritu-Santo-10-de-mayo-de-2022.mp3?_=98\" \/><a href=\"http:\/\/reinadelcielo.cl\/radio\/wp-content\/uploads\/2022\/05\/Muevete-Espiritu-Santo-10-de-mayo-de-2022.mp3\">http:\/\/reinadelcielo.cl\/radio\/wp-content\/uploads\/2022\/05\/Muevete-Espiritu-Santo-10-de-mayo-de-2022.mp3<\/a><\/audio>\n<p><a href=\"http:\/\/reinadelcielo.cl\/radio\/wp-content\/uploads\/2022\/05\/Muevete-Espiritu-Santo-10-de-mayo-de-2022.mp3\">Muevete Espiritu Santo &#8211; 10 de mayo de 2022<\/a><\/p>\n<audio class=\"wp-audio-shortcode\" id=\"audio-2373-99\" preload=\"none\" style=\"width: 100%;\" controls=\"controls\"><source type=\"audio\/mpeg\" src=\"http:\/\/reinadelcielo.cl\/radio\/wp-content\/uploads\/2022\/05\/Muevete-Espiritu-Santo-03-de-mayo-de-2022.mp3?_=99\" \/><a href=\"http:\/\/reinadelcielo.cl\/radio\/wp-content\/uploads\/2022\/05\/Muevete-Espiritu-Santo-03-de-mayo-de-2022.mp3\">http:\/\/reinadelcielo.cl\/radio\/wp-content\/uploads\/2022\/05\/Muevete-Espiritu-Santo-03-de-mayo-de-2022.mp3<\/a><\/audio>\n<p><a href=\"http:\/\/reinadelcielo.cl\/radio\/wp-content\/uploads\/2022\/05\/Muevete-Espiritu-Santo-03-de-mayo-de-2022.mp3\">Muevete Espiritu Santo &#8211; 03 de mayo de 2022<\/a><\/p>\n<audio class=\"wp-audio-shortcode\" id=\"audio-2373-100\" preload=\"none\" style=\"width: 100%;\" controls=\"controls\"><source type=\"audio\/mpeg\" src=\"http:\/\/reinadelcielo.cl\/radio\/wp-content\/uploads\/2022\/04\/Muevete-Espiritu-Santo-26-de-Abril-de-2022.mp3?_=100\" \/><a href=\"http:\/\/reinadelcielo.cl\/radio\/wp-content\/uploads\/2022\/04\/Muevete-Espiritu-Santo-26-de-Abril-de-2022.mp3\">http:\/\/reinadelcielo.cl\/radio\/wp-content\/uploads\/2022\/04\/Muevete-Espiritu-Santo-26-de-Abril-de-2022.mp3<\/a><\/audio>\n<p><a href=\"http:\/\/reinadelcielo.cl\/radio\/wp-content\/uploads\/2022\/04\/Muevete-Espiritu-Santo-26-de-Abril-de-2022.mp3\">Muevete Espiritu Santo &#8211; 26 de Abril de 2022<\/a><\/p>\n<audio class=\"wp-audio-shortcode\" id=\"audio-2373-101\" preload=\"none\" style=\"width: 100%;\" controls=\"controls\"><source type=\"audio\/mpeg\" src=\"http:\/\/reinadelcielo.cl\/radio\/wp-content\/uploads\/2022\/04\/Muevete-Espiritu-Santo-19-de-Abril-de-2022.mp3?_=101\" \/><a href=\"http:\/\/reinadelcielo.cl\/radio\/wp-content\/uploads\/2022\/04\/Muevete-Espiritu-Santo-19-de-Abril-de-2022.mp3\">http:\/\/reinadelcielo.cl\/radio\/wp-content\/uploads\/2022\/04\/Muevete-Espiritu-Santo-19-de-Abril-de-2022.mp3<\/a><\/audio>\n<p><a href=\"http:\/\/reinadelcielo.cl\/radio\/wp-content\/uploads\/2022\/04\/Muevete-Espiritu-Santo-19-de-Abril-de-2022.mp3\">Muevete Espiritu Santo &#8211; 19 de Abril de 2022<\/a><\/p>\n<audio class=\"wp-audio-shortcode\" id=\"audio-2373-102\" preload=\"none\" style=\"width: 100%;\" controls=\"controls\"><source type=\"audio\/mpeg\" src=\"http:\/\/reinadelcielo.cl\/radio\/wp-content\/uploads\/2022\/04\/Muevete-Espiritu-Santo-12-de-Abril-de-2022.mp3?_=102\" \/><a href=\"http:\/\/reinadelcielo.cl\/radio\/wp-content\/uploads\/2022\/04\/Muevete-Espiritu-Santo-12-de-Abril-de-2022.mp3\">http:\/\/reinadelcielo.cl\/radio\/wp-content\/uploads\/2022\/04\/Muevete-Espiritu-Santo-12-de-Abril-de-2022.mp3<\/a><\/audio>\n<p><a href=\"http:\/\/reinadelcielo.cl\/radio\/wp-content\/uploads\/2022\/04\/Muevete-Espiritu-Santo-12-de-Abril-de-2022.mp3\">Muevete Espiritu Santo &#8211; 12 de Abril de 2022<\/a><\/p>\n<p>&nbsp;<\/p>\n<h1>Programas 2021<\/h1>\n<h2 style=\"text-align: center;\">Ultima Edici\u00f3n<\/h2>\n<audio class=\"wp-audio-shortcode\" id=\"audio-2373-103\" preload=\"none\" style=\"width: 100%;\" controls=\"controls\"><source type=\"audio\/mpeg\" src=\"http:\/\/reinadelcielo.cl\/radio\/wp-content\/uploads\/2021\/08\/Muevete-Espiritu-Santo-\u2013-10-de-Agosto-2021.mp3?_=103\" \/><a href=\"http:\/\/reinadelcielo.cl\/radio\/wp-content\/uploads\/2021\/08\/Muevete-Espiritu-Santo-\u2013-10-de-Agosto-2021.mp3\">http:\/\/reinadelcielo.cl\/radio\/wp-content\/uploads\/2021\/08\/Muevete-Espiritu-Santo-\u2013-10-de-Agosto-2021.mp3<\/a><\/audio>\n<p><a href=\"http:\/\/reinadelcielo.cl\/radio\/wp-content\/uploads\/2021\/08\/Muevete-Espiritu-Santo-\u2013-10-de-Agosto-2021.mp3\">Mu\u00e9vete Esp\u00edritu Santo \u2013 10 de Agosto 2021<\/a><\/p>\n<h2><strong>Ediciones Anteriores<\/strong><\/h2>\n<audio class=\"wp-audio-shortcode\" id=\"audio-2373-104\" preload=\"none\" style=\"width: 100%;\" controls=\"controls\"><source type=\"audio\/mpeg\" src=\"http:\/\/reinadelcielo.cl\/radio\/wp-content\/uploads\/2021\/08\/Muevete-Espiritu-Santo-\u2013-02-de-Agosto-2021.mp3?_=104\" \/><a href=\"http:\/\/reinadelcielo.cl\/radio\/wp-content\/uploads\/2021\/08\/Muevete-Espiritu-Santo-\u2013-02-de-Agosto-2021.mp3\">http:\/\/reinadelcielo.cl\/radio\/wp-content\/uploads\/2021\/08\/Muevete-Espiritu-Santo-\u2013-02-de-Agosto-2021.mp3<\/a><\/audio>\n<p><a href=\"http:\/\/reinadelcielo.cl\/radio\/wp-content\/uploads\/2021\/08\/Muevete-Espiritu-Santo-\u2013-02-de-Agosto-2021.mp3\">Mu\u00e9vete Esp\u00edritu Santo \u2013 02 de Agosto 2021<\/a><\/p>\n<audio class=\"wp-audio-shortcode\" id=\"audio-2373-105\" preload=\"none\" style=\"width: 100%;\" controls=\"controls\"><source type=\"audio\/mpeg\" src=\"http:\/\/reinadelcielo.cl\/radio\/wp-content\/uploads\/2021\/07\/Muevete-Espiritu-Santo-\u2013-27-de-Julio-2021.mp3?_=105\" \/><a href=\"http:\/\/reinadelcielo.cl\/radio\/wp-content\/uploads\/2021\/07\/Muevete-Espiritu-Santo-\u2013-27-de-Julio-2021.mp3\">http:\/\/reinadelcielo.cl\/radio\/wp-content\/uploads\/2021\/07\/Muevete-Espiritu-Santo-\u2013-27-de-Julio-2021.mp3<\/a><\/audio>\n<p><a href=\"http:\/\/reinadelcielo.cl\/radio\/wp-content\/uploads\/2021\/07\/Muevete-Espiritu-Santo-\u2013-27-de-Julio-2021.mp3\">Mu\u00e9vete Esp\u00edritu Santo \u2013 27 de Julio 2021<\/a><\/p>\n<audio class=\"wp-audio-shortcode\" id=\"audio-2373-106\" preload=\"none\" style=\"width: 100%;\" controls=\"controls\"><source type=\"audio\/mpeg\" src=\"http:\/\/reinadelcielo.cl\/radio\/wp-content\/uploads\/2021\/07\/Muevete-Espiritu-Santo-\u2013-20-de-Julio-2021-1.mp3?_=106\" \/><a href=\"http:\/\/reinadelcielo.cl\/radio\/wp-content\/uploads\/2021\/07\/Muevete-Espiritu-Santo-\u2013-20-de-Julio-2021-1.mp3\">http:\/\/reinadelcielo.cl\/radio\/wp-content\/uploads\/2021\/07\/Muevete-Espiritu-Santo-\u2013-20-de-Julio-2021-1.mp3<\/a><\/audio>\n<p><a href=\"http:\/\/reinadelcielo.cl\/radio\/wp-content\/uploads\/2021\/07\/Muevete-Espiritu-Santo-\u2013-20-de-Julio-2021-1.mp3\">Mu\u00e9vete Esp\u00edritu Santo \u2013 20 de Julio 2021<\/a><\/p>\n<audio class=\"wp-audio-shortcode\" id=\"audio-2373-107\" preload=\"none\" style=\"width: 100%;\" controls=\"controls\"><source type=\"audio\/mpeg\" src=\"http:\/\/reinadelcielo.cl\/radio\/wp-content\/uploads\/2021\/07\/Muevete-Espiritu-Santo-13-de-Julio-2021.mp3?_=107\" \/><a href=\"http:\/\/reinadelcielo.cl\/radio\/wp-content\/uploads\/2021\/07\/Muevete-Espiritu-Santo-13-de-Julio-2021.mp3\">http:\/\/reinadelcielo.cl\/radio\/wp-content\/uploads\/2021\/07\/Muevete-Espiritu-Santo-13-de-Julio-2021.mp3<\/a><\/audio>\n<p><a href=\"http:\/\/reinadelcielo.cl\/radio\/wp-content\/uploads\/2021\/07\/Muevete-Espiritu-Santo-13-de-Julio-2021.mp3\">Mu\u00e9vete Esp\u00edritu Santo &#8211; 13 de Julio 2021<\/a><\/p>\n<audio class=\"wp-audio-shortcode\" id=\"audio-2373-108\" preload=\"none\" style=\"width: 100%;\" controls=\"controls\"><source type=\"audio\/mpeg\" src=\"http:\/\/reinadelcielo.cl\/radio\/wp-content\/uploads\/2021\/07\/Muevete-Espiritu-Santo-29-de-Junio-2021.mp3?_=108\" \/><a href=\"http:\/\/reinadelcielo.cl\/radio\/wp-content\/uploads\/2021\/07\/Muevete-Espiritu-Santo-29-de-Junio-2021.mp3\">http:\/\/reinadelcielo.cl\/radio\/wp-content\/uploads\/2021\/07\/Muevete-Espiritu-Santo-29-de-Junio-2021.mp3<\/a><\/audio>\n<p><a href=\"http:\/\/reinadelcielo.cl\/radio\/wp-content\/uploads\/2021\/07\/Muevete-Espiritu-Santo-29-de-Junio-2021.mp3\">Mu\u00e9vete Esp\u00edritu Santo &#8211; 29 de Junio 2021<\/a><\/p>\n<audio class=\"wp-audio-shortcode\" id=\"audio-2373-109\" preload=\"none\" style=\"width: 100%;\" controls=\"controls\"><source type=\"audio\/mpeg\" src=\"http:\/\/reinadelcielo.cl\/radio\/wp-content\/uploads\/2021\/07\/Muevete-Espiritu-Santo-22-de-Junio-2021.mp3?_=109\" \/><a href=\"http:\/\/reinadelcielo.cl\/radio\/wp-content\/uploads\/2021\/07\/Muevete-Espiritu-Santo-22-de-Junio-2021.mp3\">http:\/\/reinadelcielo.cl\/radio\/wp-content\/uploads\/2021\/07\/Muevete-Espiritu-Santo-22-de-Junio-2021.mp3<\/a><\/audio>\n<p><a href=\"http:\/\/reinadelcielo.cl\/radio\/wp-content\/uploads\/2021\/07\/Muevete-Espiritu-Santo-22-de-Junio-2021.mp3\">Mu\u00e9vete Esp\u00edritu Santo &#8211; 22 de Junio 2021<\/a><\/p>\n<audio class=\"wp-audio-shortcode\" id=\"audio-2373-110\" preload=\"none\" style=\"width: 100%;\" controls=\"controls\"><source type=\"audio\/mpeg\" src=\"http:\/\/reinadelcielo.cl\/radio\/wp-content\/uploads\/2021\/07\/Muevete-Espiritu-Santo-08-de-Junio-2021.mp3?_=110\" \/><a href=\"http:\/\/reinadelcielo.cl\/radio\/wp-content\/uploads\/2021\/07\/Muevete-Espiritu-Santo-08-de-Junio-2021.mp3\">http:\/\/reinadelcielo.cl\/radio\/wp-content\/uploads\/2021\/07\/Muevete-Espiritu-Santo-08-de-Junio-2021.mp3<\/a><\/audio>\n<p><a href=\"http:\/\/reinadelcielo.cl\/radio\/wp-content\/uploads\/2021\/07\/Muevete-Espiritu-Santo-08-de-Junio-2021.mp3\">Mu\u00e9vete Esp\u00edritu Santo &#8211; 08 de Junio 2021<\/a><\/p>\n<audio class=\"wp-audio-shortcode\" id=\"audio-2373-111\" preload=\"none\" style=\"width: 100%;\" controls=\"controls\"><source type=\"audio\/mpeg\" src=\"http:\/\/reinadelcielo.cl\/radio\/wp-content\/uploads\/2021\/06\/Muevete-Espiritu-Santo-1-de-Junio-2021.mp3?_=111\" \/><a href=\"http:\/\/reinadelcielo.cl\/radio\/wp-content\/uploads\/2021\/06\/Muevete-Espiritu-Santo-1-de-Junio-2021.mp3\">http:\/\/reinadelcielo.cl\/radio\/wp-content\/uploads\/2021\/06\/Muevete-Espiritu-Santo-1-de-Junio-2021.mp3<\/a><\/audio>\n<p><a href=\"http:\/\/reinadelcielo.cl\/radio\/wp-content\/uploads\/2021\/06\/Muevete-Espiritu-Santo-1-de-Junio-2021.mp3\">Mu\u00e9vete Esp\u00edritu Santo &#8211; 1 de Junio 2021<\/a><\/p>\n<audio class=\"wp-audio-shortcode\" id=\"audio-2373-112\" preload=\"none\" style=\"width: 100%;\" controls=\"controls\"><source type=\"audio\/mpeg\" src=\"http:\/\/reinadelcielo.cl\/radio\/wp-content\/uploads\/2021\/05\/Muevete-Espiritu-Santo-\u2013-25-de-Mayo-de-2021.mp3?_=112\" \/><a href=\"http:\/\/reinadelcielo.cl\/radio\/wp-content\/uploads\/2021\/05\/Muevete-Espiritu-Santo-\u2013-25-de-Mayo-de-2021.mp3\">http:\/\/reinadelcielo.cl\/radio\/wp-content\/uploads\/2021\/05\/Muevete-Espiritu-Santo-\u2013-25-de-Mayo-de-2021.mp3<\/a><\/audio>\n<p><a href=\"http:\/\/reinadelcielo.cl\/radio\/wp-content\/uploads\/2021\/05\/Muevete-Espiritu-Santo-\u2013-25-de-Mayo-de-2021.mp3\">Mu\u00e9vete Esp\u00edritu Santo \u2013 25 de Mayo de 2021<\/a><\/p>\n<audio class=\"wp-audio-shortcode\" id=\"audio-2373-113\" preload=\"none\" style=\"width: 100%;\" controls=\"controls\"><source type=\"audio\/mpeg\" src=\"http:\/\/reinadelcielo.cl\/radio\/wp-content\/uploads\/2021\/05\/Muevete-Espiritu-Santo-\u2013-11-de-Mayo-de-2021.mp3?_=113\" \/><a href=\"http:\/\/reinadelcielo.cl\/radio\/wp-content\/uploads\/2021\/05\/Muevete-Espiritu-Santo-\u2013-11-de-Mayo-de-2021.mp3\">http:\/\/reinadelcielo.cl\/radio\/wp-content\/uploads\/2021\/05\/Muevete-Espiritu-Santo-\u2013-11-de-Mayo-de-2021.mp3<\/a><\/audio>\n<p><a href=\"http:\/\/reinadelcielo.cl\/radio\/wp-content\/uploads\/2021\/05\/Muevete-Espiritu-Santo-\u2013-11-de-Mayo-de-2021.mp3\">Mu\u00e9vete Esp\u00edritu Santo \u2013 11 de Mayo de 2021<\/a><\/p>\n<audio class=\"wp-audio-shortcode\" id=\"audio-2373-114\" preload=\"none\" style=\"width: 100%;\" controls=\"controls\"><source type=\"audio\/mpeg\" src=\"http:\/\/reinadelcielo.cl\/radio\/wp-content\/uploads\/2021\/05\/Muevete-Espiritu-Santo-\u2013-04-de-Mayo-de-2021.mp3?_=114\" \/><a href=\"http:\/\/reinadelcielo.cl\/radio\/wp-content\/uploads\/2021\/05\/Muevete-Espiritu-Santo-\u2013-04-de-Mayo-de-2021.mp3\">http:\/\/reinadelcielo.cl\/radio\/wp-content\/uploads\/2021\/05\/Muevete-Espiritu-Santo-\u2013-04-de-Mayo-de-2021.mp3<\/a><\/audio>\n<p><a href=\"http:\/\/reinadelcielo.cl\/radio\/wp-content\/uploads\/2021\/05\/Muevete-Espiritu-Santo-\u2013-04-de-Mayo-de-2021.mp3\">Mu\u00e9vete Esp\u00edritu Santo \u2013 04 de Mayo de 2021<\/a><\/p>\n<audio class=\"wp-audio-shortcode\" id=\"audio-2373-115\" preload=\"none\" style=\"width: 100%;\" controls=\"controls\"><source type=\"audio\/mpeg\" src=\"http:\/\/reinadelcielo.cl\/radio\/wp-content\/uploads\/2021\/04\/Muevete-Espiritu-Santo-27-de-Abril-de-2021.mp3?_=115\" \/><a href=\"http:\/\/reinadelcielo.cl\/radio\/wp-content\/uploads\/2021\/04\/Muevete-Espiritu-Santo-27-de-Abril-de-2021.mp3\">http:\/\/reinadelcielo.cl\/radio\/wp-content\/uploads\/2021\/04\/Muevete-Espiritu-Santo-27-de-Abril-de-2021.mp3<\/a><\/audio>\n<p><a href=\"http:\/\/reinadelcielo.cl\/radio\/wp-content\/uploads\/2021\/04\/Muevete-Espiritu-Santo-27-de-Abril-de-2021.mp3\">Mu\u00e9vete Esp\u00edritu Santo &#8211; 27 de Abril de 2021<\/a><\/p>\n<audio class=\"wp-audio-shortcode\" id=\"audio-2373-116\" preload=\"none\" style=\"width: 100%;\" controls=\"controls\"><source type=\"audio\/mpeg\" src=\"http:\/\/reinadelcielo.cl\/radio\/wp-content\/uploads\/2021\/04\/Muevete-Espiritu-Santo-20-de-Abril-de-2021.mp3?_=116\" \/><a href=\"http:\/\/reinadelcielo.cl\/radio\/wp-content\/uploads\/2021\/04\/Muevete-Espiritu-Santo-20-de-Abril-de-2021.mp3\">http:\/\/reinadelcielo.cl\/radio\/wp-content\/uploads\/2021\/04\/Muevete-Espiritu-Santo-20-de-Abril-de-2021.mp3<\/a><\/audio>\n<p><a href=\"http:\/\/reinadelcielo.cl\/radio\/wp-content\/uploads\/2021\/04\/Muevete-Espiritu-Santo-20-de-Abril-de-2021.mp3\">Mu\u00e9vete Esp\u00edritu Santo &#8211; 20 de Abril de 2021<\/a><\/p>\n<audio class=\"wp-audio-shortcode\" id=\"audio-2373-117\" preload=\"none\" style=\"width: 100%;\" controls=\"controls\"><source type=\"audio\/mpeg\" src=\"http:\/\/reinadelcielo.cl\/radio\/wp-content\/uploads\/2021\/04\/Muevete-Espiritu-Santo-13-de-Abril-de-2021.mp3?_=117\" \/><a href=\"http:\/\/reinadelcielo.cl\/radio\/wp-content\/uploads\/2021\/04\/Muevete-Espiritu-Santo-13-de-Abril-de-2021.mp3\">http:\/\/reinadelcielo.cl\/radio\/wp-content\/uploads\/2021\/04\/Muevete-Espiritu-Santo-13-de-Abril-de-2021.mp3<\/a><\/audio>\n<p><a href=\"http:\/\/reinadelcielo.cl\/radio\/wp-content\/uploads\/2021\/04\/Muevete-Espiritu-Santo-13-de-Abril-de-2021.mp3\">Mu\u00e9vete Esp\u00edritu Santo &#8211; 13 de Abril de 2021<\/a><\/p>\n<audio class=\"wp-audio-shortcode\" id=\"audio-2373-118\" preload=\"none\" style=\"width: 100%;\" controls=\"controls\"><source type=\"audio\/mpeg\" src=\"http:\/\/reinadelcielo.cl\/radio\/wp-content\/uploads\/2021\/04\/Muevete-Espiritu-Santo-06-de-Abril-de-2021.mp3?_=118\" \/><a href=\"http:\/\/reinadelcielo.cl\/radio\/wp-content\/uploads\/2021\/04\/Muevete-Espiritu-Santo-06-de-Abril-de-2021.mp3\">http:\/\/reinadelcielo.cl\/radio\/wp-content\/uploads\/2021\/04\/Muevete-Espiritu-Santo-06-de-Abril-de-2021.mp3<\/a><\/audio>\n<p><a href=\"http:\/\/reinadelcielo.cl\/radio\/wp-content\/uploads\/2021\/04\/Muevete-Espiritu-Santo-06-de-Abril-de-2021.mp3\">Mu\u00e9vete Esp\u00edritu Santo &#8211; 06 de Abril de 2021<\/a><\/p>\n<audio class=\"wp-audio-shortcode\" id=\"audio-2373-119\" preload=\"none\" style=\"width: 100%;\" controls=\"controls\"><source type=\"audio\/mpeg\" src=\"http:\/\/reinadelcielo.cl\/radio\/wp-content\/uploads\/2021\/04\/Muevete-Espiritu-Santo-30-de-Marzo-de-2021.mp3?_=119\" \/><a href=\"http:\/\/reinadelcielo.cl\/radio\/wp-content\/uploads\/2021\/04\/Muevete-Espiritu-Santo-30-de-Marzo-de-2021.mp3\">http:\/\/reinadelcielo.cl\/radio\/wp-content\/uploads\/2021\/04\/Muevete-Espiritu-Santo-30-de-Marzo-de-2021.mp3<\/a><\/audio>\n<p><a href=\"http:\/\/reinadelcielo.cl\/radio\/wp-content\/uploads\/2021\/04\/Muevete-Espiritu-Santo-30-de-Marzo-de-2021.mp3\">Mu\u00e9vete Esp\u00edritu Santo &#8211; 30 de Marzo de 2021<\/a><\/p>\n<div><\/div>\n<audio class=\"wp-audio-shortcode\" id=\"audio-2373-120\" preload=\"none\" style=\"width: 100%;\" controls=\"controls\"><source type=\"audio\/mpeg\" src=\"http:\/\/reinadelcielo.cl\/radio\/wp-content\/uploads\/2021\/03\/Muevete-Espiritu-Santo-23-de-Marzo-de-2021-.mp3?_=120\" \/><a href=\"http:\/\/reinadelcielo.cl\/radio\/wp-content\/uploads\/2021\/03\/Muevete-Espiritu-Santo-23-de-Marzo-de-2021-.mp3\">http:\/\/reinadelcielo.cl\/radio\/wp-content\/uploads\/2021\/03\/Muevete-Espiritu-Santo-23-de-Marzo-de-2021-.mp3<\/a><\/audio>\n<p><a href=\"http:\/\/reinadelcielo.cl\/radio\/wp-content\/uploads\/2021\/03\/Muevete-Espiritu-Santo-23-de-Marzo-de-2021-.mp3\">Mu\u00e9vete Esp\u00edritu Santo &#8211; 23 de Marzo de 2021<\/a><\/p>\n<h1>Programas 2020<\/h1>\n<div><\/div>\n<audio class=\"wp-audio-shortcode\" id=\"audio-2373-121\" preload=\"none\" style=\"width: 100%;\" controls=\"controls\"><source type=\"audio\/mpeg\" src=\"http:\/\/reinadelcielo.cl\/radio\/wp-content\/uploads\/2020\/03\/Mu\u00e9vete-Esp\u00edritu-Santo-\u2013-Martes-9-marzo-2020.mp3?_=121\" \/><a href=\"http:\/\/reinadelcielo.cl\/radio\/wp-content\/uploads\/2020\/03\/Mu\u00e9vete-Esp\u00edritu-Santo-\u2013-Martes-9-marzo-2020.mp3\">http:\/\/reinadelcielo.cl\/radio\/wp-content\/uploads\/2020\/03\/Mu\u00e9vete-Esp\u00edritu-Santo-\u2013-Martes-9-marzo-2020.mp3<\/a><\/audio>\n<p><a href=\"http:\/\/reinadelcielo.cl\/radio\/wp-content\/uploads\/2020\/03\/Mu\u00e9vete-Esp\u00edritu-Santo-\u2013-Martes-9-marzo-2020.mp3\">Mu\u00e9vete Esp\u00edritu Santo \u2013 Martes 9 marzo 2020<\/a><\/p>\n<audio class=\"wp-audio-shortcode\" id=\"audio-2373-122\" preload=\"none\" style=\"width: 100%;\" controls=\"controls\"><source type=\"audio\/mpeg\" src=\"http:\/\/reinadelcielo.cl\/radio\/wp-content\/uploads\/2020\/03\/Mu\u00e9vete-Esp\u00edritu-Santo-\u2013-Martes-2-marzo-2020.mp3?_=122\" \/><a href=\"http:\/\/reinadelcielo.cl\/radio\/wp-content\/uploads\/2020\/03\/Mu\u00e9vete-Esp\u00edritu-Santo-\u2013-Martes-2-marzo-2020.mp3\">http:\/\/reinadelcielo.cl\/radio\/wp-content\/uploads\/2020\/03\/Mu\u00e9vete-Esp\u00edritu-Santo-\u2013-Martes-2-marzo-2020.mp3<\/a><\/audio>\n<p><a href=\"http:\/\/reinadelcielo.cl\/radio\/wp-content\/uploads\/2020\/03\/Mu\u00e9vete-Esp\u00edritu-Santo-\u2013-Martes-2-marzo-2020.mp3\">Mu\u00e9vete Esp\u00edritu Santo \u2013 Martes 2 marzo 2020<\/a><\/p>\n<h1>Programas 2019<\/h1>\n<audio class=\"wp-audio-shortcode\" id=\"audio-2373-123\" preload=\"none\" style=\"width: 100%;\" controls=\"controls\"><source type=\"audio\/mpeg\" src=\"http:\/\/reinadelcielo.cl\/radio\/wp-content\/uploads\/2019\/10\/Mu\u00e9vete-Esp\u00edritu-Santo-\u2013-Martes-8-octubre-2019.mp3?_=123\" \/><a href=\"http:\/\/reinadelcielo.cl\/radio\/wp-content\/uploads\/2019\/10\/Mu\u00e9vete-Esp\u00edritu-Santo-\u2013-Martes-8-octubre-2019.mp3\">http:\/\/reinadelcielo.cl\/radio\/wp-content\/uploads\/2019\/10\/Mu\u00e9vete-Esp\u00edritu-Santo-\u2013-Martes-8-octubre-2019.mp3<\/a><\/audio>\n<p><a href=\"http:\/\/reinadelcielo.cl\/radio\/wp-content\/uploads\/2019\/10\/Mu\u00e9vete-Esp\u00edritu-Santo-\u2013-Martes-8-octubre-2019.mp3\">Mu\u00e9vete Esp\u00edritu Santo \u2013 Martes 15 octubre 2019<\/a><\/p>\n<audio class=\"wp-audio-shortcode\" id=\"audio-2373-124\" preload=\"none\" style=\"width: 100%;\" controls=\"controls\"><source type=\"audio\/mpeg\" src=\"http:\/\/reinadelcielo.cl\/radio\/wp-content\/uploads\/2019\/10\/Mu\u00e9vete-Esp\u00edritu-Santo-\u2013-Martes-1-octubre-2019.mp3?_=124\" \/><a href=\"http:\/\/reinadelcielo.cl\/radio\/wp-content\/uploads\/2019\/10\/Mu\u00e9vete-Esp\u00edritu-Santo-\u2013-Martes-1-octubre-2019.mp3\">http:\/\/reinadelcielo.cl\/radio\/wp-content\/uploads\/2019\/10\/Mu\u00e9vete-Esp\u00edritu-Santo-\u2013-Martes-1-octubre-2019.mp3<\/a><\/audio>\n<p><a href=\"http:\/\/reinadelcielo.cl\/radio\/wp-content\/uploads\/2019\/10\/Mu\u00e9vete-Esp\u00edritu-Santo-\u2013-Martes-1-octubre-2019.mp3\">Mu\u00e9vete Esp\u00edritu Santo \u2013 Martes 1 octubre 2019<\/a><\/p>\n<audio class=\"wp-audio-shortcode\" id=\"audio-2373-125\" preload=\"none\" style=\"width: 100%;\" controls=\"controls\"><source type=\"audio\/mpeg\" src=\"http:\/\/reinadelcielo.cl\/radio\/wp-content\/uploads\/2019\/09\/Mu\u00e9vete-Esp\u00edritu-Santo-\u2013-Martes-24-septiembre-2019.mp3?_=125\" \/><a href=\"http:\/\/reinadelcielo.cl\/radio\/wp-content\/uploads\/2019\/09\/Mu\u00e9vete-Esp\u00edritu-Santo-\u2013-Martes-24-septiembre-2019.mp3\">http:\/\/reinadelcielo.cl\/radio\/wp-content\/uploads\/2019\/09\/Mu\u00e9vete-Esp\u00edritu-Santo-\u2013-Martes-24-septiembre-2019.mp3<\/a><\/audio>\n<p><a href=\"http:\/\/reinadelcielo.cl\/radio\/wp-content\/uploads\/2019\/09\/Mu\u00e9vete-Esp\u00edritu-Santo-\u2013-Martes-24-septiembre-2019.mp3\">Mu\u00e9vete Esp\u00edritu Santo \u2013 Martes 24 septiembre 2019<\/a><\/p>\n<audio class=\"wp-audio-shortcode\" id=\"audio-2373-126\" preload=\"none\" style=\"width: 100%;\" controls=\"controls\"><source type=\"audio\/mpeg\" src=\"http:\/\/reinadelcielo.cl\/radio\/wp-content\/uploads\/2019\/09\/Mu\u00e9vete-Esp\u00edritu-Santo-\u2013-Martes-10-septiembre-2019.mp3?_=126\" \/><a href=\"http:\/\/reinadelcielo.cl\/radio\/wp-content\/uploads\/2019\/09\/Mu\u00e9vete-Esp\u00edritu-Santo-\u2013-Martes-10-septiembre-2019.mp3\">http:\/\/reinadelcielo.cl\/radio\/wp-content\/uploads\/2019\/09\/Mu\u00e9vete-Esp\u00edritu-Santo-\u2013-Martes-10-septiembre-2019.mp3<\/a><\/audio>\n<p><a href=\"http:\/\/reinadelcielo.cl\/radio\/wp-content\/uploads\/2019\/09\/Mu\u00e9vete-Esp\u00edritu-Santo-\u2013-Martes-10-septiembre-2019.mp3\">Mu\u00e9vete Esp\u00edritu Santo \u2013 Martes 10 septiembre 2019<\/a><\/p>\n<audio class=\"wp-audio-shortcode\" id=\"audio-2373-127\" preload=\"none\" style=\"width: 100%;\" controls=\"controls\"><source type=\"audio\/mpeg\" src=\"http:\/\/reinadelcielo.cl\/radio\/wp-content\/uploads\/2019\/09\/Mu\u00e9vete-Esp\u00edritu-Santo-\u2013-Martes-3-septiembre-2019.mp3?_=127\" \/><a href=\"http:\/\/reinadelcielo.cl\/radio\/wp-content\/uploads\/2019\/09\/Mu\u00e9vete-Esp\u00edritu-Santo-\u2013-Martes-3-septiembre-2019.mp3\">http:\/\/reinadelcielo.cl\/radio\/wp-content\/uploads\/2019\/09\/Mu\u00e9vete-Esp\u00edritu-Santo-\u2013-Martes-3-septiembre-2019.mp3<\/a><\/audio>\n<p><a href=\"http:\/\/reinadelcielo.cl\/radio\/wp-content\/uploads\/2019\/09\/Mu\u00e9vete-Esp\u00edritu-Santo-\u2013-Martes-3-septiembre-2019.mp3\">Mu\u00e9vete Esp\u00edritu Santo \u2013 Martes 3 septiembre 2019<\/a><\/p>\n<audio class=\"wp-audio-shortcode\" id=\"audio-2373-128\" preload=\"none\" style=\"width: 100%;\" controls=\"controls\"><source type=\"audio\/mpeg\" src=\"http:\/\/reinadelcielo.cl\/radio\/wp-content\/uploads\/2019\/09\/Mu\u00e9vete-Esp\u00edritu-Santo-\u2013-Martes-27-agosto-2019.mp3?_=128\" \/><a href=\"http:\/\/reinadelcielo.cl\/radio\/wp-content\/uploads\/2019\/09\/Mu\u00e9vete-Esp\u00edritu-Santo-\u2013-Martes-27-agosto-2019.mp3\">http:\/\/reinadelcielo.cl\/radio\/wp-content\/uploads\/2019\/09\/Mu\u00e9vete-Esp\u00edritu-Santo-\u2013-Martes-27-agosto-2019.mp3<\/a><\/audio>\n<p><a href=\"http:\/\/reinadelcielo.cl\/radio\/wp-content\/uploads\/2019\/09\/Mu\u00e9vete-Esp\u00edritu-Santo-\u2013-Martes-27-agosto-2019.mp3\">Mu\u00e9vete Esp\u00edritu Santo \u2013 Martes 27 agosto 2019<\/a><\/p>\n<audio class=\"wp-audio-shortcode\" id=\"audio-2373-129\" preload=\"none\" style=\"width: 100%;\" controls=\"controls\"><source type=\"audio\/mpeg\" src=\"http:\/\/reinadelcielo.cl\/radio\/wp-content\/uploads\/2019\/08\/Mu\u00e9vete-Esp\u00edritu-Santo-\u2013-Martes-20-agosto-2019.mp3?_=129\" \/><a href=\"http:\/\/reinadelcielo.cl\/radio\/wp-content\/uploads\/2019\/08\/Mu\u00e9vete-Esp\u00edritu-Santo-\u2013-Martes-20-agosto-2019.mp3\">http:\/\/reinadelcielo.cl\/radio\/wp-content\/uploads\/2019\/08\/Mu\u00e9vete-Esp\u00edritu-Santo-\u2013-Martes-20-agosto-2019.mp3<\/a><\/audio>\n<p><a href=\"http:\/\/reinadelcielo.cl\/radio\/wp-content\/uploads\/2019\/08\/Mu\u00e9vete-Esp\u00edritu-Santo-\u2013-Martes-20-agosto-2019.mp3\">Mu\u00e9vete Esp\u00edritu Santo \u2013 Martes 20 agosto 2019<\/a><\/p>\n<audio class=\"wp-audio-shortcode\" id=\"audio-2373-130\" preload=\"none\" style=\"width: 100%;\" controls=\"controls\"><source type=\"audio\/mpeg\" src=\"http:\/\/reinadelcielo.cl\/radio\/wp-content\/uploads\/2019\/08\/Mu\u00e9vete-Esp\u00edritu-Santo-\u2013-Martes-13-agosto-2019.mp3?_=130\" \/><a href=\"http:\/\/reinadelcielo.cl\/radio\/wp-content\/uploads\/2019\/08\/Mu\u00e9vete-Esp\u00edritu-Santo-\u2013-Martes-13-agosto-2019.mp3\">http:\/\/reinadelcielo.cl\/radio\/wp-content\/uploads\/2019\/08\/Mu\u00e9vete-Esp\u00edritu-Santo-\u2013-Martes-13-agosto-2019.mp3<\/a><\/audio>\n<p><a href=\"http:\/\/reinadelcielo.cl\/radio\/wp-content\/uploads\/2019\/08\/Mu\u00e9vete-Esp\u00edritu-Santo-\u2013-Martes-13-agosto-2019.mp3\">Mu\u00e9vete Esp\u00edritu Santo \u2013 Martes 13 agosto 2019<\/a><\/p>\n<audio class=\"wp-audio-shortcode\" id=\"audio-2373-131\" preload=\"none\" style=\"width: 100%;\" controls=\"controls\"><source type=\"audio\/mpeg\" src=\"http:\/\/reinadelcielo.cl\/radio\/wp-content\/uploads\/2019\/08\/Mu\u00e9vete-Esp\u00edritu-Santo-\u2013-Martes-6-agosto-2019.mp3?_=131\" \/><a href=\"http:\/\/reinadelcielo.cl\/radio\/wp-content\/uploads\/2019\/08\/Mu\u00e9vete-Esp\u00edritu-Santo-\u2013-Martes-6-agosto-2019.mp3\">http:\/\/reinadelcielo.cl\/radio\/wp-content\/uploads\/2019\/08\/Mu\u00e9vete-Esp\u00edritu-Santo-\u2013-Martes-6-agosto-2019.mp3<\/a><\/audio>\n<p><a href=\"http:\/\/reinadelcielo.cl\/radio\/wp-content\/uploads\/2019\/08\/Mu\u00e9vete-Esp\u00edritu-Santo-\u2013-Martes-6-agosto-2019.mp3\">Mu\u00e9vete Esp\u00edritu Santo \u2013 Martes 6 agosto 2019<\/a><\/p>\n<audio class=\"wp-audio-shortcode\" id=\"audio-2373-132\" preload=\"none\" style=\"width: 100%;\" controls=\"controls\"><source type=\"audio\/mpeg\" src=\"http:\/\/reinadelcielo.cl\/radio\/wp-content\/uploads\/2019\/08\/Mu\u00e9vete-Esp\u00edritu-Santo-\u2013-Martes-23-julio-2019.mp3?_=132\" \/><a href=\"http:\/\/reinadelcielo.cl\/radio\/wp-content\/uploads\/2019\/08\/Mu\u00e9vete-Esp\u00edritu-Santo-\u2013-Martes-23-julio-2019.mp3\">http:\/\/reinadelcielo.cl\/radio\/wp-content\/uploads\/2019\/08\/Mu\u00e9vete-Esp\u00edritu-Santo-\u2013-Martes-23-julio-2019.mp3<\/a><\/audio>\n<p><a href=\"http:\/\/reinadelcielo.cl\/radio\/wp-content\/uploads\/2019\/08\/Mu\u00e9vete-Esp\u00edritu-Santo-\u2013-Martes-23-julio-2019.mp3\">Mu\u00e9vete Esp\u00edritu Santo \u2013 Martes 30 julio 2019<\/a><\/p>\n<audio class=\"wp-audio-shortcode\" id=\"audio-2373-133\" preload=\"none\" style=\"width: 100%;\" controls=\"controls\"><source type=\"audio\/mpeg\" src=\"http:\/\/reinadelcielo.cl\/radio\/wp-content\/uploads\/2019\/07\/Mu\u00e9vete-Esp\u00edritu-Santo-\u2013-Martes-23-julio-2019.mp3?_=133\" \/><a href=\"http:\/\/reinadelcielo.cl\/radio\/wp-content\/uploads\/2019\/07\/Mu\u00e9vete-Esp\u00edritu-Santo-\u2013-Martes-23-julio-2019.mp3\">http:\/\/reinadelcielo.cl\/radio\/wp-content\/uploads\/2019\/07\/Mu\u00e9vete-Esp\u00edritu-Santo-\u2013-Martes-23-julio-2019.mp3<\/a><\/audio>\n<p><a href=\"http:\/\/reinadelcielo.cl\/radio\/wp-content\/uploads\/2019\/07\/Mu\u00e9vete-Esp\u00edritu-Santo-\u2013-Martes-23-julio-2019.mp3\">Mu\u00e9vete Esp\u00edritu Santo \u2013 Martes 23 julio 2019<\/a><\/p>\n<audio class=\"wp-audio-shortcode\" id=\"audio-2373-134\" preload=\"none\" style=\"width: 100%;\" controls=\"controls\"><source type=\"audio\/mpeg\" src=\"http:\/\/reinadelcielo.cl\/radio\/wp-content\/uploads\/2019\/07\/Mu\u00e9vete-Esp\u00edritu-Santo-\u2013-Martes-9-julio-2019.mp3?_=134\" \/><a href=\"http:\/\/reinadelcielo.cl\/radio\/wp-content\/uploads\/2019\/07\/Mu\u00e9vete-Esp\u00edritu-Santo-\u2013-Martes-9-julio-2019.mp3\">http:\/\/reinadelcielo.cl\/radio\/wp-content\/uploads\/2019\/07\/Mu\u00e9vete-Esp\u00edritu-Santo-\u2013-Martes-9-julio-2019.mp3<\/a><\/audio>\n<p><a href=\"http:\/\/reinadelcielo.cl\/radio\/wp-content\/uploads\/2019\/07\/Mu\u00e9vete-Esp\u00edritu-Santo-\u2013-Martes-9-julio-2019.mp3\">Mu\u00e9vete Esp\u00edritu Santo \u2013 Martes 9 julio 2019<\/a><\/p>\n<audio class=\"wp-audio-shortcode\" id=\"audio-2373-135\" preload=\"none\" style=\"width: 100%;\" controls=\"controls\"><source type=\"audio\/mpeg\" src=\"http:\/\/reinadelcielo.cl\/radio\/wp-content\/uploads\/2019\/07\/Mu\u00e9vete-Esp\u00edritu-Santo-\u2013-Martes-2-julio-2019.mp3?_=135\" \/><a href=\"http:\/\/reinadelcielo.cl\/radio\/wp-content\/uploads\/2019\/07\/Mu\u00e9vete-Esp\u00edritu-Santo-\u2013-Martes-2-julio-2019.mp3\">http:\/\/reinadelcielo.cl\/radio\/wp-content\/uploads\/2019\/07\/Mu\u00e9vete-Esp\u00edritu-Santo-\u2013-Martes-2-julio-2019.mp3<\/a><\/audio>\n<p><a href=\"http:\/\/reinadelcielo.cl\/radio\/wp-content\/uploads\/2019\/07\/Mu\u00e9vete-Esp\u00edritu-Santo-\u2013-Martes-2-julio-2019.mp3\">Mu\u00e9vete Esp\u00edritu Santo \u2013 Martes 2 julio 2019<\/a><\/p>\n<audio class=\"wp-audio-shortcode\" id=\"audio-2373-136\" preload=\"none\" style=\"width: 100%;\" controls=\"controls\"><source type=\"audio\/mpeg\" src=\"http:\/\/reinadelcielo.cl\/radio\/wp-content\/uploads\/2019\/06\/Mu\u00e9vete-Esp\u00edritu-Santo-\u2013-Martes-25-junio-2019.mp3?_=136\" \/><a href=\"http:\/\/reinadelcielo.cl\/radio\/wp-content\/uploads\/2019\/06\/Mu\u00e9vete-Esp\u00edritu-Santo-\u2013-Martes-25-junio-2019.mp3\">http:\/\/reinadelcielo.cl\/radio\/wp-content\/uploads\/2019\/06\/Mu\u00e9vete-Esp\u00edritu-Santo-\u2013-Martes-25-junio-2019.mp3<\/a><\/audio>\n<p><a href=\"http:\/\/reinadelcielo.cl\/radio\/wp-content\/uploads\/2019\/06\/Mu\u00e9vete-Esp\u00edritu-Santo-\u2013-Martes-25-junio-2019.mp3\">Mu\u00e9vete Esp\u00edritu Santo \u2013 Martes 25 junio 2019<\/a><\/p>\n<audio class=\"wp-audio-shortcode\" id=\"audio-2373-137\" preload=\"none\" style=\"width: 100%;\" controls=\"controls\"><source type=\"audio\/mpeg\" src=\"http:\/\/reinadelcielo.cl\/radio\/wp-content\/uploads\/2019\/06\/Mu\u00e9vete-Esp\u00edritu-Santo-\u2013-Martes-11-junio-2019.mp3?_=137\" \/><a href=\"http:\/\/reinadelcielo.cl\/radio\/wp-content\/uploads\/2019\/06\/Mu\u00e9vete-Esp\u00edritu-Santo-\u2013-Martes-11-junio-2019.mp3\">http:\/\/reinadelcielo.cl\/radio\/wp-content\/uploads\/2019\/06\/Mu\u00e9vete-Esp\u00edritu-Santo-\u2013-Martes-11-junio-2019.mp3<\/a><\/audio>\n<p><a href=\"http:\/\/reinadelcielo.cl\/radio\/wp-content\/uploads\/2019\/06\/Mu\u00e9vete-Esp\u00edritu-Santo-\u2013-Martes-11-junio-2019.mp3\">Mu\u00e9vete Esp\u00edritu Santo \u2013 Martes 11 junio 2019<\/a><\/p>\n<audio class=\"wp-audio-shortcode\" id=\"audio-2373-138\" preload=\"none\" style=\"width: 100%;\" controls=\"controls\"><source type=\"audio\/mpeg\" src=\"http:\/\/reinadelcielo.cl\/radio\/wp-content\/uploads\/2019\/06\/Mu\u00e9vete-Esp\u00edritu-Santo-\u2013-Martes-4-junio-2019.mp3?_=138\" \/><a href=\"http:\/\/reinadelcielo.cl\/radio\/wp-content\/uploads\/2019\/06\/Mu\u00e9vete-Esp\u00edritu-Santo-\u2013-Martes-4-junio-2019.mp3\">http:\/\/reinadelcielo.cl\/radio\/wp-content\/uploads\/2019\/06\/Mu\u00e9vete-Esp\u00edritu-Santo-\u2013-Martes-4-junio-2019.mp3<\/a><\/audio>\n<p><a href=\"http:\/\/reinadelcielo.cl\/radio\/wp-content\/uploads\/2019\/06\/Mu\u00e9vete-Esp\u00edritu-Santo-\u2013-Martes-4-junio-2019.mp3\">Mu\u00e9vete Esp\u00edritu Santo \u2013 Martes 4 junio 2019<\/a><\/p>\n<audio class=\"wp-audio-shortcode\" id=\"audio-2373-139\" preload=\"none\" style=\"width: 100%;\" controls=\"controls\"><source type=\"audio\/mpeg\" src=\"http:\/\/reinadelcielo.cl\/radio\/wp-content\/uploads\/2019\/06\/Mu\u00e9vete-Esp\u00edritu-Santo-\u2013-Martes-28-mayo-2019.mp3?_=139\" \/><a href=\"http:\/\/reinadelcielo.cl\/radio\/wp-content\/uploads\/2019\/06\/Mu\u00e9vete-Esp\u00edritu-Santo-\u2013-Martes-28-mayo-2019.mp3\">http:\/\/reinadelcielo.cl\/radio\/wp-content\/uploads\/2019\/06\/Mu\u00e9vete-Esp\u00edritu-Santo-\u2013-Martes-28-mayo-2019.mp3<\/a><\/audio>\n<p><a href=\"http:\/\/reinadelcielo.cl\/radio\/wp-content\/uploads\/2019\/06\/Mu\u00e9vete-Esp\u00edritu-Santo-\u2013-Martes-28-mayo-2019.mp3\">Mu\u00e9vete Esp\u00edritu Santo \u2013 Martes 28 mayo 2019<\/a><\/p>\n<audio class=\"wp-audio-shortcode\" id=\"audio-2373-140\" preload=\"none\" style=\"width: 100%;\" controls=\"controls\"><source type=\"audio\/mpeg\" src=\"http:\/\/reinadelcielo.cl\/radio\/wp-content\/uploads\/2019\/05\/Mu\u00e9vete-Esp\u00edritu-Santo-\u2013-Martes-14-mayo-2019-1.mp3?_=140\" \/><a href=\"http:\/\/reinadelcielo.cl\/radio\/wp-content\/uploads\/2019\/05\/Mu\u00e9vete-Esp\u00edritu-Santo-\u2013-Martes-14-mayo-2019-1.mp3\">http:\/\/reinadelcielo.cl\/radio\/wp-content\/uploads\/2019\/05\/Mu\u00e9vete-Esp\u00edritu-Santo-\u2013-Martes-14-mayo-2019-1.mp3<\/a><\/audio>\n<p><a href=\"http:\/\/reinadelcielo.cl\/radio\/wp-content\/uploads\/2019\/05\/Mu\u00e9vete-Esp\u00edritu-Santo-\u2013-Martes-14-mayo-2019-1.mp3\">Mu\u00e9vete Esp\u00edritu Santo \u2013 Martes 14 mayo 2019<\/a><\/p>\n<audio class=\"wp-audio-shortcode\" id=\"audio-2373-141\" preload=\"none\" style=\"width: 100%;\" controls=\"controls\"><source type=\"audio\/mpeg\" src=\"http:\/\/reinadelcielo.cl\/radio\/wp-content\/uploads\/2019\/05\/Mu\u00e9vete-Esp\u00edritu-Santo-\u2013-Martes-7-mayo-2019.mp3?_=141\" \/><a href=\"http:\/\/reinadelcielo.cl\/radio\/wp-content\/uploads\/2019\/05\/Mu\u00e9vete-Esp\u00edritu-Santo-\u2013-Martes-7-mayo-2019.mp3\">http:\/\/reinadelcielo.cl\/radio\/wp-content\/uploads\/2019\/05\/Mu\u00e9vete-Esp\u00edritu-Santo-\u2013-Martes-7-mayo-2019.mp3<\/a><\/audio>\n<p><a href=\"http:\/\/reinadelcielo.cl\/radio\/wp-content\/uploads\/2019\/05\/Mu\u00e9vete-Esp\u00edritu-Santo-\u2013-Martes-7-mayo-2019.mp3\">Mu\u00e9vete Esp\u00edritu Santo \u2013 Martes 7 mayo 2019<\/a><\/p>\n<audio class=\"wp-audio-shortcode\" id=\"audio-2373-142\" preload=\"none\" style=\"width: 100%;\" controls=\"controls\"><source type=\"audio\/mpeg\" src=\"http:\/\/reinadelcielo.cl\/radio\/wp-content\/uploads\/2019\/04\/Mu\u00e9vete-Esp\u00edritu-Santo-\u2013-Martes-23-abril-2019.mp3?_=142\" \/><a href=\"http:\/\/reinadelcielo.cl\/radio\/wp-content\/uploads\/2019\/04\/Mu\u00e9vete-Esp\u00edritu-Santo-\u2013-Martes-23-abril-2019.mp3\">http:\/\/reinadelcielo.cl\/radio\/wp-content\/uploads\/2019\/04\/Mu\u00e9vete-Esp\u00edritu-Santo-\u2013-Martes-23-abril-2019.mp3<\/a><\/audio>\n<p><a href=\"http:\/\/reinadelcielo.cl\/radio\/wp-content\/uploads\/2019\/04\/Mu\u00e9vete-Esp\u00edritu-Santo-\u2013-Martes-23-abril-2019.mp3\">Mu\u00e9vete Esp\u00edritu Santo \u2013 Martes 23 abril 2019<\/a><\/p>\n<audio class=\"wp-audio-shortcode\" id=\"audio-2373-143\" preload=\"none\" style=\"width: 100%;\" controls=\"controls\"><source type=\"audio\/mpeg\" src=\"http:\/\/reinadelcielo.cl\/radio\/wp-content\/uploads\/2019\/04\/Mu\u00e9vete-Esp\u00edritu-Santo-\u2013-Martes-16-abril-2019.mp3?_=143\" \/><a href=\"http:\/\/reinadelcielo.cl\/radio\/wp-content\/uploads\/2019\/04\/Mu\u00e9vete-Esp\u00edritu-Santo-\u2013-Martes-16-abril-2019.mp3\">http:\/\/reinadelcielo.cl\/radio\/wp-content\/uploads\/2019\/04\/Mu\u00e9vete-Esp\u00edritu-Santo-\u2013-Martes-16-abril-2019.mp3<\/a><\/audio>\n<p><a href=\"http:\/\/reinadelcielo.cl\/radio\/wp-content\/uploads\/2019\/04\/Mu\u00e9vete-Esp\u00edritu-Santo-\u2013-Martes-16-abril-2019.mp3\">Mu\u00e9vete Esp\u00edritu Santo \u2013 Martes 16 abril 2019<\/a><\/p>\n<audio class=\"wp-audio-shortcode\" id=\"audio-2373-144\" preload=\"none\" style=\"width: 100%;\" controls=\"controls\"><source type=\"audio\/mpeg\" src=\"http:\/\/reinadelcielo.cl\/radio\/wp-content\/uploads\/2019\/04\/Mu\u00e9vete-Esp\u00edritu-Santo-\u2013-Martes-02-abril-2019.mp3?_=144\" \/><a href=\"http:\/\/reinadelcielo.cl\/radio\/wp-content\/uploads\/2019\/04\/Mu\u00e9vete-Esp\u00edritu-Santo-\u2013-Martes-02-abril-2019.mp3\">http:\/\/reinadelcielo.cl\/radio\/wp-content\/uploads\/2019\/04\/Mu\u00e9vete-Esp\u00edritu-Santo-\u2013-Martes-02-abril-2019.mp3<\/a><\/audio>\n<p><a href=\"http:\/\/reinadelcielo.cl\/radio\/wp-content\/uploads\/2019\/04\/Mu\u00e9vete-Esp\u00edritu-Santo-\u2013-Martes-02-abril-2019.mp3\">Mu\u00e9vete Esp\u00edritu Santo \u2013 Martes 02 abril 2019<\/a><\/p>\n<audio class=\"wp-audio-shortcode\" id=\"audio-2373-145\" preload=\"none\" style=\"width: 100%;\" controls=\"controls\"><source type=\"audio\/mpeg\" src=\"http:\/\/reinadelcielo.cl\/radio\/wp-content\/uploads\/2019\/03\/Mu\u00e9vete-Esp\u00edritu-Santo-\u2013-Martes-26-marzo-2019.mp3?_=145\" \/><a href=\"http:\/\/reinadelcielo.cl\/radio\/wp-content\/uploads\/2019\/03\/Mu\u00e9vete-Esp\u00edritu-Santo-\u2013-Martes-26-marzo-2019.mp3\">http:\/\/reinadelcielo.cl\/radio\/wp-content\/uploads\/2019\/03\/Mu\u00e9vete-Esp\u00edritu-Santo-\u2013-Martes-26-marzo-2019.mp3<\/a><\/audio>\n<p><a href=\"http:\/\/reinadelcielo.cl\/radio\/wp-content\/uploads\/2019\/03\/Mu\u00e9vete-Esp\u00edritu-Santo-\u2013-Martes-26-marzo-2019.mp3\">Mu\u00e9vete Esp\u00edritu Santo \u2013 Martes 26 marzo 2019<\/a><\/p>\n<h1>Programas 2018<\/h1>\n<audio class=\"wp-audio-shortcode\" id=\"audio-2373-146\" preload=\"none\" style=\"width: 100%;\" controls=\"controls\"><source type=\"audio\/mpeg\" src=\"http:\/\/reinadelcielo.cl\/radio\/wp-content\/uploads\/2018\/12\/Mu\u00e9vete-Esp\u00edritu-Santo-Martes-12-diciembre-2018.mp3?_=146\" \/><a href=\"http:\/\/reinadelcielo.cl\/radio\/wp-content\/uploads\/2018\/12\/Mu\u00e9vete-Esp\u00edritu-Santo-Martes-12-diciembre-2018.mp3\">http:\/\/reinadelcielo.cl\/radio\/wp-content\/uploads\/2018\/12\/Mu\u00e9vete-Esp\u00edritu-Santo-Martes-12-diciembre-2018.mp3<\/a><\/audio>\n<p><a href=\"http:\/\/reinadelcielo.cl\/radio\/wp-content\/uploads\/2018\/12\/Mu\u00e9vete-Esp\u00edritu-Santo-Martes-12-diciembre-2018.mp3\">Mu\u00e9vete Esp\u00edritu Santo &#8211; Martes 12 diciembre 2018<\/a><\/p>\n<audio class=\"wp-audio-shortcode\" id=\"audio-2373-147\" preload=\"none\" style=\"width: 100%;\" controls=\"controls\"><source type=\"audio\/mpeg\" src=\"http:\/\/reinadelcielo.cl\/radio\/wp-content\/uploads\/2018\/11\/Mu\u00e9vete-Esp\u00edritu-Santo-Martes-20-noviembre-2018.mp3?_=147\" \/><a href=\"http:\/\/reinadelcielo.cl\/radio\/wp-content\/uploads\/2018\/11\/Mu\u00e9vete-Esp\u00edritu-Santo-Martes-20-noviembre-2018.mp3\">http:\/\/reinadelcielo.cl\/radio\/wp-content\/uploads\/2018\/11\/Mu\u00e9vete-Esp\u00edritu-Santo-Martes-20-noviembre-2018.mp3<\/a><\/audio>\n<p><a href=\"http:\/\/reinadelcielo.cl\/radio\/wp-content\/uploads\/2018\/11\/Mu\u00e9vete-Esp\u00edritu-Santo-Martes-20-noviembre-2018.mp3\">Mu\u00e9vete Esp\u00edritu Santo &#8211; Martes 20 noviembre 2018<\/a><\/p>\n<audio class=\"wp-audio-shortcode\" id=\"audio-2373-148\" preload=\"none\" style=\"width: 100%;\" controls=\"controls\"><source type=\"audio\/mpeg\" src=\"http:\/\/reinadelcielo.cl\/radio\/wp-content\/uploads\/2018\/11\/Mu\u00e9vete-Esp\u00edritu-Santo-Martes-13-noviembre-2018.mp3?_=148\" \/><a href=\"http:\/\/reinadelcielo.cl\/radio\/wp-content\/uploads\/2018\/11\/Mu\u00e9vete-Esp\u00edritu-Santo-Martes-13-noviembre-2018.mp3\">http:\/\/reinadelcielo.cl\/radio\/wp-content\/uploads\/2018\/11\/Mu\u00e9vete-Esp\u00edritu-Santo-Martes-13-noviembre-2018.mp3<\/a><\/audio>\n<p><a href=\"http:\/\/reinadelcielo.cl\/radio\/wp-content\/uploads\/2018\/11\/Mu\u00e9vete-Esp\u00edritu-Santo-Martes-13-noviembre-2018.mp3\">Mu\u00e9vete Esp\u00edritu Santo &#8211; Martes 13 noviembre 2018<\/a><\/p>\n<audio class=\"wp-audio-shortcode\" id=\"audio-2373-149\" preload=\"none\" style=\"width: 100%;\" controls=\"controls\"><source type=\"audio\/mpeg\" src=\"http:\/\/reinadelcielo.cl\/radio\/wp-content\/uploads\/2018\/11\/Mu\u00e9vete-Esp\u00edritu-Santo-Martes-6-noviembre-2018.mp3?_=149\" \/><a href=\"http:\/\/reinadelcielo.cl\/radio\/wp-content\/uploads\/2018\/11\/Mu\u00e9vete-Esp\u00edritu-Santo-Martes-6-noviembre-2018.mp3\">http:\/\/reinadelcielo.cl\/radio\/wp-content\/uploads\/2018\/11\/Mu\u00e9vete-Esp\u00edritu-Santo-Martes-6-noviembre-2018.mp3<\/a><\/audio>\n<p><a href=\"http:\/\/reinadelcielo.cl\/radio\/wp-content\/uploads\/2018\/11\/Mu\u00e9vete-Esp\u00edritu-Santo-Martes-6-noviembre-2018.mp3\">Mu\u00e9vete Esp\u00edritu Santo &#8211; Martes 6 noviembre 2018<\/a><\/p>\n<audio class=\"wp-audio-shortcode\" id=\"audio-2373-150\" preload=\"none\" style=\"width: 100%;\" controls=\"controls\"><source type=\"audio\/mpeg\" src=\"http:\/\/reinadelcielo.cl\/radio\/wp-content\/uploads\/2018\/10\/Mu\u00e9vete-Esp\u00edritu-Santo-Martes-23-octubre-2018.mp3?_=150\" \/><a href=\"http:\/\/reinadelcielo.cl\/radio\/wp-content\/uploads\/2018\/10\/Mu\u00e9vete-Esp\u00edritu-Santo-Martes-23-octubre-2018.mp3\">http:\/\/reinadelcielo.cl\/radio\/wp-content\/uploads\/2018\/10\/Mu\u00e9vete-Esp\u00edritu-Santo-Martes-23-octubre-2018.mp3<\/a><\/audio>\n<p><a href=\"http:\/\/reinadelcielo.cl\/radio\/wp-content\/uploads\/2018\/10\/Mu\u00e9vete-Esp\u00edritu-Santo-Martes-23-octubre-2018.mp3\">Mu\u00e9vete Esp\u00edritu Santo &#8211; Martes 23 octubre 2018<\/a><\/p>\n<audio class=\"wp-audio-shortcode\" id=\"audio-2373-151\" preload=\"none\" style=\"width: 100%;\" controls=\"controls\"><source type=\"audio\/mpeg\" src=\"http:\/\/reinadelcielo.cl\/radio\/wp-content\/uploads\/2018\/10\/Muevete-Espiritu-Santo-Martes-25-de-septiembre-de-2018.mp3?_=151\" \/><a href=\"http:\/\/reinadelcielo.cl\/radio\/wp-content\/uploads\/2018\/10\/Muevete-Espiritu-Santo-Martes-25-de-septiembre-de-2018.mp3\">http:\/\/reinadelcielo.cl\/radio\/wp-content\/uploads\/2018\/10\/Muevete-Espiritu-Santo-Martes-25-de-septiembre-de-2018.mp3<\/a><\/audio>\n<p><a href=\"http:\/\/reinadelcielo.cl\/radio\/wp-content\/uploads\/2018\/10\/Muevete-Espiritu-Santo-Martes-25-de-septiembre-de-2018.mp3\">Mu\u00e9vete Esp\u00edritu Santo &#8211; Martes 25 de septiembre de 2018<\/a><\/p>\n<audio class=\"wp-audio-shortcode\" id=\"audio-2373-152\" preload=\"none\" style=\"width: 100%;\" controls=\"controls\"><source type=\"audio\/mpeg\" src=\"http:\/\/reinadelcielo.cl\/radio\/wp-content\/uploads\/2018\/09\/Muevete-Espiritu-Santo-Martes-11-de-septiembre-de-2018.mp3?_=152\" \/><a href=\"http:\/\/reinadelcielo.cl\/radio\/wp-content\/uploads\/2018\/09\/Muevete-Espiritu-Santo-Martes-11-de-septiembre-de-2018.mp3\">http:\/\/reinadelcielo.cl\/radio\/wp-content\/uploads\/2018\/09\/Muevete-Espiritu-Santo-Martes-11-de-septiembre-de-2018.mp3<\/a><\/audio>\n<p><a href=\"http:\/\/reinadelcielo.cl\/radio\/wp-content\/uploads\/2018\/09\/Muevete-Espiritu-Santo-Martes-11-de-septiembre-de-2018.mp3\">Mu\u00e9vete Esp\u00edritu Santo &#8211; Martes 11 de septiembre de 2018<\/a><\/p>\n<audio class=\"wp-audio-shortcode\" id=\"audio-2373-153\" preload=\"none\" style=\"width: 100%;\" controls=\"controls\"><source type=\"audio\/mpeg\" src=\"http:\/\/reinadelcielo.cl\/radio\/wp-content\/uploads\/2018\/09\/Muevete-Espiritu-Santo-Martes-4-de-septiembre-de-2018-1.mp3?_=153\" \/><a href=\"http:\/\/reinadelcielo.cl\/radio\/wp-content\/uploads\/2018\/09\/Muevete-Espiritu-Santo-Martes-4-de-septiembre-de-2018-1.mp3\">http:\/\/reinadelcielo.cl\/radio\/wp-content\/uploads\/2018\/09\/Muevete-Espiritu-Santo-Martes-4-de-septiembre-de-2018-1.mp3<\/a><\/audio>\n<p><a href=\"http:\/\/reinadelcielo.cl\/radio\/wp-content\/uploads\/2018\/09\/Muevete-Espiritu-Santo-Martes-4-de-septiembre-de-2018-1.mp3\">Mu\u00e9vete Esp\u00edritu Santo &#8211; Martes 4 de septiembre de 2018<\/a><\/p>\n<audio class=\"wp-audio-shortcode\" id=\"audio-2373-154\" preload=\"none\" style=\"width: 100%;\" controls=\"controls\"><source type=\"audio\/mpeg\" src=\"http:\/\/reinadelcielo.cl\/radio\/wp-content\/uploads\/2018\/08\/Muevete-Espiritu-Santo-Martes-21-agosto-de-2018.mp3?_=154\" \/><a href=\"http:\/\/reinadelcielo.cl\/radio\/wp-content\/uploads\/2018\/08\/Muevete-Espiritu-Santo-Martes-21-agosto-de-2018.mp3\">http:\/\/reinadelcielo.cl\/radio\/wp-content\/uploads\/2018\/08\/Muevete-Espiritu-Santo-Martes-21-agosto-de-2018.mp3<\/a><\/audio>\n<p><a href=\"http:\/\/reinadelcielo.cl\/radio\/wp-content\/uploads\/2018\/08\/Muevete-Espiritu-Santo-Martes-21-agosto-de-2018.mp3\">Mu\u00e9vete Esp\u00edritu Santo &#8211; Martes 21 agosto de 2018<\/a><\/p>\n<audio class=\"wp-audio-shortcode\" id=\"audio-2373-155\" preload=\"none\" style=\"width: 100%;\" controls=\"controls\"><source type=\"audio\/mpeg\" src=\"http:\/\/reinadelcielo.cl\/radio\/wp-content\/uploads\/2018\/08\/Muevete-Espiritu-Santo-Martes-14-agosto-de-2018.mp3?_=155\" \/><a href=\"http:\/\/reinadelcielo.cl\/radio\/wp-content\/uploads\/2018\/08\/Muevete-Espiritu-Santo-Martes-14-agosto-de-2018.mp3\">http:\/\/reinadelcielo.cl\/radio\/wp-content\/uploads\/2018\/08\/Muevete-Espiritu-Santo-Martes-14-agosto-de-2018.mp3<\/a><\/audio>\n<p><a href=\"http:\/\/reinadelcielo.cl\/radio\/wp-content\/uploads\/2018\/08\/Muevete-Espiritu-Santo-Martes-14-agosto-de-2018.mp3\">Mu\u00e9vete Esp\u00edritu Santo &#8211; Martes 14 agosto de 2018<\/a><\/p>\n<audio class=\"wp-audio-shortcode\" id=\"audio-2373-156\" preload=\"none\" style=\"width: 100%;\" controls=\"controls\"><source type=\"audio\/mpeg\" src=\"http:\/\/reinadelcielo.cl\/radio\/wp-content\/uploads\/2018\/08\/Muevete-Espiritu-Santo-Martes-7-agosto-de-2018.mp3?_=156\" \/><a href=\"http:\/\/reinadelcielo.cl\/radio\/wp-content\/uploads\/2018\/08\/Muevete-Espiritu-Santo-Martes-7-agosto-de-2018.mp3\">http:\/\/reinadelcielo.cl\/radio\/wp-content\/uploads\/2018\/08\/Muevete-Espiritu-Santo-Martes-7-agosto-de-2018.mp3<\/a><\/audio>\n<p><a href=\"http:\/\/reinadelcielo.cl\/radio\/wp-content\/uploads\/2018\/08\/Muevete-Espiritu-Santo-Martes-7-agosto-de-2018.mp3\">Mu\u00e9vete Esp\u00edritu Santo &#8211; Martes 7 agosto de 2018<\/a><\/p>\n<audio class=\"wp-audio-shortcode\" id=\"audio-2373-157\" preload=\"none\" style=\"width: 100%;\" controls=\"controls\"><source type=\"audio\/mpeg\" src=\"http:\/\/reinadelcielo.cl\/radio\/wp-content\/uploads\/2018\/08\/Muevete-Espiritu-Santo-Martes-31-de-julio-de-2018.mp3?_=157\" \/><a href=\"http:\/\/reinadelcielo.cl\/radio\/wp-content\/uploads\/2018\/08\/Muevete-Espiritu-Santo-Martes-31-de-julio-de-2018.mp3\">http:\/\/reinadelcielo.cl\/radio\/wp-content\/uploads\/2018\/08\/Muevete-Espiritu-Santo-Martes-31-de-julio-de-2018.mp3<\/a><\/audio>\n<p><a href=\"http:\/\/reinadelcielo.cl\/radio\/wp-content\/uploads\/2018\/08\/Muevete-Espiritu-Santo-Martes-31-de-julio-de-2018.mp3\">Mu\u00e9vete Esp\u00edritu Santo &#8211; Martes 31 de julio de 2018<\/a><\/p>\n<audio class=\"wp-audio-shortcode\" id=\"audio-2373-158\" preload=\"none\" style=\"width: 100%;\" controls=\"controls\"><source type=\"audio\/mpeg\" src=\"http:\/\/reinadelcielo.cl\/radio\/wp-content\/uploads\/2018\/07\/Muevete-Espiritu-Santo-Martes-24-de-julio-de-2018.mp3?_=158\" \/><a href=\"http:\/\/reinadelcielo.cl\/radio\/wp-content\/uploads\/2018\/07\/Muevete-Espiritu-Santo-Martes-24-de-julio-de-2018.mp3\">http:\/\/reinadelcielo.cl\/radio\/wp-content\/uploads\/2018\/07\/Muevete-Espiritu-Santo-Martes-24-de-julio-de-2018.mp3<\/a><\/audio>\n<p><a href=\"http:\/\/reinadelcielo.cl\/radio\/wp-content\/uploads\/2018\/07\/Muevete-Espiritu-Santo-Martes-24-de-julio-de-2018.mp3\">Mu\u00e9vete Esp\u00edritu Santo &#8211; Martes 24 de julio de 2018<\/a><\/p>\n<audio class=\"wp-audio-shortcode\" id=\"audio-2373-159\" preload=\"none\" style=\"width: 100%;\" controls=\"controls\"><source type=\"audio\/mpeg\" src=\"http:\/\/reinadelcielo.cl\/radio\/wp-content\/uploads\/2018\/07\/Muevete-Espiritu-Santo-Martes-17-de-julio-de-2018.mp3?_=159\" \/><a href=\"http:\/\/reinadelcielo.cl\/radio\/wp-content\/uploads\/2018\/07\/Muevete-Espiritu-Santo-Martes-17-de-julio-de-2018.mp3\">http:\/\/reinadelcielo.cl\/radio\/wp-content\/uploads\/2018\/07\/Muevete-Espiritu-Santo-Martes-17-de-julio-de-2018.mp3<\/a><\/audio>\n<p><a href=\"http:\/\/reinadelcielo.cl\/radio\/wp-content\/uploads\/2018\/07\/Muevete-Espiritu-Santo-Martes-17-de-julio-de-2018.mp3\">Mu\u00e9vete Esp\u00edritu Santo &#8211; Martes 17 de julio de 2018<\/a><\/p>\n<audio class=\"wp-audio-shortcode\" id=\"audio-2373-160\" preload=\"none\" style=\"width: 100%;\" controls=\"controls\"><source type=\"audio\/mpeg\" src=\"http:\/\/reinadelcielo.cl\/radio\/wp-content\/uploads\/2018\/07\/Muevete-Espiritu-Santo-Martes-10-de-julio-de-2018.mp3?_=160\" \/><a href=\"http:\/\/reinadelcielo.cl\/radio\/wp-content\/uploads\/2018\/07\/Muevete-Espiritu-Santo-Martes-10-de-julio-de-2018.mp3\">http:\/\/reinadelcielo.cl\/radio\/wp-content\/uploads\/2018\/07\/Muevete-Espiritu-Santo-Martes-10-de-julio-de-2018.mp3<\/a><\/audio>\n<p><a href=\"http:\/\/reinadelcielo.cl\/radio\/wp-content\/uploads\/2018\/07\/Muevete-Espiritu-Santo-Martes-10-de-julio-de-2018.mp3\">Mu\u00e9vete Esp\u00edritu Santo &#8211; Martes 10 de julio de 2018<\/a><\/p>\n<audio class=\"wp-audio-shortcode\" id=\"audio-2373-161\" preload=\"none\" style=\"width: 100%;\" controls=\"controls\"><source type=\"audio\/mpeg\" src=\"http:\/\/reinadelcielo.cl\/radio\/wp-content\/uploads\/2018\/07\/Muevete-Espiritu-Santo-Martes-3-de-julio-de-2018.mp3?_=161\" \/><a href=\"http:\/\/reinadelcielo.cl\/radio\/wp-content\/uploads\/2018\/07\/Muevete-Espiritu-Santo-Martes-3-de-julio-de-2018.mp3\">http:\/\/reinadelcielo.cl\/radio\/wp-content\/uploads\/2018\/07\/Muevete-Espiritu-Santo-Martes-3-de-julio-de-2018.mp3<\/a><\/audio>\n<p><a href=\"http:\/\/reinadelcielo.cl\/radio\/wp-content\/uploads\/2018\/07\/Muevete-Espiritu-Santo-Martes-3-de-julio-de-2018.mp3\">Mu\u00e9vete Esp\u00edritu Santo &#8211; Martes 3 de julio de 2018<\/a><\/p>\n<audio class=\"wp-audio-shortcode\" id=\"audio-2373-162\" preload=\"none\" style=\"width: 100%;\" controls=\"controls\"><source type=\"audio\/mpeg\" src=\"http:\/\/reinadelcielo.cl\/radio\/wp-content\/uploads\/2018\/06\/Muevete-Espiritu-Santo-Martes-26-de-junio-de-2018.mp3?_=162\" \/><a href=\"http:\/\/reinadelcielo.cl\/radio\/wp-content\/uploads\/2018\/06\/Muevete-Espiritu-Santo-Martes-26-de-junio-de-2018.mp3\">http:\/\/reinadelcielo.cl\/radio\/wp-content\/uploads\/2018\/06\/Muevete-Espiritu-Santo-Martes-26-de-junio-de-2018.mp3<\/a><\/audio>\n<p><a href=\"http:\/\/reinadelcielo.cl\/radio\/wp-content\/uploads\/2018\/06\/Muevete-Espiritu-Santo-Martes-26-de-junio-de-2018.mp3\">Mu\u00e9vete Esp\u00edritu Santo &#8211; Martes 26 de junio de 2018<\/a><\/p>\n<audio class=\"wp-audio-shortcode\" id=\"audio-2373-163\" preload=\"none\" style=\"width: 100%;\" controls=\"controls\"><source type=\"audio\/mpeg\" src=\"http:\/\/reinadelcielo.cl\/radio\/wp-content\/uploads\/2018\/06\/Muevete-Espiritu-Santo-Martes-19-de-junio-de-2018.mp3?_=163\" \/><a href=\"http:\/\/reinadelcielo.cl\/radio\/wp-content\/uploads\/2018\/06\/Muevete-Espiritu-Santo-Martes-19-de-junio-de-2018.mp3\">http:\/\/reinadelcielo.cl\/radio\/wp-content\/uploads\/2018\/06\/Muevete-Espiritu-Santo-Martes-19-de-junio-de-2018.mp3<\/a><\/audio>\n<p><a href=\"http:\/\/reinadelcielo.cl\/radio\/wp-content\/uploads\/2018\/06\/Muevete-Espiritu-Santo-Martes-19-de-junio-de-2018.mp3\">Mu\u00e9vete Esp\u00edritu Santo &#8211; Martes 19 de junio de 2018<\/a><\/p>\n<audio class=\"wp-audio-shortcode\" id=\"audio-2373-164\" preload=\"none\" style=\"width: 100%;\" controls=\"controls\"><source type=\"audio\/mpeg\" src=\"http:\/\/reinadelcielo.cl\/radio\/wp-content\/uploads\/2018\/06\/Muevete-Espiritu-Santo-Martes-12-de-junio-de-2018.mp3?_=164\" \/><a href=\"http:\/\/reinadelcielo.cl\/radio\/wp-content\/uploads\/2018\/06\/Muevete-Espiritu-Santo-Martes-12-de-junio-de-2018.mp3\">http:\/\/reinadelcielo.cl\/radio\/wp-content\/uploads\/2018\/06\/Muevete-Espiritu-Santo-Martes-12-de-junio-de-2018.mp3<\/a><\/audio>\n<p><a href=\"http:\/\/reinadelcielo.cl\/radio\/wp-content\/uploads\/2018\/06\/Muevete-Espiritu-Santo-Martes-12-de-junio-de-2018.mp3\">Mu\u00e9vete Esp\u00edritu Santo &#8211; Martes 12 de junio de 2018<\/a><\/p>\n<audio class=\"wp-audio-shortcode\" id=\"audio-2373-165\" preload=\"none\" style=\"width: 100%;\" controls=\"controls\"><source type=\"audio\/mpeg\" src=\"http:\/\/reinadelcielo.cl\/radio\/wp-content\/uploads\/2018\/06\/Muevete-Espiritu-Santo-Martes-05-de-junio-de-2018.mp3?_=165\" \/><a href=\"http:\/\/reinadelcielo.cl\/radio\/wp-content\/uploads\/2018\/06\/Muevete-Espiritu-Santo-Martes-05-de-junio-de-2018.mp3\">http:\/\/reinadelcielo.cl\/radio\/wp-content\/uploads\/2018\/06\/Muevete-Espiritu-Santo-Martes-05-de-junio-de-2018.mp3<\/a><\/audio>\n<p><a href=\"http:\/\/reinadelcielo.cl\/radio\/wp-content\/uploads\/2018\/06\/Muevete-Espiritu-Santo-Martes-05-de-junio-de-2018.mp3\">Mu\u00e9vete Esp\u00edritu Santo &#8211; Martes 05 de junio de 2018<\/a><\/p>\n<audio class=\"wp-audio-shortcode\" id=\"audio-2373-166\" preload=\"none\" style=\"width: 100%;\" controls=\"controls\"><source type=\"audio\/mpeg\" src=\"http:\/\/reinadelcielo.cl\/radio\/wp-content\/uploads\/2018\/05\/Muevete-Espiritu-Santo-Martes-29-de-Mayo-de-2018.mp3?_=166\" \/><a href=\"http:\/\/reinadelcielo.cl\/radio\/wp-content\/uploads\/2018\/05\/Muevete-Espiritu-Santo-Martes-29-de-Mayo-de-2018.mp3\">http:\/\/reinadelcielo.cl\/radio\/wp-content\/uploads\/2018\/05\/Muevete-Espiritu-Santo-Martes-29-de-Mayo-de-2018.mp3<\/a><\/audio>\n<p><a href=\"http:\/\/reinadelcielo.cl\/radio\/wp-content\/uploads\/2018\/05\/Muevete-Espiritu-Santo-Martes-29-de-Mayo-de-2018.mp3\">Mu\u00e9vete Esp\u00edritu Santo &#8211; Martes 29 de Mayo de 2018<\/a><\/p>\n<audio class=\"wp-audio-shortcode\" id=\"audio-2373-167\" preload=\"none\" style=\"width: 100%;\" controls=\"controls\"><source type=\"audio\/mpeg\" src=\"http:\/\/reinadelcielo.cl\/radio\/wp-content\/uploads\/2018\/05\/Muevete-Espiritu-Santo-Martes-22-de-Mayo-de-2018.mp3?_=167\" \/><a href=\"http:\/\/reinadelcielo.cl\/radio\/wp-content\/uploads\/2018\/05\/Muevete-Espiritu-Santo-Martes-22-de-Mayo-de-2018.mp3\">http:\/\/reinadelcielo.cl\/radio\/wp-content\/uploads\/2018\/05\/Muevete-Espiritu-Santo-Martes-22-de-Mayo-de-2018.mp3<\/a><\/audio>\n<p><a href=\"http:\/\/reinadelcielo.cl\/radio\/wp-content\/uploads\/2018\/05\/Muevete-Espiritu-Santo-Martes-22-de-Mayo-de-2018.mp3\">Mu\u00e9vete Esp\u00edritu Santo &#8211; Martes 22 de Mayo de 2018<\/a><\/p>\n<audio class=\"wp-audio-shortcode\" id=\"audio-2373-168\" preload=\"none\" style=\"width: 100%;\" controls=\"controls\"><source type=\"audio\/mpeg\" src=\"http:\/\/reinadelcielo.cl\/radio\/wp-content\/uploads\/2018\/05\/Muevete-Espiritu-Santa-Martes-15-de-Mayo-de-2018.mp3?_=168\" \/><a href=\"http:\/\/reinadelcielo.cl\/radio\/wp-content\/uploads\/2018\/05\/Muevete-Espiritu-Santa-Martes-15-de-Mayo-de-2018.mp3\">http:\/\/reinadelcielo.cl\/radio\/wp-content\/uploads\/2018\/05\/Muevete-Espiritu-Santa-Martes-15-de-Mayo-de-2018.mp3<\/a><\/audio>\n<p><a href=\"http:\/\/reinadelcielo.cl\/radio\/wp-content\/uploads\/2018\/05\/Muevete-Espiritu-Santa-Martes-15-de-Mayo-de-2018.mp3\">Mu\u00e9vete Esp\u00edritu Santo &#8211; Martes 15 de Mayo de 2018<\/a><\/p>\n<audio class=\"wp-audio-shortcode\" id=\"audio-2373-169\" preload=\"none\" style=\"width: 100%;\" controls=\"controls\"><source type=\"audio\/mpeg\" src=\"http:\/\/reinadelcielo.cl\/radio\/wp-content\/uploads\/2018\/05\/Muevete-Espiritu-Santa-Martes-8-de-Mayo-de-2018.mp3?_=169\" \/><a href=\"http:\/\/reinadelcielo.cl\/radio\/wp-content\/uploads\/2018\/05\/Muevete-Espiritu-Santa-Martes-8-de-Mayo-de-2018.mp3\">http:\/\/reinadelcielo.cl\/radio\/wp-content\/uploads\/2018\/05\/Muevete-Espiritu-Santa-Martes-8-de-Mayo-de-2018.mp3<\/a><\/audio>\n<p><a href=\"http:\/\/reinadelcielo.cl\/radio\/wp-content\/uploads\/2018\/05\/Muevete-Espiritu-Santa-Martes-8-de-Mayo-de-2018.mp3\">Mu\u00e9vete Esp\u00edritu Santo &#8211; Martes 8 de Mayo de 2018<\/a><\/p>\n","protected":false},"excerpt":{"rendered":"<p>\u00abMu\u00e9vete Esp\u00edritu Santo\u00bb Programa de la Renovaci\u00f3n Carism\u00e1tica Cat\u00f3lica de la Di\u00f3cesis de Santa Mar\u00eda de Los \u00c1ngeles que se transmite todos los mi\u00e9rcoles a las 19:30 horas. Programas 2026 Mu\u00e9vete Esp\u00edritu Santo &#8211; Mi\u00e9rcoles 29 de Abril de 2026 Mu\u00e9vete Esp\u00edritu Santo &#8211; Mi\u00e9rcoles 22 de Abril de 2026 Mu\u00e9vete Esp\u00edritu Santo &#8211; Mi\u00e9rcoles &hellip;<\/p>\n","protected":false},"author":2,"featured_media":0,"parent":0,"menu_order":0,"comment_status":"closed","ping_status":"closed","template":"","meta":{"footnotes":""},"class_list":["post-2373","page","type-page","status-publish",""],"_links":{"self":[{"href":"https:\/\/reinadelcielo.cl\/radio\/wp-json\/wp\/v2\/pages\/2373","targetHints":{"allow":["GET"]}}],"collection":[{"href":"https:\/\/reinadelcielo.cl\/radio\/wp-json\/wp\/v2\/pages"}],"about":[{"href":"https:\/\/reinadelcielo.cl\/radio\/wp-json\/wp\/v2\/types\/page"}],"author":[{"embeddable":true,"href":"https:\/\/reinadelcielo.cl\/radio\/wp-json\/wp\/v2\/users\/2"}],"replies":[{"embeddable":true,"href":"https:\/\/reinadelcielo.cl\/radio\/wp-json\/wp\/v2\/comments?post=2373"}],"version-history":[{"count":174,"href":"https:\/\/reinadelcielo.cl\/radio\/wp-json\/wp\/v2\/pages\/2373\/revisions"}],"predecessor-version":[{"id":12472,"href":"https:\/\/reinadelcielo.cl\/radio\/wp-json\/wp\/v2\/pages\/2373\/revisions\/12472"}],"wp:attachment":[{"href":"https:\/\/reinadelcielo.cl\/radio\/wp-json\/wp\/v2\/media?parent=2373"}],"curies":[{"name":"wp","href":"https:\/\/api.w.org\/{rel}","templated":true}]}}