{"id":1514,"date":"2017-10-23T15:23:28","date_gmt":"2017-10-23T15:23:28","guid":{"rendered":"http:\/\/reinadelcielo.cl\/radio\/?page_id=1514"},"modified":"2020-05-29T21:47:57","modified_gmt":"2020-05-30T00:47:57","slug":"historia","status":"publish","type":"page","link":"https:\/\/reinadelcielo.cl\/radio\/historia\/","title":{"rendered":"Historia"},"content":{"rendered":"<p>La radio comenz\u00f3 su emisi\u00f3n radial un 16 de julio de 2006 al amparo del Obispado de Santa Mar\u00eda de Los \u00c1ngeles. El director responsable era en ese entonces el sacerdote Ram\u00f3n Henr\u00edquez Ulloa y sus estudios est\u00e1n ubicados en Lautaro 512, en el segundo nivel, a un costado de la catedral.<\/p>\n<p>Los tropiezos tambi\u00e9n han sido parte nuestra radio, al poco tiempo de haber echado a andar este proyecto de \u201cUna Se\u00f1al de Esperanza\u201d, fuimos v\u00edctima de un robo que nos dejo literalmente en el suelo, los ladrones sustrajeron desde la cabina de transmisi\u00f3n, el transmisor y otros elementos que nos impidi\u00f3 estar al aire por un buen tiempo.<\/p>\n<p>Poco despu\u00e9s del terremoto una camioneta mal estacionada rueda por los faldeos de una peque\u00f1a cima hasta el lugar donde se encuentra nuestra torre de transmisi\u00f3n y el violento impacto corta los vientos que sustentaban la torre y nuestras antenas cayeron dejando si se\u00f1al por un par de d\u00edas, luego se levantaron las antenas y trabajando a menos de la mitad de la capacidad por reparaci\u00f3n de las antenas, pudimos seguir entregando nuestro mensaje. Despu\u00e9s de cuatro meses nuestra emisora ha vuelto a trabajar en un 100%.<\/p>\n<p>Pese a los tropiezos antes descritos, la radio ha ido en constante crecimiento espiritual y profesional. Por los micr\u00f3fonos del 95.3 de la frecuencia modulada est\u00e1n y han pasado importantes voces como: Bernardo Canales, Ivor Manr\u00edquez, Enrique Oses, Juan Godoy, Silvia Quezada, Ra\u00fal Parra, Ramiro \u00c1lvarez Juli\u00e1n Garc\u00eda Reyes, Patricia Quinteros, Macarena Acu\u00f1a, Cheno Jorquera y Patricio Orellana y como radiocontrol tambien estuvo Eduardo Ortega.<\/p>\n<p>En programacion, edicion y grabaciones\u00a0 est\u00e1 el profesional Fernando Chand\u00eda Troncoso.<\/p>\n<p>En estos 14 a\u00f1os Regina Coeli se ha constituido en la red espiritual m\u00e1s importante del sur de Chile.<\/p>\n","protected":false},"excerpt":{"rendered":"<p>La radio comenz\u00f3 su emisi\u00f3n radial un 16 de julio de 2006 al amparo del Obispado de Santa Mar\u00eda de Los \u00c1ngeles. El director responsable era en ese entonces el sacerdote Ram\u00f3n Henr\u00edquez Ulloa y sus estudios est\u00e1n ubicados en Lautaro 512, en el segundo nivel, a un costado de la catedral. Los tropiezos tambi\u00e9n &hellip;<\/p>\n","protected":false},"author":1,"featured_media":0,"parent":0,"menu_order":0,"comment_status":"closed","ping_status":"closed","template":"","meta":{"footnotes":""},"class_list":["post-1514","page","type-page","status-publish",""],"_links":{"self":[{"href":"https:\/\/reinadelcielo.cl\/radio\/wp-json\/wp\/v2\/pages\/1514","targetHints":{"allow":["GET"]}}],"collection":[{"href":"https:\/\/reinadelcielo.cl\/radio\/wp-json\/wp\/v2\/pages"}],"about":[{"href":"https:\/\/reinadelcielo.cl\/radio\/wp-json\/wp\/v2\/types\/page"}],"author":[{"embeddable":true,"href":"https:\/\/reinadelcielo.cl\/radio\/wp-json\/wp\/v2\/users\/1"}],"replies":[{"embeddable":true,"href":"https:\/\/reinadelcielo.cl\/radio\/wp-json\/wp\/v2\/comments?post=1514"}],"version-history":[{"count":3,"href":"https:\/\/reinadelcielo.cl\/radio\/wp-json\/wp\/v2\/pages\/1514\/revisions"}],"predecessor-version":[{"id":5931,"href":"https:\/\/reinadelcielo.cl\/radio\/wp-json\/wp\/v2\/pages\/1514\/revisions\/5931"}],"wp:attachment":[{"href":"https:\/\/reinadelcielo.cl\/radio\/wp-json\/wp\/v2\/media?parent=1514"}],"curies":[{"name":"wp","href":"https:\/\/api.w.org\/{rel}","templated":true}]}}